{"id":219,"date":"2020-12-23T12:43:39","date_gmt":"2020-12-23T12:43:39","guid":{"rendered":"http:\/\/landesreporte.wene.cl\/?page_id=219"},"modified":"2021-04-26T02:13:45","modified_gmt":"2021-04-26T02:13:45","slug":"compromiso-con-la-sostenibilidad","status":"publish","type":"page","link":"https:\/\/landes.cl\/reportesostenibilidad2019-2020\/compromiso-con-la-sostenibilidad\/","title":{"rendered":"Compromiso con la Sostenibilidad"},"content":{"rendered":"\t\t<div data-elementor-type=\"wp-page\" data-elementor-id=\"219\" class=\"elementor elementor-219\" data-elementor-settings=\"[]\">\n\t\t\t\t\t\t<div class=\"elementor-inner\">\n\t\t\t\t\t\t\t<div class=\"elementor-section-wrap\">\n\t\t\t\t\t\t\t<header class=\"elementor-section elementor-top-section elementor-element elementor-element-31b0bcce elementor-section-content-middle elementor-section-boxed elementor-section-height-default elementor-section-height-default\" data-id=\"31b0bcce\" data-element_type=\"section\" data-settings=\"{&quot;background_background&quot;:&quot;classic&quot;}\">\n\t\t\t\t\t\t<div class=\"elementor-container elementor-column-gap-no\">\n\t\t\t\t\t\t\t<div class=\"elementor-row\">\n\t\t\t\t\t<div class=\"elementor-column elementor-col-100 elementor-top-column elementor-element elementor-element-7438df09\" data-id=\"7438df09\" data-element_type=\"column\">\n\t\t\t<div class=\"elementor-column-wrap elementor-element-populated\">\n\t\t\t\t\t\t\t<div class=\"elementor-widget-wrap\">\n\t\t\t\t\t\t<div class=\"elementor-element elementor-element-62619b7c elementor-nav-menu__align-center elementor-nav-menu--stretch elementor-nav-menu--indicator-classic elementor-nav-menu--dropdown-tablet elementor-nav-menu__text-align-aside elementor-nav-menu--toggle elementor-nav-menu--burger elementor-widget elementor-widget-nav-menu\" data-id=\"62619b7c\" data-element_type=\"widget\" data-settings=\"{&quot;full_width&quot;:&quot;stretch&quot;,&quot;layout&quot;:&quot;horizontal&quot;,&quot;toggle&quot;:&quot;burger&quot;}\" data-widget_type=\"nav-menu.default\">\n\t\t\t\t<div class=\"elementor-widget-container\">\n\t\t\t\t\t\t<nav role=\"navigation\" class=\"elementor-nav-menu--main elementor-nav-menu__container elementor-nav-menu--layout-horizontal e--pointer-overline e--animation-fade\"><ul id=\"menu-1-62619b7c\" class=\"elementor-nav-menu\"><li class=\"menu-item menu-item-type-post_type menu-item-object-page menu-item-home menu-item-80\"><a href=\"https:\/\/landes.cl\/reportesostenibilidad2019-2020\/\" class=\"elementor-item\">HOME<\/a><\/li>\n<li class=\"menu-item menu-item-type-post_type menu-item-object-page menu-item-81\"><a href=\"https:\/\/landes.cl\/reportesostenibilidad2019-2020\/somos-landes\/\" class=\"elementor-item\">SOMOS <BR> LANDES<\/a><\/li>\n<li class=\"menu-item menu-item-type-post_type menu-item-object-page menu-item-1512\"><a href=\"https:\/\/landes.cl\/reportesostenibilidad2019-2020\/nuestros-productos-2\/\" class=\"elementor-item\">NUESTROS <\/BR> PRODUCTOS<\/a><\/li>\n<li class=\"menu-item menu-item-type-post_type menu-item-object-page menu-item-230\"><a href=\"https:\/\/landes.cl\/reportesostenibilidad2019-2020\/compromiso-con-la-sostenibilidad\/\" class=\"elementor-item\">COMPROMISO CON <BR> LA SOSTENIBILIDAD<\/a><\/li>\n<li class=\"menu-item menu-item-type-post_type menu-item-object-page menu-item-808\"><a href=\"https:\/\/landes.cl\/reportesostenibilidad2019-2020\/gobierno-corporativo\/\" class=\"elementor-item\">GOBIERNO <BR> CORPORATIVO<\/a><\/li>\n<li class=\"menu-item menu-item-type-post_type menu-item-object-page menu-item-1513\"><a href=\"https:\/\/landes.cl\/reportesostenibilidad2019-2020\/desempeno-economico\/\" class=\"elementor-item\">DESEMPE\u00d1O <\/BR> ECON\u00d3MICO<\/a><\/li>\n<li class=\"menu-item menu-item-type-post_type menu-item-object-page menu-item-807\"><a href=\"https:\/\/landes.cl\/reportesostenibilidad2019-2020\/colaboradores\/\" class=\"elementor-item\">COLABORADORES <BR> Y PROVEEDORES<\/a><\/li>\n<li class=\"menu-item menu-item-type-post_type menu-item-object-page menu-item-287\"><a href=\"https:\/\/landes.cl\/reportesostenibilidad2019-2020\/medio-ambiente\/\" class=\"elementor-item\">MEDIO <BR> AMBIENTE<\/a><\/li>\n<li class=\"menu-item menu-item-type-post_type menu-item-object-page menu-item-991\"><a href=\"https:\/\/landes.cl\/reportesostenibilidad2019-2020\/comunidad\/\" class=\"elementor-item\">COMUNIDAD<\/a><\/li>\n<li class=\"menu-item menu-item-type-post_type menu-item-object-page menu-item-1515\"><a href=\"https:\/\/landes.cl\/reportesostenibilidad2019-2020\/sobre-este-reporte\/\" class=\"elementor-item\">SOBRE <\/BR> ESTE REPORTE<\/a><\/li>\n<li class=\"menu-item menu-item-type-post_type menu-item-object-page menu-item-811\"><a href=\"https:\/\/landes.cl\/reportesostenibilidad2019-2020\/indice-gri\/\" class=\"elementor-item\">INDICADORES <BR> GRI\/ODS<\/a><\/li>\n<li class=\"menu-item menu-item-type-post_type menu-item-object-page menu-item-1663\"><a href=\"https:\/\/landes.cl\/reportesostenibilidad2019-2020\/executive-summary\/\" class=\"elementor-item\">ENGLISH <\/BR> VERSION<\/a><\/li>\n<\/ul><\/nav>\n\t\t\t\t\t<div class=\"elementor-menu-toggle\" role=\"button\" tabindex=\"0\" aria-label=\"Menu Toggle\" aria-expanded=\"false\">\n\t\t\t<i class=\"eicon-menu-bar\" aria-hidden=\"true\"><\/i>\n\t\t\t<span class=\"elementor-screen-only\">Men\u00fa<\/span>\n\t\t<\/div>\n\t\t\t<nav class=\"elementor-nav-menu--dropdown elementor-nav-menu__container\" role=\"navigation\" aria-hidden=\"true\"><ul id=\"menu-2-62619b7c\" class=\"elementor-nav-menu\"><li class=\"menu-item menu-item-type-post_type menu-item-object-page menu-item-home menu-item-80\"><a href=\"https:\/\/landes.cl\/reportesostenibilidad2019-2020\/\" class=\"elementor-item\">HOME<\/a><\/li>\n<li class=\"menu-item menu-item-type-post_type menu-item-object-page menu-item-81\"><a href=\"https:\/\/landes.cl\/reportesostenibilidad2019-2020\/somos-landes\/\" class=\"elementor-item\">SOMOS <BR> LANDES<\/a><\/li>\n<li class=\"menu-item menu-item-type-post_type menu-item-object-page menu-item-1512\"><a href=\"https:\/\/landes.cl\/reportesostenibilidad2019-2020\/nuestros-productos-2\/\" class=\"elementor-item\">NUESTROS <\/BR> PRODUCTOS<\/a><\/li>\n<li class=\"menu-item menu-item-type-post_type menu-item-object-page menu-item-230\"><a href=\"https:\/\/landes.cl\/reportesostenibilidad2019-2020\/compromiso-con-la-sostenibilidad\/\" class=\"elementor-item\">COMPROMISO CON <BR> LA SOSTENIBILIDAD<\/a><\/li>\n<li class=\"menu-item menu-item-type-post_type menu-item-object-page menu-item-808\"><a href=\"https:\/\/landes.cl\/reportesostenibilidad2019-2020\/gobierno-corporativo\/\" class=\"elementor-item\">GOBIERNO <BR> CORPORATIVO<\/a><\/li>\n<li class=\"menu-item menu-item-type-post_type menu-item-object-page menu-item-1513\"><a href=\"https:\/\/landes.cl\/reportesostenibilidad2019-2020\/desempeno-economico\/\" class=\"elementor-item\">DESEMPE\u00d1O <\/BR> ECON\u00d3MICO<\/a><\/li>\n<li class=\"menu-item menu-item-type-post_type menu-item-object-page menu-item-807\"><a href=\"https:\/\/landes.cl\/reportesostenibilidad2019-2020\/colaboradores\/\" class=\"elementor-item\">COLABORADORES <BR> Y PROVEEDORES<\/a><\/li>\n<li class=\"menu-item menu-item-type-post_type menu-item-object-page menu-item-287\"><a href=\"https:\/\/landes.cl\/reportesostenibilidad2019-2020\/medio-ambiente\/\" class=\"elementor-item\">MEDIO <BR> AMBIENTE<\/a><\/li>\n<li class=\"menu-item menu-item-type-post_type menu-item-object-page menu-item-991\"><a href=\"https:\/\/landes.cl\/reportesostenibilidad2019-2020\/comunidad\/\" class=\"elementor-item\">COMUNIDAD<\/a><\/li>\n<li class=\"menu-item menu-item-type-post_type menu-item-object-page menu-item-1515\"><a href=\"https:\/\/landes.cl\/reportesostenibilidad2019-2020\/sobre-este-reporte\/\" class=\"elementor-item\">SOBRE <\/BR> ESTE REPORTE<\/a><\/li>\n<li class=\"menu-item menu-item-type-post_type menu-item-object-page menu-item-811\"><a href=\"https:\/\/landes.cl\/reportesostenibilidad2019-2020\/indice-gri\/\" class=\"elementor-item\">INDICADORES <BR> GRI\/ODS<\/a><\/li>\n<li class=\"menu-item menu-item-type-post_type menu-item-object-page menu-item-1663\"><a href=\"https:\/\/landes.cl\/reportesostenibilidad2019-2020\/executive-summary\/\" class=\"elementor-item\">ENGLISH <\/BR> VERSION<\/a><\/li>\n<\/ul><\/nav>\n\t\t\t\t<\/div>\n\t\t\t\t<\/div>\n\t\t\t\t\t\t<\/div>\n\t\t\t\t\t<\/div>\n\t\t<\/div>\n\t\t\t\t\t\t\t\t<\/div>\n\t\t\t\t\t<\/div>\n\t\t<\/header>\n\t\t\t\t<section class=\"elementor-section elementor-top-section elementor-element elementor-element-de6f660 elementor-section-items-top elementor-section-height-min-height elementor-section-boxed elementor-section-height-default\" data-id=\"de6f660\" data-element_type=\"section\" data-settings=\"{&quot;background_background&quot;:&quot;video&quot;,&quot;background_video_link&quot;:&quot;https:\\\/\\\/landes.cl\\\/reportesostenibilidad2019-2020\\\/wp-content\\\/uploads\\\/2021\\\/01\\\/pexels-ambientnature-atmosphere-5621729.mp4&quot;}\">\n\t\t\t\t\t\t\t\t<div class=\"elementor-background-video-container elementor-hidden-phone\">\n\t\t\t\t\t\t\t\t\t\t\t\t\t<video class=\"elementor-background-video-hosted elementor-html5-video\" autoplay muted playsinline loop><\/video>\n\t\t\t\t\t\t\t\t\t\t\t<\/div>\n\t\t\t\t\t\t\t\t\t<div class=\"elementor-background-overlay\"><\/div>\n\t\t\t\t\t\t\t<div class=\"elementor-container elementor-column-gap-default\">\n\t\t\t\t\t\t\t<div class=\"elementor-row\">\n\t\t\t\t\t<div class=\"elementor-column elementor-col-100 elementor-top-column elementor-element elementor-element-502e865f\" data-id=\"502e865f\" data-element_type=\"column\">\n\t\t\t<div class=\"elementor-column-wrap elementor-element-populated\">\n\t\t\t\t\t\t\t<div class=\"elementor-widget-wrap\">\n\t\t\t\t\t\t<div class=\"elementor-element elementor-element-4a81adc5 elementor-widget elementor-widget-heading\" data-id=\"4a81adc5\" data-element_type=\"widget\" data-widget_type=\"heading.default\">\n\t\t\t\t<div class=\"elementor-widget-container\">\n\t\t\t<h1 class=\"elementor-heading-title elementor-size-large\">Compromiso con la sostenibilidad<\/h1>\t\t<\/div>\n\t\t\t\t<\/div>\n\t\t\t\t<div class=\"elementor-element elementor-element-77dc5dc2 elementor-widget-divider--view-line elementor-widget elementor-widget-divider\" data-id=\"77dc5dc2\" data-element_type=\"widget\" data-widget_type=\"divider.default\">\n\t\t\t\t<div class=\"elementor-widget-container\">\n\t\t\t\t\t<div class=\"elementor-divider\">\n\t\t\t<span class=\"elementor-divider-separator\">\n\t\t\t\t\t\t<\/span>\n\t\t<\/div>\n\t\t\t\t<\/div>\n\t\t\t\t<\/div>\n\t\t\t\t<div class=\"elementor-element elementor-element-51d6b494 elementor-widget elementor-widget-heading\" data-id=\"51d6b494\" data-element_type=\"widget\" data-widget_type=\"heading.default\">\n\t\t\t\t<div class=\"elementor-widget-container\">\n\t\t\t<h2 class=\"elementor-heading-title elementor-size-large\">\nComo una forma de consolidar el trabajo en sostenibilidad de la empresa durante 2019 se trabaj\u00f3 en la definici\u00f3n de una Pol\u00edtica de Sostenibilidad. El objetivo principal fue plasmar en ella la convicci\u00f3n que mueve a Landes a mejorar el impacto que su actividad tiene en los \u00e1mbitos econ\u00f3mico, social y medioambiental.\n<\/h2>\t\t<\/div>\n\t\t\t\t<\/div>\n\t\t\t\t\t\t<\/div>\n\t\t\t\t\t<\/div>\n\t\t<\/div>\n\t\t\t\t\t\t\t\t<\/div>\n\t\t\t\t\t<\/div>\n\t\t<\/section>\n\t\t\t\t<section class=\"elementor-section elementor-top-section elementor-element elementor-element-2786cd63 elementor-section-content-middle elementor-section-full_width elementor-section-height-default elementor-section-height-default\" data-id=\"2786cd63\" data-element_type=\"section\" data-settings=\"{&quot;background_background&quot;:&quot;classic&quot;}\">\n\t\t\t\t\t\t<div class=\"elementor-container elementor-column-gap-no\">\n\t\t\t\t\t\t\t<div class=\"elementor-row\">\n\t\t\t\t\t<div class=\"elementor-column elementor-col-100 elementor-top-column elementor-element elementor-element-6de5dd88\" data-id=\"6de5dd88\" data-element_type=\"column\" data-settings=\"{&quot;background_background&quot;:&quot;classic&quot;}\">\n\t\t\t<div class=\"elementor-column-wrap elementor-element-populated\">\n\t\t\t\t\t\t\t<div class=\"elementor-widget-wrap\">\n\t\t\t\t\t\t<section class=\"elementor-section elementor-inner-section elementor-element elementor-element-276ec9e0 elementor-section-boxed elementor-section-height-default elementor-section-height-default\" data-id=\"276ec9e0\" data-element_type=\"section\">\n\t\t\t\t\t\t<div class=\"elementor-container elementor-column-gap-default\">\n\t\t\t\t\t\t\t<div class=\"elementor-row\">\n\t\t\t\t\t<div class=\"elementor-column elementor-col-100 elementor-inner-column elementor-element elementor-element-6e393c5a\" data-id=\"6e393c5a\" data-element_type=\"column\" data-settings=\"{&quot;background_background&quot;:&quot;classic&quot;}\">\n\t\t\t<div class=\"elementor-column-wrap elementor-element-populated\">\n\t\t\t\t\t\t\t<div class=\"elementor-widget-wrap\">\n\t\t\t\t\t\t<div class=\"elementor-element elementor-element-479f524d elementor-widget elementor-widget-heading\" data-id=\"479f524d\" data-element_type=\"widget\" data-widget_type=\"heading.default\">\n\t\t\t\t<div class=\"elementor-widget-container\">\n\t\t\t<h4 class=\"elementor-heading-title elementor-size-large\">Pol\u00edtica de Sostenibilidad <\/h4>\t\t<\/div>\n\t\t\t\t<\/div>\n\t\t\t\t<div class=\"elementor-element elementor-element-66085e89 elementor-widget elementor-widget-text-editor\" data-id=\"66085e89\" data-element_type=\"widget\" data-widget_type=\"text-editor.default\">\n\t\t\t\t<div class=\"elementor-widget-container\">\n\t\t\t\t\t\t\t\t<div class=\"elementor-text-editor elementor-clearfix\">\n\t\t\t\t\t<p class=\"p1\"><span class=\"s1\">En Landes somos gente de mar. Lo conocemos, respetamos y cuidamos. Llevamos m\u00e1s de 60 a\u00f1os alimentando al mundo con prote\u00ednas de calidad.<\/span><\/p>\n<p class=\"p1\"><span class=\"s1\">Para nuestra compa\u00f1\u00eda es clave garantizar la sostenibilidad econ\u00f3mica, social y ambiental y por ello trabajamos d\u00eda a d\u00eda en preservar y proteger los ecosistemas marinos, reducir los consumos de energ\u00eda y reciclar. Todo ello cumpliendo con las normativas vigentes y con las certificaciones requeridos por los mercados m\u00e1s exigentes del mundo.<\/span><\/p>\n<h5>Pilares estrat\u00e9gicos de la sostenibilidad <\/h5>\n<p class=\"p1\"><span class=\"s1\">En el compromiso con el desarrollo sostenible, buscamos trazar una estrategia en el largo plazo, que genere valor en los tres pilares de la sostenibilidad.<\/span><\/p>\n\n<ul>\n \t<li class=\"li1\"><span class=\"s1\">Beneficios ambientales<\/span><\/li>\n \t<li class=\"li1\"><span class=\"s1\">Beneficios econ\u00f3micos<\/span><\/li>\n \t<li class=\"li1\"><span class=\"s1\">Beneficios sociales<\/span><\/li>\n<\/ul>\n<p class=\"p1\"><span class=\"s1\">La importancia de esos tres pilares para Landes se demuestra a trav\u00e9s del cuidado en la actividad dentro los procesos de la cadena productiva, los que se realizan con los m\u00e1s altos est\u00e1ndares de calidad, garantizando la seguridad alimentaria de nuestros consumidores y a su vez la protecci\u00f3n de los recursos del mar. Adem\u00e1s, se emplean rigurosos controles en toda la cadena productiva, desde la obtenci\u00f3n de materia prima hasta el despacho de sus productos, tanto para mercado nacional como internacional.<\/span><\/p>\n(103-1) (103-2) (103-3)\t\t\t\t\t<\/div>\n\t\t\t\t\t\t<\/div>\n\t\t\t\t<\/div>\n\t\t\t\t\t\t<\/div>\n\t\t\t\t\t<\/div>\n\t\t<\/div>\n\t\t\t\t\t\t\t\t<\/div>\n\t\t\t\t\t<\/div>\n\t\t<\/section>\n\t\t\t\t<section class=\"elementor-section elementor-inner-section elementor-element elementor-element-2f38098 elementor-section-boxed elementor-section-height-default elementor-section-height-default\" data-id=\"2f38098\" data-element_type=\"section\">\n\t\t\t\t\t\t<div class=\"elementor-container elementor-column-gap-default\">\n\t\t\t\t\t\t\t<div class=\"elementor-row\">\n\t\t\t\t\t<div class=\"elementor-column elementor-col-50 elementor-inner-column elementor-element elementor-element-614739f\" data-id=\"614739f\" data-element_type=\"column\" data-settings=\"{&quot;background_background&quot;:&quot;classic&quot;}\">\n\t\t\t<div class=\"elementor-column-wrap elementor-element-populated\">\n\t\t\t\t\t\t\t<div class=\"elementor-widget-wrap\">\n\t\t\t\t\t\t<div class=\"elementor-element elementor-element-37f954f elementor-widget elementor-widget-heading\" data-id=\"37f954f\" data-element_type=\"widget\" data-widget_type=\"heading.default\">\n\t\t\t\t<div class=\"elementor-widget-container\">\n\t\t\t<h4 class=\"elementor-heading-title elementor-size-large\">Indicadores de Impacto<\/h4>\t\t<\/div>\n\t\t\t\t<\/div>\n\t\t\t\t<div class=\"elementor-element elementor-element-0ab492b elementor-widget elementor-widget-text-editor\" data-id=\"0ab492b\" data-element_type=\"widget\" data-widget_type=\"text-editor.default\">\n\t\t\t\t<div class=\"elementor-widget-container\">\n\t\t\t\t\t\t\t\t<div class=\"elementor-text-editor elementor-clearfix\">\n\t\t\t\t\t<p class=\"p1\"><span class=\"s1\">Para avanzar en la consecuci\u00f3n de la sostenibilidad, Landes ha definido sus indicadores de impacto social y medioambiental.<\/span><\/p><h5>Indicadores sociales<\/h5><ul><li class=\"li1\"><span class=\"s1\">Generaci\u00f3n de empleo local<\/span><\/li><li class=\"li1\"><span class=\"s1\">Alianzas estrat\u00e9gicas<\/span><\/li><li class=\"li1\"><span class=\"s1\">Participaci\u00f3n activa comunidad local<\/span><\/li><li class=\"li1\"><span class=\"s1\">Tasa de accidentes<\/span><\/li><\/ul><h5>\u00a0<\/h5>\t\t\t\t\t<\/div>\n\t\t\t\t\t\t<\/div>\n\t\t\t\t<\/div>\n\t\t\t\t\t\t<\/div>\n\t\t\t\t\t<\/div>\n\t\t<\/div>\n\t\t\t\t<div class=\"elementor-column elementor-col-50 elementor-inner-column elementor-element elementor-element-d345bf6\" data-id=\"d345bf6\" data-element_type=\"column\" data-settings=\"{&quot;background_background&quot;:&quot;classic&quot;}\">\n\t\t\t<div class=\"elementor-column-wrap elementor-element-populated\">\n\t\t\t\t\t\t\t<div class=\"elementor-widget-wrap\">\n\t\t\t\t\t\t<div class=\"elementor-element elementor-element-3272b68 elementor-widget elementor-widget-spacer\" data-id=\"3272b68\" data-element_type=\"widget\" data-widget_type=\"spacer.default\">\n\t\t\t\t<div class=\"elementor-widget-container\">\n\t\t\t\t\t<div class=\"elementor-spacer\">\n\t\t\t<div class=\"elementor-spacer-inner\"><\/div>\n\t\t<\/div>\n\t\t\t\t<\/div>\n\t\t\t\t<\/div>\n\t\t\t\t<div class=\"elementor-element elementor-element-8ebc194 elementor-widget elementor-widget-text-editor\" data-id=\"8ebc194\" data-element_type=\"widget\" data-widget_type=\"text-editor.default\">\n\t\t\t\t<div class=\"elementor-widget-container\">\n\t\t\t\t\t\t\t\t<div class=\"elementor-text-editor elementor-clearfix\">\n\t\t\t\t\t<p class=\"p1\"><span style=\"color: #1f67a8; font-weight: bold;\">Indicadores ambientales<\/span><\/p><ul><li class=\"li1\"><span class=\"s1\">Conservaci\u00f3n de la tierra\/vida silvestre<\/span><\/li><li class=\"li1\"><span class=\"s1\">Compromiso con impactos negativos<\/span><\/li><li class=\"li1\"><span class=\"s1\">Consumo energ\u00e9tico eficiente<\/span><\/li><li class=\"li1\"><span class=\"s1\">Gesti\u00f3n responsable de residuos<\/span><\/li><\/ul>\t\t\t\t\t<\/div>\n\t\t\t\t\t\t<\/div>\n\t\t\t\t<\/div>\n\t\t\t\t\t\t<\/div>\n\t\t\t\t\t<\/div>\n\t\t<\/div>\n\t\t\t\t\t\t\t\t<\/div>\n\t\t\t\t\t<\/div>\n\t\t<\/section>\n\t\t\t\t<section class=\"elementor-section elementor-inner-section elementor-element elementor-element-930d1cc elementor-section-boxed elementor-section-height-default elementor-section-height-default\" data-id=\"930d1cc\" data-element_type=\"section\">\n\t\t\t\t\t\t<div class=\"elementor-container elementor-column-gap-default\">\n\t\t\t\t\t\t\t<div class=\"elementor-row\">\n\t\t\t\t\t<div class=\"elementor-column elementor-col-100 elementor-inner-column elementor-element elementor-element-f603f28\" data-id=\"f603f28\" data-element_type=\"column\" data-settings=\"{&quot;background_background&quot;:&quot;classic&quot;}\">\n\t\t\t<div class=\"elementor-column-wrap elementor-element-populated\">\n\t\t\t\t\t\t\t<div class=\"elementor-widget-wrap\">\n\t\t\t\t\t\t<div class=\"elementor-element elementor-element-e18b4f0 elementor-widget elementor-widget-heading\" data-id=\"e18b4f0\" data-element_type=\"widget\" data-widget_type=\"heading.default\">\n\t\t\t\t<div class=\"elementor-widget-container\">\n\t\t\t<h4 class=\"elementor-heading-title elementor-size-large\">Landes, comprometida con los ODS <\/h4>\t\t<\/div>\n\t\t\t\t<\/div>\n\t\t\t\t<div class=\"elementor-element elementor-element-9cbf731 elementor-widget elementor-widget-text-editor\" data-id=\"9cbf731\" data-element_type=\"widget\" data-widget_type=\"text-editor.default\">\n\t\t\t\t<div class=\"elementor-widget-container\">\n\t\t\t\t\t\t\t\t<div class=\"elementor-text-editor elementor-clearfix\">\n\t\t\t\t\t<p class=\"p1\"><span class=\"s1\">Los Objetivos de Desarrollo Sostenible (ODS), son fruto de un acuerdo mundial de los Estados Miembros de las Naciones Unidas, entre ellos Chile, con el objetivo de adoptar medidas para terminar con la pobreza, proteger el planeta y garantizar que todas las personas gocen de paz y prosperidad. Los pa\u00edses que adhieren a los ODS acordaron las pol\u00edticas y financiamiento para permitir su consecuci\u00f3n en los pr\u00f3ximos 15 a\u00f1os.\u00a0 <\/span><\/p><p class=\"p1\"><span class=\"s1\">Desde su primer Reporte de Sostenibilidad Landes ha adherido voluntariamente a los Objetivos de Desarrollo Sostenible, con la convicci\u00f3n de ser una empresa que aporta al pa\u00eds y a su desarrollo. Si bien las acciones y actividades que Landes realiza aportan a la mayor\u00eda de los 17 ODS la empresa ha comprometido principalmente su esfuerzo en la consecuci\u00f3n de los ODS 5 Igualdad de G\u00e9nero, ODS8 Trabajo decente y crecimiento econ\u00f3mico, ODS11 Ciudades y comunidades sostenibles, ODS 12 Producci\u00f3n y consumo responsables y ODS 14 Vida Submarina.<\/span><\/p><p>(102-12)<\/p>\t\t\t\t\t<\/div>\n\t\t\t\t\t\t<\/div>\n\t\t\t\t<\/div>\n\t\t\t\t\t\t<\/div>\n\t\t\t\t\t<\/div>\n\t\t<\/div>\n\t\t\t\t\t\t\t\t<\/div>\n\t\t\t\t\t<\/div>\n\t\t<\/section>\n\t\t\t\t<section class=\"elementor-section elementor-inner-section elementor-element elementor-element-c765007 elementor-section-boxed elementor-section-height-default elementor-section-height-default\" data-id=\"c765007\" data-element_type=\"section\">\n\t\t\t\t\t\t<div class=\"elementor-container elementor-column-gap-default\">\n\t\t\t\t\t\t\t<div class=\"elementor-row\">\n\t\t\t\t\t<div class=\"elementor-column elementor-col-100 elementor-inner-column elementor-element elementor-element-990b4db\" data-id=\"990b4db\" data-element_type=\"column\" data-settings=\"{&quot;background_background&quot;:&quot;classic&quot;}\">\n\t\t\t<div class=\"elementor-column-wrap elementor-element-populated\">\n\t\t\t\t\t\t\t<div class=\"elementor-widget-wrap\">\n\t\t\t\t\t\t<div class=\"elementor-element elementor-element-a47b09f elementor-widget elementor-widget-heading\" data-id=\"a47b09f\" data-element_type=\"widget\" data-widget_type=\"heading.default\">\n\t\t\t\t<div class=\"elementor-widget-container\">\n\t\t\t<h4 class=\"elementor-heading-title elementor-size-large\">Landes adscribe a los siguientes ODS y sus metas<\/h4>\t\t<\/div>\n\t\t\t\t<\/div>\n\t\t\t\t\t\t<\/div>\n\t\t\t\t\t<\/div>\n\t\t<\/div>\n\t\t\t\t\t\t\t\t<\/div>\n\t\t\t\t\t<\/div>\n\t\t<\/section>\n\t\t\t\t\t\t<\/div>\n\t\t\t\t\t<\/div>\n\t\t<\/div>\n\t\t\t\t\t\t\t\t<\/div>\n\t\t\t\t\t<\/div>\n\t\t<\/section>\n\t\t\t\t<section class=\"elementor-section elementor-top-section elementor-element elementor-element-2e0ba8d1 elementor-section-content-middle elementor-section-full_width elementor-reverse-mobile animated-slow elementor-section-height-default elementor-section-height-default elementor-invisible\" data-id=\"2e0ba8d1\" data-element_type=\"section\" data-settings=\"{&quot;background_background&quot;:&quot;none&quot;,&quot;animation&quot;:&quot;fadeIn&quot;}\">\n\t\t\t\t\t\t<div class=\"elementor-container elementor-column-gap-no\">\n\t\t\t\t\t\t\t<div class=\"elementor-row\">\n\t\t\t\t\t<div class=\"elementor-column elementor-col-50 elementor-top-column elementor-element elementor-element-65b796da\" data-id=\"65b796da\" data-element_type=\"column\" data-settings=\"{&quot;background_background&quot;:&quot;classic&quot;}\">\n\t\t\t<div class=\"elementor-column-wrap elementor-element-populated\">\n\t\t\t\t\t\t\t<div class=\"elementor-widget-wrap\">\n\t\t\t\t\t\t<section class=\"elementor-section elementor-inner-section elementor-element elementor-element-dd58cc7 elementor-section-boxed elementor-section-height-default elementor-section-height-default\" data-id=\"dd58cc7\" data-element_type=\"section\">\n\t\t\t\t\t\t<div class=\"elementor-container elementor-column-gap-default\">\n\t\t\t\t\t\t\t<div class=\"elementor-row\">\n\t\t\t\t\t<div class=\"elementor-column elementor-col-100 elementor-inner-column elementor-element elementor-element-6771fe1\" data-id=\"6771fe1\" data-element_type=\"column\">\n\t\t\t<div class=\"elementor-column-wrap elementor-element-populated\">\n\t\t\t\t\t\t\t<div class=\"elementor-widget-wrap\">\n\t\t\t\t\t\t<div class=\"elementor-element elementor-element-3b7f1df elementor-widget elementor-widget-image\" data-id=\"3b7f1df\" data-element_type=\"widget\" data-widget_type=\"image.default\">\n\t\t\t\t<div class=\"elementor-widget-container\">\n\t\t\t\t\t\t\t\t<div class=\"elementor-image\">\n\t\t\t\t\t\t\t\t\t\t\t\t<img loading=\"lazy\" decoding=\"async\" width=\"1024\" height=\"1024\" src=\"https:\/\/landes.cl\/reportesostenibilidad2019-2020\/wp-content\/uploads\/2021\/03\/S_SDG-goals_icons-individual-rgb-05-1024x1024.png\" class=\"attachment-large size-large\" alt=\"\" srcset=\"https:\/\/landes.cl\/reportesostenibilidad2019-2020\/wp-content\/uploads\/2021\/03\/S_SDG-goals_icons-individual-rgb-05-1024x1024.png 1024w, https:\/\/landes.cl\/reportesostenibilidad2019-2020\/wp-content\/uploads\/2021\/03\/S_SDG-goals_icons-individual-rgb-05-300x300.png 300w, https:\/\/landes.cl\/reportesostenibilidad2019-2020\/wp-content\/uploads\/2021\/03\/S_SDG-goals_icons-individual-rgb-05-150x150.png 150w, https:\/\/landes.cl\/reportesostenibilidad2019-2020\/wp-content\/uploads\/2021\/03\/S_SDG-goals_icons-individual-rgb-05-768x768.png 768w, https:\/\/landes.cl\/reportesostenibilidad2019-2020\/wp-content\/uploads\/2021\/03\/S_SDG-goals_icons-individual-rgb-05-500x500.png 500w, https:\/\/landes.cl\/reportesostenibilidad2019-2020\/wp-content\/uploads\/2021\/03\/S_SDG-goals_icons-individual-rgb-05.png 1500w\" sizes=\"auto, (max-width: 1024px) 100vw, 1024px\" \/>\t\t\t\t\t\t\t\t\t\t\t\t\t\t<\/div>\n\t\t\t\t\t\t<\/div>\n\t\t\t\t<\/div>\n\t\t\t\t\t\t<\/div>\n\t\t\t\t\t<\/div>\n\t\t<\/div>\n\t\t\t\t\t\t\t\t<\/div>\n\t\t\t\t\t<\/div>\n\t\t<\/section>\n\t\t\t\t<div class=\"elementor-element elementor-element-45b84caa elementor-widget elementor-widget-heading\" data-id=\"45b84caa\" data-element_type=\"widget\" data-widget_type=\"heading.default\">\n\t\t\t\t<div class=\"elementor-widget-container\">\n\t\t\t<h4 class=\"elementor-heading-title elementor-size-large\">Lograr la igualdad entre los g\u00e9neros y empoderar a todas las mujeres y las ni\u00f1as.\n\n<\/h4>\t\t<\/div>\n\t\t\t\t<\/div>\n\t\t\t\t\t\t<\/div>\n\t\t\t\t\t<\/div>\n\t\t<\/div>\n\t\t\t\t<div class=\"elementor-column elementor-col-50 elementor-top-column elementor-element elementor-element-7240a27f\" data-id=\"7240a27f\" data-element_type=\"column\" data-settings=\"{&quot;background_background&quot;:&quot;classic&quot;}\">\n\t\t\t<div class=\"elementor-column-wrap elementor-element-populated\">\n\t\t\t\t\t<div class=\"elementor-background-overlay\"><\/div>\n\t\t\t\t\t\t\t<div class=\"elementor-widget-wrap\">\n\t\t\t\t\t\t<div class=\"elementor-element elementor-element-a514377 elementor-widget elementor-widget-heading\" data-id=\"a514377\" data-element_type=\"widget\" data-widget_type=\"heading.default\">\n\t\t\t\t<div class=\"elementor-widget-container\">\n\t\t\t<h4 class=\"elementor-heading-title elementor-size-large\">Aportes Landes a metas:<\/h4>\t\t<\/div>\n\t\t\t\t<\/div>\n\t\t\t\t<section class=\"elementor-section elementor-inner-section elementor-element elementor-element-c5efe18 elementor-section-boxed elementor-section-height-default elementor-section-height-default\" data-id=\"c5efe18\" data-element_type=\"section\">\n\t\t\t\t\t\t<div class=\"elementor-container elementor-column-gap-default\">\n\t\t\t\t\t\t\t<div class=\"elementor-row\">\n\t\t\t\t\t<div class=\"elementor-column elementor-col-50 elementor-inner-column elementor-element elementor-element-24d3182\" data-id=\"24d3182\" data-element_type=\"column\">\n\t\t\t<div class=\"elementor-column-wrap elementor-element-populated\">\n\t\t\t\t\t\t\t<div class=\"elementor-widget-wrap\">\n\t\t\t\t\t\t<div class=\"elementor-element elementor-element-14033aa elementor-widget elementor-widget-heading\" data-id=\"14033aa\" data-element_type=\"widget\" data-widget_type=\"heading.default\">\n\t\t\t\t<div class=\"elementor-widget-container\">\n\t\t\t<h4 class=\"elementor-heading-title elementor-size-large\">5.5 Asegurar la participaci\u00f3n plena y efectiva de las mujeres y la igualdad de oportunidades de liderazgo a todos los niveles decisorios en la vida pol\u00edtica, econ\u00f3mica y p\u00fablica\n<\/h4>\t\t<\/div>\n\t\t\t\t<\/div>\n\t\t\t\t\t\t<\/div>\n\t\t\t\t\t<\/div>\n\t\t<\/div>\n\t\t\t\t<div class=\"elementor-column elementor-col-50 elementor-inner-column elementor-element elementor-element-9c7533e\" data-id=\"9c7533e\" data-element_type=\"column\">\n\t\t\t<div class=\"elementor-column-wrap elementor-element-populated\">\n\t\t\t\t\t\t\t<div class=\"elementor-widget-wrap\">\n\t\t\t\t\t\t<div class=\"elementor-element elementor-element-940e7c8 elementor-widget elementor-widget-heading\" data-id=\"940e7c8\" data-element_type=\"widget\" data-widget_type=\"heading.default\">\n\t\t\t\t<div class=\"elementor-widget-container\">\n\t\t\t<h4 class=\"elementor-heading-title elementor-size-large\">5.b Mejorar el uso de la tecnolog\u00eda instrumental, en particular la tecnolog\u00eda de la informaci\u00f3n y las comunicaciones, para promover el empoderamiento de las mujeres<\/br>\n5.c Aprobar y fortalecer pol\u00edticas acertadas y leyes aplicables para promover la igualdad\t\t<\/h4>\t\t<\/div>\n\t\t\t\t<\/div>\n\t\t\t\t\t\t<\/div>\n\t\t\t\t\t<\/div>\n\t\t<\/div>\n\t\t\t\t\t\t\t\t<\/div>\n\t\t\t\t\t<\/div>\n\t\t<\/section>\n\t\t\t\t\t\t<\/div>\n\t\t\t\t\t<\/div>\n\t\t<\/div>\n\t\t\t\t\t\t\t\t<\/div>\n\t\t\t\t\t<\/div>\n\t\t<\/section>\n\t\t\t\t<section class=\"elementor-section elementor-top-section elementor-element elementor-element-14ab539 elementor-section-content-middle elementor-section-full_width elementor-reverse-mobile animated-slow elementor-section-height-default elementor-section-height-default elementor-invisible\" data-id=\"14ab539\" data-element_type=\"section\" data-settings=\"{&quot;background_background&quot;:&quot;none&quot;,&quot;animation&quot;:&quot;fadeIn&quot;}\">\n\t\t\t\t\t\t<div class=\"elementor-container elementor-column-gap-no\">\n\t\t\t\t\t\t\t<div class=\"elementor-row\">\n\t\t\t\t\t<div class=\"elementor-column elementor-col-50 elementor-top-column elementor-element elementor-element-97a1824\" data-id=\"97a1824\" data-element_type=\"column\" data-settings=\"{&quot;background_background&quot;:&quot;classic&quot;}\">\n\t\t\t<div class=\"elementor-column-wrap elementor-element-populated\">\n\t\t\t\t\t\t\t<div class=\"elementor-widget-wrap\">\n\t\t\t\t\t\t<div class=\"elementor-element elementor-element-facc5af elementor-widget elementor-widget-image\" data-id=\"facc5af\" data-element_type=\"widget\" data-widget_type=\"image.default\">\n\t\t\t\t<div class=\"elementor-widget-container\">\n\t\t\t\t\t\t\t\t<div class=\"elementor-image\">\n\t\t\t\t\t\t\t\t\t\t\t\t<img loading=\"lazy\" decoding=\"async\" width=\"1024\" height=\"1024\" src=\"https:\/\/landes.cl\/reportesostenibilidad2019-2020\/wp-content\/uploads\/2020\/12\/ods_8_es-1024x1024.png\" class=\"attachment-large size-large\" alt=\"\" srcset=\"https:\/\/landes.cl\/reportesostenibilidad2019-2020\/wp-content\/uploads\/2020\/12\/ods_8_es-1024x1024.png 1024w, https:\/\/landes.cl\/reportesostenibilidad2019-2020\/wp-content\/uploads\/2020\/12\/ods_8_es-300x300.png 300w, https:\/\/landes.cl\/reportesostenibilidad2019-2020\/wp-content\/uploads\/2020\/12\/ods_8_es-150x150.png 150w, https:\/\/landes.cl\/reportesostenibilidad2019-2020\/wp-content\/uploads\/2020\/12\/ods_8_es-768x768.png 768w, https:\/\/landes.cl\/reportesostenibilidad2019-2020\/wp-content\/uploads\/2020\/12\/ods_8_es-500x500.png 500w, https:\/\/landes.cl\/reportesostenibilidad2019-2020\/wp-content\/uploads\/2020\/12\/ods_8_es.png 1500w\" sizes=\"auto, (max-width: 1024px) 100vw, 1024px\" \/>\t\t\t\t\t\t\t\t\t\t\t\t\t\t<\/div>\n\t\t\t\t\t\t<\/div>\n\t\t\t\t<\/div>\n\t\t\t\t<div class=\"elementor-element elementor-element-0d0ad6c elementor-widget elementor-widget-heading\" data-id=\"0d0ad6c\" data-element_type=\"widget\" data-widget_type=\"heading.default\">\n\t\t\t\t<div class=\"elementor-widget-container\">\n\t\t\t<h4 class=\"elementor-heading-title elementor-size-large\">Promover el crecimiento econ\u00f3mico sostenido, inclusivo y sostenible, el empleo pleno y productivo y el trabajo decente para todos.\n<\/h4>\t\t<\/div>\n\t\t\t\t<\/div>\n\t\t\t\t\t\t<\/div>\n\t\t\t\t\t<\/div>\n\t\t<\/div>\n\t\t\t\t<div class=\"elementor-column elementor-col-50 elementor-top-column elementor-element elementor-element-21282ba\" data-id=\"21282ba\" data-element_type=\"column\" data-settings=\"{&quot;background_background&quot;:&quot;classic&quot;}\">\n\t\t\t<div class=\"elementor-column-wrap elementor-element-populated\">\n\t\t\t\t\t<div class=\"elementor-background-overlay\"><\/div>\n\t\t\t\t\t\t\t<div class=\"elementor-widget-wrap\">\n\t\t\t\t\t\t<div class=\"elementor-element elementor-element-e907d78 elementor-widget elementor-widget-heading\" data-id=\"e907d78\" data-element_type=\"widget\" data-widget_type=\"heading.default\">\n\t\t\t\t<div class=\"elementor-widget-container\">\n\t\t\t<h4 class=\"elementor-heading-title elementor-size-large\">Aportes Landes a metas:<\/h4>\t\t<\/div>\n\t\t\t\t<\/div>\n\t\t\t\t<section class=\"elementor-section elementor-inner-section elementor-element elementor-element-b6a080f elementor-section-boxed elementor-section-height-default elementor-section-height-default\" data-id=\"b6a080f\" data-element_type=\"section\">\n\t\t\t\t\t\t<div class=\"elementor-container elementor-column-gap-default\">\n\t\t\t\t\t\t\t<div class=\"elementor-row\">\n\t\t\t\t\t<div class=\"elementor-column elementor-col-50 elementor-inner-column elementor-element elementor-element-38622ec\" data-id=\"38622ec\" data-element_type=\"column\">\n\t\t\t<div class=\"elementor-column-wrap elementor-element-populated\">\n\t\t\t\t\t\t\t<div class=\"elementor-widget-wrap\">\n\t\t\t\t\t\t<div class=\"elementor-element elementor-element-2b36754 elementor-widget elementor-widget-heading\" data-id=\"2b36754\" data-element_type=\"widget\" data-widget_type=\"heading.default\">\n\t\t\t\t<div class=\"elementor-widget-container\">\n\t\t\t<h4 class=\"elementor-heading-title elementor-size-large\">8.3  Promover pol\u00edticas orientadas al desarrollo que apoyen las actividades productivas, la creaci\u00f3n de puestos de trabajo decentes, el emprendimiento, la creatividad y la innovaci\u00f3n, y fomentar la formalizaci\u00f3n y el crecimiento de las microempresas y las peque\u00f1as y medianas empresas, incluso mediante el acceso a servicios financieros.<\/h4>\t\t<\/div>\n\t\t\t\t<\/div>\n\t\t\t\t\t\t<\/div>\n\t\t\t\t\t<\/div>\n\t\t<\/div>\n\t\t\t\t<div class=\"elementor-column elementor-col-50 elementor-inner-column elementor-element elementor-element-ed279ff\" data-id=\"ed279ff\" data-element_type=\"column\">\n\t\t\t<div class=\"elementor-column-wrap elementor-element-populated\">\n\t\t\t\t\t\t\t<div class=\"elementor-widget-wrap\">\n\t\t\t\t\t\t<div class=\"elementor-element elementor-element-8cd64a9 elementor-widget elementor-widget-heading\" data-id=\"8cd64a9\" data-element_type=\"widget\" data-widget_type=\"heading.default\">\n\t\t\t\t<div class=\"elementor-widget-container\">\n\t\t\t<h4 class=\"elementor-heading-title elementor-size-large\">8.4 Mejorar progresivamente, de aqu\u00ed a 2030, la producci\u00f3n y el consumo eficientes de los recursos mundiales y procurar desvincular el crecimiento econ\u00f3mico de la degradaci\u00f3n del medio ambiente, conforme al Marco Decenal de Programas sobre modalidades de Consumo y Producci\u00f3n Sostenibles, empezando por los pa\u00edses desarrollados.\n<\/h4>\t\t<\/div>\n\t\t\t\t<\/div>\n\t\t\t\t\t\t<\/div>\n\t\t\t\t\t<\/div>\n\t\t<\/div>\n\t\t\t\t\t\t\t\t<\/div>\n\t\t\t\t\t<\/div>\n\t\t<\/section>\n\t\t\t\t<section class=\"elementor-section elementor-inner-section elementor-element elementor-element-20a20e8 elementor-section-boxed elementor-section-height-default elementor-section-height-default\" data-id=\"20a20e8\" data-element_type=\"section\">\n\t\t\t\t\t\t<div class=\"elementor-container elementor-column-gap-default\">\n\t\t\t\t\t\t\t<div class=\"elementor-row\">\n\t\t\t\t\t<div class=\"elementor-column elementor-col-50 elementor-inner-column elementor-element elementor-element-e760f29\" data-id=\"e760f29\" data-element_type=\"column\">\n\t\t\t<div class=\"elementor-column-wrap elementor-element-populated\">\n\t\t\t\t\t\t\t<div class=\"elementor-widget-wrap\">\n\t\t\t\t\t\t<div class=\"elementor-element elementor-element-4a01391 elementor-widget elementor-widget-heading\" data-id=\"4a01391\" data-element_type=\"widget\" data-widget_type=\"heading.default\">\n\t\t\t\t<div class=\"elementor-widget-container\">\n\t\t\t<h4 class=\"elementor-heading-title elementor-size-large\">8.5  De aqu\u00ed a 2030, lograr el empleo pleno y productivo y el trabajo decente para todas las mujeres y los hombres, incluidos los j\u00f3venes y las personas con discapacidad, as\u00ed como la igualdad de remuneraci\u00f3n por trabajo de igual valor.\n<\/h4>\t\t<\/div>\n\t\t\t\t<\/div>\n\t\t\t\t\t\t<\/div>\n\t\t\t\t\t<\/div>\n\t\t<\/div>\n\t\t\t\t<div class=\"elementor-column elementor-col-50 elementor-inner-column elementor-element elementor-element-657c379\" data-id=\"657c379\" data-element_type=\"column\">\n\t\t\t<div class=\"elementor-column-wrap elementor-element-populated\">\n\t\t\t\t\t\t\t<div class=\"elementor-widget-wrap\">\n\t\t\t\t\t\t<div class=\"elementor-element elementor-element-799bd8a elementor-widget elementor-widget-heading\" data-id=\"799bd8a\" data-element_type=\"widget\" data-widget_type=\"heading.default\">\n\t\t\t\t<div class=\"elementor-widget-container\">\n\t\t\t<h4 class=\"elementor-heading-title elementor-size-large\">8.8  Proteger los derechos laborales y promover un entorno de trabajo seguro y sin riesgos para todos los trabajadores, incluidos los trabajadores migrantes, en particular las mujeres migrantes y las personas con empleos precarios.<\/h4>\t\t<\/div>\n\t\t\t\t<\/div>\n\t\t\t\t\t\t<\/div>\n\t\t\t\t\t<\/div>\n\t\t<\/div>\n\t\t\t\t\t\t\t\t<\/div>\n\t\t\t\t\t<\/div>\n\t\t<\/section>\n\t\t\t\t\t\t<\/div>\n\t\t\t\t\t<\/div>\n\t\t<\/div>\n\t\t\t\t\t\t\t\t<\/div>\n\t\t\t\t\t<\/div>\n\t\t<\/section>\n\t\t\t\t<section class=\"elementor-section elementor-top-section elementor-element elementor-element-e0ccf41 elementor-section-content-middle elementor-section-full_width elementor-reverse-mobile animated-slow elementor-section-height-default elementor-section-height-default elementor-invisible\" data-id=\"e0ccf41\" data-element_type=\"section\" data-settings=\"{&quot;background_background&quot;:&quot;none&quot;,&quot;animation&quot;:&quot;fadeInUp&quot;}\">\n\t\t\t\t\t\t<div class=\"elementor-container elementor-column-gap-no\">\n\t\t\t\t\t\t\t<div class=\"elementor-row\">\n\t\t\t\t\t<div class=\"elementor-column elementor-col-50 elementor-top-column elementor-element elementor-element-7ba7bc1\" data-id=\"7ba7bc1\" data-element_type=\"column\" data-settings=\"{&quot;background_background&quot;:&quot;classic&quot;}\">\n\t\t\t<div class=\"elementor-column-wrap elementor-element-populated\">\n\t\t\t\t\t\t\t<div class=\"elementor-widget-wrap\">\n\t\t\t\t\t\t<div class=\"elementor-element elementor-element-da74b88 elementor-widget elementor-widget-image\" data-id=\"da74b88\" data-element_type=\"widget\" data-widget_type=\"image.default\">\n\t\t\t\t<div class=\"elementor-widget-container\">\n\t\t\t\t\t\t\t\t<div class=\"elementor-image\">\n\t\t\t\t\t\t\t\t\t\t\t\t<img loading=\"lazy\" decoding=\"async\" width=\"1024\" height=\"1024\" src=\"https:\/\/landes.cl\/reportesostenibilidad2019-2020\/wp-content\/uploads\/2020\/12\/S_SDG-goals_icons-individual-rgb-11-1024x1024.png\" class=\"attachment-large size-large\" alt=\"\" srcset=\"https:\/\/landes.cl\/reportesostenibilidad2019-2020\/wp-content\/uploads\/2020\/12\/S_SDG-goals_icons-individual-rgb-11-1024x1024.png 1024w, https:\/\/landes.cl\/reportesostenibilidad2019-2020\/wp-content\/uploads\/2020\/12\/S_SDG-goals_icons-individual-rgb-11-300x300.png 300w, https:\/\/landes.cl\/reportesostenibilidad2019-2020\/wp-content\/uploads\/2020\/12\/S_SDG-goals_icons-individual-rgb-11-150x150.png 150w, https:\/\/landes.cl\/reportesostenibilidad2019-2020\/wp-content\/uploads\/2020\/12\/S_SDG-goals_icons-individual-rgb-11-768x768.png 768w, https:\/\/landes.cl\/reportesostenibilidad2019-2020\/wp-content\/uploads\/2020\/12\/S_SDG-goals_icons-individual-rgb-11-500x500.png 500w, https:\/\/landes.cl\/reportesostenibilidad2019-2020\/wp-content\/uploads\/2020\/12\/S_SDG-goals_icons-individual-rgb-11.png 1500w\" sizes=\"auto, (max-width: 1024px) 100vw, 1024px\" \/>\t\t\t\t\t\t\t\t\t\t\t\t\t\t<\/div>\n\t\t\t\t\t\t<\/div>\n\t\t\t\t<\/div>\n\t\t\t\t\t\t<\/div>\n\t\t\t\t\t<\/div>\n\t\t<\/div>\n\t\t\t\t<div class=\"elementor-column elementor-col-50 elementor-top-column elementor-element elementor-element-83a8dd8\" data-id=\"83a8dd8\" data-element_type=\"column\" data-settings=\"{&quot;background_background&quot;:&quot;classic&quot;}\">\n\t\t\t<div class=\"elementor-column-wrap elementor-element-populated\">\n\t\t\t\t\t<div class=\"elementor-background-overlay\"><\/div>\n\t\t\t\t\t\t\t<div class=\"elementor-widget-wrap\">\n\t\t\t\t\t\t<div class=\"elementor-element elementor-element-1e81880 elementor-widget elementor-widget-heading\" data-id=\"1e81880\" data-element_type=\"widget\" data-widget_type=\"heading.default\">\n\t\t\t\t<div class=\"elementor-widget-container\">\n\t\t\t<h4 class=\"elementor-heading-title elementor-size-large\">Aportes Landes a metas:<\/h4>\t\t<\/div>\n\t\t\t\t<\/div>\n\t\t\t\t<section class=\"elementor-section elementor-inner-section elementor-element elementor-element-fcf2b0c elementor-section-boxed elementor-section-height-default elementor-section-height-default\" data-id=\"fcf2b0c\" data-element_type=\"section\">\n\t\t\t\t\t\t<div class=\"elementor-container elementor-column-gap-default\">\n\t\t\t\t\t\t\t<div class=\"elementor-row\">\n\t\t\t\t\t<div class=\"elementor-column elementor-col-50 elementor-inner-column elementor-element elementor-element-0d9cdbd\" data-id=\"0d9cdbd\" data-element_type=\"column\">\n\t\t\t<div class=\"elementor-column-wrap elementor-element-populated\">\n\t\t\t\t\t\t\t<div class=\"elementor-widget-wrap\">\n\t\t\t\t\t\t<div class=\"elementor-element elementor-element-781d9b1 elementor-widget elementor-widget-heading\" data-id=\"781d9b1\" data-element_type=\"widget\" data-widget_type=\"heading.default\">\n\t\t\t\t<div class=\"elementor-widget-container\">\n\t\t\t<h4 class=\"elementor-heading-title elementor-size-large\">11.6 \u201cPara 2030, reducir el impacto ambiental negativo per ca\u0301pita de las ciudades, incluso prestando especial atencio\u0301n a la calidad del aire y a la gestio\u0301n de los desechos municipales y de otro tipo\u201d.<\/h4>\t\t<\/div>\n\t\t\t\t<\/div>\n\t\t\t\t\t\t<\/div>\n\t\t\t\t\t<\/div>\n\t\t<\/div>\n\t\t\t\t<div class=\"elementor-column elementor-col-50 elementor-inner-column elementor-element elementor-element-ecb2d73\" data-id=\"ecb2d73\" data-element_type=\"column\">\n\t\t\t<div class=\"elementor-column-wrap\">\n\t\t\t\t\t\t\t<div class=\"elementor-widget-wrap\">\n\t\t\t\t\t\t\t\t<\/div>\n\t\t\t\t\t<\/div>\n\t\t<\/div>\n\t\t\t\t\t\t\t\t<\/div>\n\t\t\t\t\t<\/div>\n\t\t<\/section>\n\t\t\t\t\t\t<\/div>\n\t\t\t\t\t<\/div>\n\t\t<\/div>\n\t\t\t\t\t\t\t\t<\/div>\n\t\t\t\t\t<\/div>\n\t\t<\/section>\n\t\t\t\t<section class=\"elementor-section elementor-top-section elementor-element elementor-element-cdcffeb elementor-section-content-middle elementor-section-full_width elementor-reverse-mobile animated-slow elementor-section-height-default elementor-section-height-default elementor-invisible\" data-id=\"cdcffeb\" data-element_type=\"section\" data-settings=\"{&quot;background_background&quot;:&quot;none&quot;,&quot;animation&quot;:&quot;fadeInUp&quot;}\">\n\t\t\t\t\t\t<div class=\"elementor-container elementor-column-gap-no\">\n\t\t\t\t\t\t\t<div class=\"elementor-row\">\n\t\t\t\t\t<div class=\"elementor-column elementor-col-50 elementor-top-column elementor-element elementor-element-f5f364f\" data-id=\"f5f364f\" data-element_type=\"column\" data-settings=\"{&quot;background_background&quot;:&quot;classic&quot;}\">\n\t\t\t<div class=\"elementor-column-wrap elementor-element-populated\">\n\t\t\t\t\t\t\t<div class=\"elementor-widget-wrap\">\n\t\t\t\t\t\t<div class=\"elementor-element elementor-element-852a7b7 elementor-widget elementor-widget-image\" data-id=\"852a7b7\" data-element_type=\"widget\" data-widget_type=\"image.default\">\n\t\t\t\t<div class=\"elementor-widget-container\">\n\t\t\t\t\t\t\t\t<div class=\"elementor-image\">\n\t\t\t\t\t\t\t\t\t\t\t\t<img loading=\"lazy\" decoding=\"async\" width=\"1024\" height=\"1024\" src=\"https:\/\/landes.cl\/reportesostenibilidad2019-2020\/wp-content\/uploads\/2020\/12\/S-WEB-Goal-12-1024x1024.png\" class=\"attachment-large size-large\" alt=\"\" srcset=\"https:\/\/landes.cl\/reportesostenibilidad2019-2020\/wp-content\/uploads\/2020\/12\/S-WEB-Goal-12-1024x1024.png 1024w, https:\/\/landes.cl\/reportesostenibilidad2019-2020\/wp-content\/uploads\/2020\/12\/S-WEB-Goal-12-300x300.png 300w, https:\/\/landes.cl\/reportesostenibilidad2019-2020\/wp-content\/uploads\/2020\/12\/S-WEB-Goal-12-150x150.png 150w, https:\/\/landes.cl\/reportesostenibilidad2019-2020\/wp-content\/uploads\/2020\/12\/S-WEB-Goal-12-768x768.png 768w, https:\/\/landes.cl\/reportesostenibilidad2019-2020\/wp-content\/uploads\/2020\/12\/S-WEB-Goal-12-500x500.png 500w, https:\/\/landes.cl\/reportesostenibilidad2019-2020\/wp-content\/uploads\/2020\/12\/S-WEB-Goal-12.png 1500w\" sizes=\"auto, (max-width: 1024px) 100vw, 1024px\" \/>\t\t\t\t\t\t\t\t\t\t\t\t\t\t<\/div>\n\t\t\t\t\t\t<\/div>\n\t\t\t\t<\/div>\n\t\t\t\t\t\t<\/div>\n\t\t\t\t\t<\/div>\n\t\t<\/div>\n\t\t\t\t<div class=\"elementor-column elementor-col-50 elementor-top-column elementor-element elementor-element-3189e92\" data-id=\"3189e92\" data-element_type=\"column\" data-settings=\"{&quot;background_background&quot;:&quot;classic&quot;}\">\n\t\t\t<div class=\"elementor-column-wrap elementor-element-populated\">\n\t\t\t\t\t<div class=\"elementor-background-overlay\"><\/div>\n\t\t\t\t\t\t\t<div class=\"elementor-widget-wrap\">\n\t\t\t\t\t\t<div class=\"elementor-element elementor-element-a7b258f elementor-widget elementor-widget-spacer\" data-id=\"a7b258f\" data-element_type=\"widget\" data-widget_type=\"spacer.default\">\n\t\t\t\t<div class=\"elementor-widget-container\">\n\t\t\t\t\t<div class=\"elementor-spacer\">\n\t\t\t<div class=\"elementor-spacer-inner\"><\/div>\n\t\t<\/div>\n\t\t\t\t<\/div>\n\t\t\t\t<\/div>\n\t\t\t\t<div class=\"elementor-element elementor-element-aef2657 elementor-widget elementor-widget-heading\" data-id=\"aef2657\" data-element_type=\"widget\" data-widget_type=\"heading.default\">\n\t\t\t\t<div class=\"elementor-widget-container\">\n\t\t\t<h4 class=\"elementor-heading-title elementor-size-large\">Aportes Landes a metas:<\/h4>\t\t<\/div>\n\t\t\t\t<\/div>\n\t\t\t\t<section class=\"elementor-section elementor-inner-section elementor-element elementor-element-3f627b4 elementor-section-boxed elementor-section-height-default elementor-section-height-default\" data-id=\"3f627b4\" data-element_type=\"section\">\n\t\t\t\t\t\t<div class=\"elementor-container elementor-column-gap-default\">\n\t\t\t\t\t\t\t<div class=\"elementor-row\">\n\t\t\t\t\t<div class=\"elementor-column elementor-col-50 elementor-inner-column elementor-element elementor-element-205cd76\" data-id=\"205cd76\" data-element_type=\"column\">\n\t\t\t<div class=\"elementor-column-wrap elementor-element-populated\">\n\t\t\t\t\t\t\t<div class=\"elementor-widget-wrap\">\n\t\t\t\t\t\t<div class=\"elementor-element elementor-element-a14aad7 elementor-widget elementor-widget-heading\" data-id=\"a14aad7\" data-element_type=\"widget\" data-widget_type=\"heading.default\">\n\t\t\t\t<div class=\"elementor-widget-container\">\n\t\t\t<h4 class=\"elementor-heading-title elementor-size-large\">12.2 \u201cPara 2030, lograr la gestio\u0301n sostenible y el uso eficiente de los recursos naturales\u201d\t\t\t\t\t\n<\/h4>\t\t<\/div>\n\t\t\t\t<\/div>\n\t\t\t\t<div class=\"elementor-element elementor-element-0b9d0f1 elementor-widget elementor-widget-heading\" data-id=\"0b9d0f1\" data-element_type=\"widget\" data-widget_type=\"heading.default\">\n\t\t\t\t<div class=\"elementor-widget-container\">\n\t\t\t<h4 class=\"elementor-heading-title elementor-size-large\">12.4 \u201cPara 2020, lograr la gestio\u0301n ecolo\u0301gicamente racional de los productos qui\u0301micos y de todos los desechos a lo largo de su ciclo de vida, de conformidad con los marcos internacionales convenidos, y reducir de manera significativa su liberacio\u0301n a la atmo\u0301sfera, el agua y el suelo a fin de reducir al mi\u0301nimo sus efectos adversos en la salud humana y el medio ambiente\u201d.\t<\/h4>\t\t<\/div>\n\t\t\t\t<\/div>\n\t\t\t\t\t\t<\/div>\n\t\t\t\t\t<\/div>\n\t\t<\/div>\n\t\t\t\t<div class=\"elementor-column elementor-col-50 elementor-inner-column elementor-element elementor-element-245fcf4\" data-id=\"245fcf4\" data-element_type=\"column\">\n\t\t\t<div class=\"elementor-column-wrap elementor-element-populated\">\n\t\t\t\t\t\t\t<div class=\"elementor-widget-wrap\">\n\t\t\t\t\t\t<div class=\"elementor-element elementor-element-5180f9f elementor-widget elementor-widget-heading\" data-id=\"5180f9f\" data-element_type=\"widget\" data-widget_type=\"heading.default\">\n\t\t\t\t<div class=\"elementor-widget-container\">\n\t\t\t<h4 class=\"elementor-heading-title elementor-size-large\">12.5 \u201cPara 2030, disminuir de manera sustancial la generacio\u0301n de desechos mediante poli\u0301ticas de prevencio\u0301n, reduccio\u0301n, reciclaje y reutilizacio\u0301n\u201d.<\/h4>\t\t<\/div>\n\t\t\t\t<\/div>\n\t\t\t\t\t\t<\/div>\n\t\t\t\t\t<\/div>\n\t\t<\/div>\n\t\t\t\t\t\t\t\t<\/div>\n\t\t\t\t\t<\/div>\n\t\t<\/section>\n\t\t\t\t\t\t<\/div>\n\t\t\t\t\t<\/div>\n\t\t<\/div>\n\t\t\t\t\t\t\t\t<\/div>\n\t\t\t\t\t<\/div>\n\t\t<\/section>\n\t\t\t\t<section class=\"elementor-section elementor-top-section elementor-element elementor-element-226b921 elementor-section-content-middle elementor-section-full_width elementor-reverse-mobile animated-slow elementor-section-height-default elementor-section-height-default elementor-invisible\" data-id=\"226b921\" data-element_type=\"section\" data-settings=\"{&quot;background_background&quot;:&quot;none&quot;,&quot;animation&quot;:&quot;fadeInUp&quot;}\">\n\t\t\t\t\t\t<div class=\"elementor-container elementor-column-gap-no\">\n\t\t\t\t\t\t\t<div class=\"elementor-row\">\n\t\t\t\t\t<div class=\"elementor-column elementor-col-50 elementor-top-column elementor-element elementor-element-51971a2\" data-id=\"51971a2\" data-element_type=\"column\" data-settings=\"{&quot;background_background&quot;:&quot;classic&quot;}\">\n\t\t\t<div class=\"elementor-column-wrap elementor-element-populated\">\n\t\t\t\t\t\t\t<div class=\"elementor-widget-wrap\">\n\t\t\t\t\t\t<div class=\"elementor-element elementor-element-4362986 elementor-widget elementor-widget-image\" data-id=\"4362986\" data-element_type=\"widget\" data-widget_type=\"image.default\">\n\t\t\t\t<div class=\"elementor-widget-container\">\n\t\t\t\t\t\t\t\t<div class=\"elementor-image\">\n\t\t\t\t\t\t\t\t\t\t\t\t<img loading=\"lazy\" decoding=\"async\" width=\"225\" height=\"225\" src=\"https:\/\/landes.cl\/reportesostenibilidad2019-2020\/wp-content\/uploads\/2020\/12\/vidasubmarina.png\" class=\"attachment-large size-large\" alt=\"\" srcset=\"https:\/\/landes.cl\/reportesostenibilidad2019-2020\/wp-content\/uploads\/2020\/12\/vidasubmarina.png 225w, https:\/\/landes.cl\/reportesostenibilidad2019-2020\/wp-content\/uploads\/2020\/12\/vidasubmarina-150x150.png 150w\" sizes=\"auto, (max-width: 225px) 100vw, 225px\" \/>\t\t\t\t\t\t\t\t\t\t\t\t\t\t<\/div>\n\t\t\t\t\t\t<\/div>\n\t\t\t\t<\/div>\n\t\t\t\t\t\t<\/div>\n\t\t\t\t\t<\/div>\n\t\t<\/div>\n\t\t\t\t<div class=\"elementor-column elementor-col-50 elementor-top-column elementor-element elementor-element-fd5c77d\" data-id=\"fd5c77d\" data-element_type=\"column\" data-settings=\"{&quot;background_background&quot;:&quot;classic&quot;}\">\n\t\t\t<div class=\"elementor-column-wrap elementor-element-populated\">\n\t\t\t\t\t<div class=\"elementor-background-overlay\"><\/div>\n\t\t\t\t\t\t\t<div class=\"elementor-widget-wrap\">\n\t\t\t\t\t\t<div class=\"elementor-element elementor-element-e6140cb elementor-widget elementor-widget-spacer\" data-id=\"e6140cb\" data-element_type=\"widget\" data-widget_type=\"spacer.default\">\n\t\t\t\t<div class=\"elementor-widget-container\">\n\t\t\t\t\t<div class=\"elementor-spacer\">\n\t\t\t<div class=\"elementor-spacer-inner\"><\/div>\n\t\t<\/div>\n\t\t\t\t<\/div>\n\t\t\t\t<\/div>\n\t\t\t\t<div class=\"elementor-element elementor-element-94688b1 elementor-widget elementor-widget-heading\" data-id=\"94688b1\" data-element_type=\"widget\" data-widget_type=\"heading.default\">\n\t\t\t\t<div class=\"elementor-widget-container\">\n\t\t\t<h4 class=\"elementor-heading-title elementor-size-large\">Aportes Landes a metas:<\/h4>\t\t<\/div>\n\t\t\t\t<\/div>\n\t\t\t\t<section class=\"elementor-section elementor-inner-section elementor-element elementor-element-d269434 elementor-section-boxed elementor-section-height-default elementor-section-height-default\" data-id=\"d269434\" data-element_type=\"section\">\n\t\t\t\t\t\t<div class=\"elementor-container elementor-column-gap-default\">\n\t\t\t\t\t\t\t<div class=\"elementor-row\">\n\t\t\t\t\t<div class=\"elementor-column elementor-col-50 elementor-inner-column elementor-element elementor-element-8b7c999\" data-id=\"8b7c999\" data-element_type=\"column\">\n\t\t\t<div class=\"elementor-column-wrap elementor-element-populated\">\n\t\t\t\t\t\t\t<div class=\"elementor-widget-wrap\">\n\t\t\t\t\t\t<div class=\"elementor-element elementor-element-25a276f elementor-widget elementor-widget-heading\" data-id=\"25a276f\" data-element_type=\"widget\" data-widget_type=\"heading.default\">\n\t\t\t\t<div class=\"elementor-widget-container\">\n\t\t\t<h4 class=\"elementor-heading-title elementor-size-large\">14.1 \u201cPara 2025, prevenir y reducir de manera significativa la contaminacio\u0301n marina de todo tipo, en particular aquella producida por actividades realizadas en tierra firme, incluidos los detritos marinos y la contaminacio\u0301n por nutrientes\u201d.\t\t\t\t<\/h4>\t\t<\/div>\n\t\t\t\t<\/div>\n\t\t\t\t\t\t<\/div>\n\t\t\t\t\t<\/div>\n\t\t<\/div>\n\t\t\t\t<div class=\"elementor-column elementor-col-50 elementor-inner-column elementor-element elementor-element-1f3fa2e\" data-id=\"1f3fa2e\" data-element_type=\"column\">\n\t\t\t<div class=\"elementor-column-wrap elementor-element-populated\">\n\t\t\t\t\t\t\t<div class=\"elementor-widget-wrap\">\n\t\t\t\t\t\t<div class=\"elementor-element elementor-element-5c0ac6c elementor-widget elementor-widget-heading\" data-id=\"5c0ac6c\" data-element_type=\"widget\" data-widget_type=\"heading.default\">\n\t\t\t\t<div class=\"elementor-widget-container\">\n\t\t\t<h4 class=\"elementor-heading-title elementor-size-large\">14.2 \u201cPara 2020, gestionar y proteger de manera sostenible los ecosistemas marinos y costeros con miras a evitar efectos nocivos importantes, incluso mediante el fortalecimiento de su resiliencia, y adoptar medidas para restaurarlos con objeto de restablecer la salud y la productividad de los oce\u0301anos\u201d.\t\t\t\t\t\t\n<\/h4>\t\t<\/div>\n\t\t\t\t<\/div>\n\t\t\t\t\t\t<\/div>\n\t\t\t\t\t<\/div>\n\t\t<\/div>\n\t\t\t\t\t\t\t\t<\/div>\n\t\t\t\t\t<\/div>\n\t\t<\/section>\n\t\t\t\t<section class=\"elementor-section elementor-inner-section elementor-element elementor-element-04335e9 elementor-section-boxed elementor-section-height-default elementor-section-height-default\" data-id=\"04335e9\" data-element_type=\"section\">\n\t\t\t\t\t\t<div class=\"elementor-container elementor-column-gap-default\">\n\t\t\t\t\t\t\t<div class=\"elementor-row\">\n\t\t\t\t\t<div class=\"elementor-column elementor-col-50 elementor-inner-column elementor-element elementor-element-f610e4a\" data-id=\"f610e4a\" data-element_type=\"column\">\n\t\t\t<div class=\"elementor-column-wrap elementor-element-populated\">\n\t\t\t\t\t\t\t<div class=\"elementor-widget-wrap\">\n\t\t\t\t\t\t<div class=\"elementor-element elementor-element-63bf192 elementor-widget elementor-widget-heading\" data-id=\"63bf192\" data-element_type=\"widget\" data-widget_type=\"heading.default\">\n\t\t\t\t<div class=\"elementor-widget-container\">\n\t\t\t<h4 class=\"elementor-heading-title elementor-size-large\">14.5 \u201cPara 2020, conservar por lo menos el 10% de las zonas costeras y marinas, de conformidad con las leyes nacionales y el derecho internacional y sobre la base de la mejor informacio\u0301n cienti\u0301fica disponible\u201d.\t\t\t\t\t\n<\/h4>\t\t<\/div>\n\t\t\t\t<\/div>\n\t\t\t\t\t\t<\/div>\n\t\t\t\t\t<\/div>\n\t\t<\/div>\n\t\t\t\t<div class=\"elementor-column elementor-col-50 elementor-inner-column elementor-element elementor-element-af5e1a1\" data-id=\"af5e1a1\" data-element_type=\"column\">\n\t\t\t<div class=\"elementor-column-wrap\">\n\t\t\t\t\t\t\t<div class=\"elementor-widget-wrap\">\n\t\t\t\t\t\t\t\t<\/div>\n\t\t\t\t\t<\/div>\n\t\t<\/div>\n\t\t\t\t\t\t\t\t<\/div>\n\t\t\t\t\t<\/div>\n\t\t<\/section>\n\t\t\t\t\t\t<\/div>\n\t\t\t\t\t<\/div>\n\t\t<\/div>\n\t\t\t\t\t\t\t\t<\/div>\n\t\t\t\t\t<\/div>\n\t\t<\/section>\n\t\t\t\t<section class=\"elementor-section elementor-top-section elementor-element elementor-element-7968bcce elementor-section-height-min-height elementor-section-boxed elementor-section-height-default elementor-section-items-middle\" data-id=\"7968bcce\" data-element_type=\"section\" data-settings=\"{&quot;background_background&quot;:&quot;classic&quot;}\">\n\t\t\t\t\t\t\t<div class=\"elementor-background-overlay\"><\/div>\n\t\t\t\t\t\t\t<div class=\"elementor-container elementor-column-gap-no\">\n\t\t\t\t\t\t\t<div class=\"elementor-row\">\n\t\t\t\t\t<div class=\"elementor-column elementor-col-100 elementor-top-column elementor-element elementor-element-45466031\" data-id=\"45466031\" data-element_type=\"column\">\n\t\t\t<div class=\"elementor-column-wrap elementor-element-populated\">\n\t\t\t\t\t\t\t<div class=\"elementor-widget-wrap\">\n\t\t\t\t\t\t<div class=\"elementor-element elementor-element-34d95acc elementor-widget elementor-widget-heading\" data-id=\"34d95acc\" data-element_type=\"widget\" data-widget_type=\"heading.default\">\n\t\t\t\t<div class=\"elementor-widget-container\">\n\t\t\t<h4 class=\"elementor-heading-title elementor-size-large\">Principio o enfoque de precauci\u00f3n (102-11)<\/br>\nLandes gestiona y monitorea sus riesgos materiales de manera de no afectar de manera negativa el h\u00e1bitat y las personas en su operaci\u00f3n. \n\n<\/h4>\t\t<\/div>\n\t\t\t\t<\/div>\n\t\t\t\t<div class=\"elementor-element elementor-element-148eea98 elementor-widget elementor-widget-spacer\" data-id=\"148eea98\" data-element_type=\"widget\" data-widget_type=\"spacer.default\">\n\t\t\t\t<div class=\"elementor-widget-container\">\n\t\t\t\t\t<div class=\"elementor-spacer\">\n\t\t\t<div class=\"elementor-spacer-inner\"><\/div>\n\t\t<\/div>\n\t\t\t\t<\/div>\n\t\t\t\t<\/div>\n\t\t\t\t\t\t<\/div>\n\t\t\t\t\t<\/div>\n\t\t<\/div>\n\t\t\t\t\t\t\t\t<\/div>\n\t\t\t\t\t<\/div>\n\t\t<\/section>\n\t\t\t\t<section class=\"elementor-section elementor-top-section elementor-element elementor-element-d420652 elementor-section-height-min-height elementor-section-items-top elementor-section-boxed elementor-section-height-default\" data-id=\"d420652\" data-element_type=\"section\" data-settings=\"{&quot;background_background&quot;:&quot;gradient&quot;}\">\n\t\t\t\t\t\t<div class=\"elementor-container elementor-column-gap-no\">\n\t\t\t\t\t\t\t<div class=\"elementor-row\">\n\t\t\t\t\t<div class=\"elementor-column elementor-col-100 elementor-top-column elementor-element elementor-element-9e97032\" data-id=\"9e97032\" data-element_type=\"column\">\n\t\t\t<div class=\"elementor-column-wrap elementor-element-populated\">\n\t\t\t\t\t\t\t<div class=\"elementor-widget-wrap\">\n\t\t\t\t\t\t<section class=\"elementor-section elementor-inner-section elementor-element elementor-element-fc828f6 elementor-section-boxed elementor-section-height-default elementor-section-height-default\" data-id=\"fc828f6\" data-element_type=\"section\">\n\t\t\t\t\t\t<div class=\"elementor-container elementor-column-gap-no\">\n\t\t\t\t\t\t\t<div class=\"elementor-row\">\n\t\t\t\t\t<div class=\"elementor-column elementor-col-25 elementor-inner-column elementor-element elementor-element-37cc1aa\" data-id=\"37cc1aa\" data-element_type=\"column\">\n\t\t\t<div class=\"elementor-column-wrap elementor-element-populated\">\n\t\t\t\t\t\t\t<div class=\"elementor-widget-wrap\">\n\t\t\t\t\t\t<div class=\"elementor-element elementor-element-1de643a elementor-widget elementor-widget-spacer\" data-id=\"1de643a\" data-element_type=\"widget\" data-widget_type=\"spacer.default\">\n\t\t\t\t<div class=\"elementor-widget-container\">\n\t\t\t\t\t<div class=\"elementor-spacer\">\n\t\t\t<div class=\"elementor-spacer-inner\"><\/div>\n\t\t<\/div>\n\t\t\t\t<\/div>\n\t\t\t\t<\/div>\n\t\t\t\t<div class=\"elementor-element elementor-element-8162555 elementor-widget elementor-widget-raven-site-logo\" data-id=\"8162555\" data-element_type=\"widget\" data-widget_type=\"raven-site-logo.default\">\n\t\t\t\t<div class=\"elementor-widget-container\">\n\t\t\t\t\t<div class=\"raven-widget-wrapper\">\n\t\t\t<div class=\"raven-site-logo\">\n\t\t\t\t\t\t\t\t\t<a class=\"raven-site-logo-link\" href=\"https:\/\/landes.cl\/reportesostenibilidad2019-2020\">\n\t\t\t\t\t\t\t\t<img decoding=\"async\" src=\"https:\/\/landes.cl\/reportesostenibilidad2019-2020\/wp-content\/uploads\/2020\/10\/LANDES-LOGO-B2-1.png\" alt=\"Reporte de Sostenibilidad\" class=\"raven-site-logo-desktop raven-site-logo-tablet raven-site-logo-mobile\" data-no-lazy=\"1\" \/>\t\t\t\t\t\t\t\t\t<\/a>\n\t\t\t\t\t\t\t<\/div>\n\t\t<\/div>\n\t\t\t\t<\/div>\n\t\t\t\t<\/div>\n\t\t\t\t<div class=\"elementor-element elementor-element-f2919ed elementor-widget elementor-widget-spacer\" data-id=\"f2919ed\" data-element_type=\"widget\" data-widget_type=\"spacer.default\">\n\t\t\t\t<div class=\"elementor-widget-container\">\n\t\t\t\t\t<div class=\"elementor-spacer\">\n\t\t\t<div class=\"elementor-spacer-inner\"><\/div>\n\t\t<\/div>\n\t\t\t\t<\/div>\n\t\t\t\t<\/div>\n\t\t\t\t<div class=\"elementor-element elementor-element-c6c40d6 elementor-shape-rounded elementor-grid-0 elementor-widget elementor-widget-social-icons\" data-id=\"c6c40d6\" data-element_type=\"widget\" data-widget_type=\"social-icons.default\">\n\t\t\t\t<div class=\"elementor-widget-container\">\n\t\t\t\t\t<div class=\"elementor-social-icons-wrapper elementor-grid\">\n\t\t\t\t\t\t\t<div class=\"elementor-grid-item\">\n\t\t\t\t\t<a class=\"elementor-icon elementor-social-icon elementor-social-icon-facebook elementor-repeater-item-39d85eb\" href=\"https:\/\/www.facebook.com\/pesqueralandes\" target=\"_blank\">\n\t\t\t\t\t\t<span class=\"elementor-screen-only\">Facebook<\/span>\n\t\t\t\t\t\t<i class=\"fab fa-facebook\"><\/i>\t\t\t\t\t<\/a>\n\t\t\t\t<\/div>\n\t\t\t\t\t\t\t<div class=\"elementor-grid-item\">\n\t\t\t\t\t<a class=\"elementor-icon elementor-social-icon elementor-social-icon-instagram elementor-repeater-item-6a9d408\" href=\"https:\/\/www.instagram.com\/landes_seafood\/\" target=\"_blank\">\n\t\t\t\t\t\t<span class=\"elementor-screen-only\">Instagram<\/span>\n\t\t\t\t\t\t<i class=\"fab fa-instagram\"><\/i>\t\t\t\t\t<\/a>\n\t\t\t\t<\/div>\n\t\t\t\t\t\t\t<div class=\"elementor-grid-item\">\n\t\t\t\t\t<a class=\"elementor-icon elementor-social-icon elementor-social-icon-youtube elementor-repeater-item-025134a\" href=\"https:\/\/www.youtube.com\/channel\/UCXOwSvg7ul8o9L6_EqP2JQw\" target=\"_blank\">\n\t\t\t\t\t\t<span class=\"elementor-screen-only\">Youtube<\/span>\n\t\t\t\t\t\t<i class=\"fab fa-youtube\"><\/i>\t\t\t\t\t<\/a>\n\t\t\t\t<\/div>\n\t\t\t\t\t<\/div>\n\t\t\t\t<\/div>\n\t\t\t\t<\/div>\n\t\t\t\t\t\t<\/div>\n\t\t\t\t\t<\/div>\n\t\t<\/div>\n\t\t\t\t<div class=\"elementor-column elementor-col-25 elementor-inner-column elementor-element elementor-element-2254da2\" data-id=\"2254da2\" data-element_type=\"column\">\n\t\t\t<div class=\"elementor-column-wrap elementor-element-populated\">\n\t\t\t\t\t\t\t<div class=\"elementor-widget-wrap\">\n\t\t\t\t\t\t<div class=\"elementor-element elementor-element-4205534 elementor-widget elementor-widget-spacer\" data-id=\"4205534\" data-element_type=\"widget\" data-widget_type=\"spacer.default\">\n\t\t\t\t<div class=\"elementor-widget-container\">\n\t\t\t\t\t<div class=\"elementor-spacer\">\n\t\t\t<div class=\"elementor-spacer-inner\"><\/div>\n\t\t<\/div>\n\t\t\t\t<\/div>\n\t\t\t\t<\/div>\n\t\t\t\t<div class=\"elementor-element elementor-element-33f620a elementor-widget elementor-widget-heading\" data-id=\"33f620a\" data-element_type=\"widget\" data-widget_type=\"heading.default\">\n\t\t\t\t<div class=\"elementor-widget-container\">\n\t\t\t<h2 class=\"elementor-heading-title elementor-size-default\">Datos de la empresa<\/h2>\t\t<\/div>\n\t\t\t\t<\/div>\n\t\t\t\t<div class=\"elementor-element elementor-element-c95fa77 elementor-tablet-align-center elementor-mobile-align-center elementor-align-left elementor-widget elementor-widget-raven-heading\" data-id=\"c95fa77\" data-element_type=\"widget\" data-widget_type=\"raven-heading.default\">\n\t\t\t\t<div class=\"elementor-widget-container\">\n\t\t\t\t\t<div class=\"raven-widget-wrapper\"><h2 class=\"raven-heading raven-heading-h2\"><span class=\"raven-heading-title\">Razo\u0301n Social: Sociedad Pesquera Landes S.A. <br>Rut: 92.387.000-8 <br>\nTipo de Sociedad: Sociedad Ano\u0301nima Cerrada.<\/span><\/h2><\/div>\n\t\t\t\t<\/div>\n\t\t\t\t<\/div>\n\t\t\t\t<div class=\"elementor-element elementor-element-0a4657e elementor-icon-list--layout-inline elementor-align-left elementor-tablet-align-center elementor-list-item-link-full_width elementor-widget elementor-widget-icon-list\" data-id=\"0a4657e\" data-element_type=\"widget\" data-widget_type=\"icon-list.default\">\n\t\t\t\t<div class=\"elementor-widget-container\">\n\t\t\t\t\t<ul class=\"elementor-icon-list-items elementor-inline-items\">\n\t\t\t\t\t\t\t<li class=\"elementor-icon-list-item elementor-inline-item\">\n\t\t\t\t\t\t\t\t\t\t\t<span class=\"elementor-icon-list-icon\">\n\t\t\t\t\t\t\t<i aria-hidden=\"true\" class=\"fas fa-phone\"><\/i>\t\t\t\t\t\t<\/span>\n\t\t\t\t\t\t\t\t\t\t<span class=\"elementor-icon-list-text\">(+56) 2223 37151 <\/span>\n\t\t\t\t\t\t\t\t\t<\/li>\n\t\t\t\t\t\t\t\t<li class=\"elementor-icon-list-item elementor-inline-item\">\n\t\t\t\t\t<a href=\"http:\/\/www.landes.cl\">\t\t\t\t\t\t<span class=\"elementor-icon-list-icon\">\n\t\t\t\t\t\t\t<i aria-hidden=\"true\" class=\"far fa-keyboard\"><\/i>\t\t\t\t\t\t<\/span>\n\t\t\t\t\t\t\t\t\t\t<span class=\"elementor-icon-list-text\">www.landes.cl<\/span>\n\t\t\t\t\t\t\t\t\t\t\t<\/a>\n\t\t\t\t\t\t\t\t\t<\/li>\n\t\t\t\t\t\t<\/ul>\n\t\t\t\t<\/div>\n\t\t\t\t<\/div>\n\t\t\t\t<div class=\"elementor-element elementor-element-761b9d6 elementor-icon-list--layout-inline elementor-align-left elementor-tablet-align-center elementor-list-item-link-full_width elementor-widget elementor-widget-icon-list\" data-id=\"761b9d6\" data-element_type=\"widget\" data-widget_type=\"icon-list.default\">\n\t\t\t\t<div class=\"elementor-widget-container\">\n\t\t\t\t\t<ul class=\"elementor-icon-list-items elementor-inline-items\">\n\t\t\t\t\t\t\t<li class=\"elementor-icon-list-item elementor-inline-item\">\n\t\t\t\t\t\t\t\t\t\t\t<span class=\"elementor-icon-list-icon\">\n\t\t\t\t\t\t\t<i aria-hidden=\"true\" class=\"fas fa-map-marker-alt\"><\/i>\t\t\t\t\t\t<\/span>\n\t\t\t\t\t\t\t\t\t\t<span class=\"elementor-icon-list-text\">Avda. Tajamar 183, oficina 702, Las Condes, Santiago, Chile<\/span>\n\t\t\t\t\t\t\t\t\t<\/li>\n\t\t\t\t\t\t<\/ul>\n\t\t\t\t<\/div>\n\t\t\t\t<\/div>\n\t\t\t\t\t\t<\/div>\n\t\t\t\t\t<\/div>\n\t\t<\/div>\n\t\t\t\t<div class=\"elementor-column elementor-col-25 elementor-inner-column elementor-element elementor-element-708d081\" data-id=\"708d081\" data-element_type=\"column\">\n\t\t\t<div class=\"elementor-column-wrap elementor-element-populated\">\n\t\t\t\t\t\t\t<div class=\"elementor-widget-wrap\">\n\t\t\t\t\t\t<div class=\"elementor-element elementor-element-66328ec elementor-widget elementor-widget-spacer\" data-id=\"66328ec\" data-element_type=\"widget\" data-widget_type=\"spacer.default\">\n\t\t\t\t<div class=\"elementor-widget-container\">\n\t\t\t\t\t<div class=\"elementor-spacer\">\n\t\t\t<div class=\"elementor-spacer-inner\"><\/div>\n\t\t<\/div>\n\t\t\t\t<\/div>\n\t\t\t\t<\/div>\n\t\t\t\t<div class=\"elementor-element elementor-element-c3cf9fa elementor-tablet-align-center elementor-icon-list--layout-traditional elementor-list-item-link-full_width elementor-widget elementor-widget-icon-list\" data-id=\"c3cf9fa\" data-element_type=\"widget\" data-widget_type=\"icon-list.default\">\n\t\t\t\t<div class=\"elementor-widget-container\">\n\t\t\t\t\t<ul class=\"elementor-icon-list-items\">\n\t\t\t\t\t\t\t<li class=\"elementor-icon-list-item\">\n\t\t\t\t\t<a href=\"https:\/\/landes.cl\/reportesostenibilidad2019-2020\/somos-landes\/\">\t\t\t\t\t<span class=\"elementor-icon-list-text\">Somos Landes<\/span>\n\t\t\t\t\t\t\t\t\t\t\t<\/a>\n\t\t\t\t\t\t\t\t\t<\/li>\n\t\t\t\t\t\t\t\t<li class=\"elementor-icon-list-item\">\n\t\t\t\t\t<a href=\"https:\/\/landes.cl\/reportesostenibilidad2019-2020\/compromiso-con-la-sostenibilidad\/\">\t\t\t\t\t<span class=\"elementor-icon-list-text\">Compromiso con la Sostenibilidad<\/span>\n\t\t\t\t\t\t\t\t\t\t\t<\/a>\n\t\t\t\t\t\t\t\t\t<\/li>\n\t\t\t\t\t\t\t\t<li class=\"elementor-icon-list-item\">\n\t\t\t\t\t<a href=\"#\">\t\t\t\t\t<span class=\"elementor-icon-list-text\">Gobierno Corporativo<\/span>\n\t\t\t\t\t\t\t\t\t\t\t<\/a>\n\t\t\t\t\t\t\t\t\t<\/li>\n\t\t\t\t\t\t\t\t<li class=\"elementor-icon-list-item\">\n\t\t\t\t\t<a href=\"https:\/\/landes.cl\/reportesostenibilidad2019-2020\/medio-ambiente\/\">\t\t\t\t\t<span class=\"elementor-icon-list-text\">Medio Ambiente<\/span>\n\t\t\t\t\t\t\t\t\t\t\t<\/a>\n\t\t\t\t\t\t\t\t\t<\/li>\n\t\t\t\t\t\t\t\t<li class=\"elementor-icon-list-item\">\n\t\t\t\t\t<a href=\"https:\/\/landes.cl\/reportesostenibilidad2019-2020\/colaboradores\/\">\t\t\t\t\t<span class=\"elementor-icon-list-text\">Coloboradores y Proveedores<\/span>\n\t\t\t\t\t\t\t\t\t\t\t<\/a>\n\t\t\t\t\t\t\t\t\t<\/li>\n\t\t\t\t\t\t\t\t<li class=\"elementor-icon-list-item\">\n\t\t\t\t\t<a href=\"https:\/\/landes.cl\/reportesostenibilidad2019-2020\/comunidad\/\">\t\t\t\t\t<span class=\"elementor-icon-list-text\">Comunidad<\/span>\n\t\t\t\t\t\t\t\t\t\t\t<\/a>\n\t\t\t\t\t\t\t\t\t<\/li>\n\t\t\t\t\t\t\t\t<li class=\"elementor-icon-list-item\">\n\t\t\t\t\t<a href=\"https:\/\/landes.cl\/reportesostenibilidad2019-2020\/indice-gri\/\">\t\t\t\t\t<span class=\"elementor-icon-list-text\">Indice GRI\/ODS<\/span>\n\t\t\t\t\t\t\t\t\t\t\t<\/a>\n\t\t\t\t\t\t\t\t\t<\/li>\n\t\t\t\t\t\t<\/ul>\n\t\t\t\t<\/div>\n\t\t\t\t<\/div>\n\t\t\t\t\t\t<\/div>\n\t\t\t\t\t<\/div>\n\t\t<\/div>\n\t\t\t\t<div class=\"elementor-column elementor-col-25 elementor-inner-column elementor-element elementor-element-5a0953f\" data-id=\"5a0953f\" data-element_type=\"column\">\n\t\t\t<div class=\"elementor-column-wrap elementor-element-populated\">\n\t\t\t\t\t\t\t<div class=\"elementor-widget-wrap\">\n\t\t\t\t\t\t<div class=\"elementor-element elementor-element-d835c08 elementor-widget elementor-widget-spacer\" data-id=\"d835c08\" data-element_type=\"widget\" data-widget_type=\"spacer.default\">\n\t\t\t\t<div class=\"elementor-widget-container\">\n\t\t\t\t\t<div class=\"elementor-spacer\">\n\t\t\t<div class=\"elementor-spacer-inner\"><\/div>\n\t\t<\/div>\n\t\t\t\t<\/div>\n\t\t\t\t<\/div>\n\t\t\t\t\t\t<\/div>\n\t\t\t\t\t<\/div>\n\t\t<\/div>\n\t\t\t\t\t\t\t\t<\/div>\n\t\t\t\t\t<\/div>\n\t\t<\/section>\n\t\t\t\t<div class=\"elementor-element elementor-element-11f7ef2 elementor-widget elementor-widget-spacer\" data-id=\"11f7ef2\" data-element_type=\"widget\" data-widget_type=\"spacer.default\">\n\t\t\t\t<div class=\"elementor-widget-container\">\n\t\t\t\t\t<div class=\"elementor-spacer\">\n\t\t\t<div class=\"elementor-spacer-inner\"><\/div>\n\t\t<\/div>\n\t\t\t\t<\/div>\n\t\t\t\t<\/div>\n\t\t\t\t<div class=\"elementor-element elementor-element-16535bb elementor-widget-divider--view-line elementor-widget elementor-widget-divider\" data-id=\"16535bb\" data-element_type=\"widget\" data-widget_type=\"divider.default\">\n\t\t\t\t<div class=\"elementor-widget-container\">\n\t\t\t\t\t<div class=\"elementor-divider\">\n\t\t\t<span class=\"elementor-divider-separator\">\n\t\t\t\t\t\t<\/span>\n\t\t<\/div>\n\t\t\t\t<\/div>\n\t\t\t\t<\/div>\n\t\t\t\t<div class=\"elementor-element elementor-element-1adceea elementor-widget elementor-widget-spacer\" data-id=\"1adceea\" data-element_type=\"widget\" data-widget_type=\"spacer.default\">\n\t\t\t\t<div class=\"elementor-widget-container\">\n\t\t\t\t\t<div class=\"elementor-spacer\">\n\t\t\t<div class=\"elementor-spacer-inner\"><\/div>\n\t\t<\/div>\n\t\t\t\t<\/div>\n\t\t\t\t<\/div>\n\t\t\t\t<div class=\"elementor-element elementor-element-81cd5d9 elementor-widget elementor-widget-text-editor\" data-id=\"81cd5d9\" data-element_type=\"widget\" data-widget_type=\"text-editor.default\">\n\t\t\t\t<div class=\"elementor-widget-container\">\n\t\t\t\t\t\t\t\t<div class=\"elementor-text-editor elementor-clearfix\">\n\t\t\t\t\t<p>\u00a9 LANDES 2020. Elaboraci\u00f3n Reporte de Sostenibilidd Soul Consultores.<\/p>\t\t\t\t\t<\/div>\n\t\t\t\t\t\t<\/div>\n\t\t\t\t<\/div>\n\t\t\t\t\t\t<\/div>\n\t\t\t\t\t<\/div>\n\t\t<\/div>\n\t\t\t\t\t\t\t\t<\/div>\n\t\t\t\t\t<\/div>\n\t\t<\/section>\n\t\t\t\t\t\t<\/div>\n\t\t\t\t\t\t<\/div>\n\t\t\t\t\t<\/div>\n\t\t","protected":false},"excerpt":{"rendered":"<p>Compromiso con la sostenibilidad Como una forma de consolidar el trabajo en sostenibilidad de la empresa durante 2019 se trabaj\u00f3 en la definici\u00f3n de una Pol\u00edtica de Sostenibilidad. El objetivo principal fue plasmar en ella la convicci\u00f3n que mueve a Landes a mejorar el impacto que su actividad tiene en los \u00e1mbitos econ\u00f3mico, social y [&hellip;]<\/p>\n","protected":false},"author":1,"featured_media":0,"parent":0,"menu_order":0,"comment_status":"closed","ping_status":"closed","template":"elementor_canvas","meta":{"footnotes":""},"class_list":["post-219","page","type-page","status-publish","hentry"],"_links":{"self":[{"href":"https:\/\/landes.cl\/reportesostenibilidad2019-2020\/wp-json\/wp\/v2\/pages\/219","targetHints":{"allow":["GET"]}}],"collection":[{"href":"https:\/\/landes.cl\/reportesostenibilidad2019-2020\/wp-json\/wp\/v2\/pages"}],"about":[{"href":"https:\/\/landes.cl\/reportesostenibilidad2019-2020\/wp-json\/wp\/v2\/types\/page"}],"author":[{"embeddable":true,"href":"https:\/\/landes.cl\/reportesostenibilidad2019-2020\/wp-json\/wp\/v2\/users\/1"}],"replies":[{"embeddable":true,"href":"https:\/\/landes.cl\/reportesostenibilidad2019-2020\/wp-json\/wp\/v2\/comments?post=219"}],"version-history":[{"count":94,"href":"https:\/\/landes.cl\/reportesostenibilidad2019-2020\/wp-json\/wp\/v2\/pages\/219\/revisions"}],"predecessor-version":[{"id":1820,"href":"https:\/\/landes.cl\/reportesostenibilidad2019-2020\/wp-json\/wp\/v2\/pages\/219\/revisions\/1820"}],"wp:attachment":[{"href":"https:\/\/landes.cl\/reportesostenibilidad2019-2020\/wp-json\/wp\/v2\/media?parent=219"}],"curies":[{"name":"wp","href":"https:\/\/api.w.org\/{rel}","templated":true}]}}