{"id":291,"date":"2021-01-25T12:58:22","date_gmt":"2021-01-25T12:58:22","guid":{"rendered":"http:\/\/landesreporte.wene.cl\/?page_id=291"},"modified":"2021-04-20T00:23:45","modified_gmt":"2021-04-20T00:23:45","slug":"sobre-este-reporte","status":"publish","type":"page","link":"https:\/\/landes.cl\/reportesostenibilidad2019-2020\/sobre-este-reporte\/","title":{"rendered":"Sobre este reporte"},"content":{"rendered":"\t\t<div data-elementor-type=\"wp-page\" data-elementor-id=\"291\" class=\"elementor elementor-291\" data-elementor-settings=\"[]\">\n\t\t\t\t\t\t<div class=\"elementor-inner\">\n\t\t\t\t\t\t\t<div class=\"elementor-section-wrap\">\n\t\t\t\t\t\t\t<header class=\"elementor-section elementor-top-section elementor-element elementor-element-14e2d4a0 elementor-section-content-middle elementor-section-boxed elementor-section-height-default elementor-section-height-default\" data-id=\"14e2d4a0\" data-element_type=\"section\" data-settings=\"{&quot;background_background&quot;:&quot;classic&quot;}\">\n\t\t\t\t\t\t<div class=\"elementor-container elementor-column-gap-no\">\n\t\t\t\t\t\t\t<div class=\"elementor-row\">\n\t\t\t\t\t<div class=\"elementor-column elementor-col-100 elementor-top-column elementor-element elementor-element-12417101\" data-id=\"12417101\" data-element_type=\"column\">\n\t\t\t<div class=\"elementor-column-wrap elementor-element-populated\">\n\t\t\t\t\t\t\t<div class=\"elementor-widget-wrap\">\n\t\t\t\t\t\t<div class=\"elementor-element elementor-element-502f3f1c elementor-nav-menu__align-center elementor-nav-menu--stretch elementor-nav-menu--indicator-classic elementor-nav-menu--dropdown-tablet elementor-nav-menu__text-align-aside elementor-nav-menu--toggle elementor-nav-menu--burger elementor-widget elementor-widget-nav-menu\" data-id=\"502f3f1c\" data-element_type=\"widget\" data-settings=\"{&quot;full_width&quot;:&quot;stretch&quot;,&quot;layout&quot;:&quot;horizontal&quot;,&quot;toggle&quot;:&quot;burger&quot;}\" data-widget_type=\"nav-menu.default\">\n\t\t\t\t<div class=\"elementor-widget-container\">\n\t\t\t\t\t\t<nav role=\"navigation\" class=\"elementor-nav-menu--main elementor-nav-menu__container elementor-nav-menu--layout-horizontal e--pointer-overline e--animation-fade\"><ul id=\"menu-1-502f3f1c\" class=\"elementor-nav-menu\"><li class=\"menu-item menu-item-type-post_type menu-item-object-page menu-item-home menu-item-80\"><a href=\"https:\/\/landes.cl\/reportesostenibilidad2019-2020\/\" class=\"elementor-item\">HOME<\/a><\/li>\n<li class=\"menu-item menu-item-type-post_type menu-item-object-page menu-item-81\"><a href=\"https:\/\/landes.cl\/reportesostenibilidad2019-2020\/somos-landes\/\" class=\"elementor-item\">SOMOS <BR> LANDES<\/a><\/li>\n<li class=\"menu-item menu-item-type-post_type menu-item-object-page menu-item-1512\"><a href=\"https:\/\/landes.cl\/reportesostenibilidad2019-2020\/nuestros-productos-2\/\" class=\"elementor-item\">NUESTROS <\/BR> PRODUCTOS<\/a><\/li>\n<li class=\"menu-item menu-item-type-post_type menu-item-object-page menu-item-230\"><a href=\"https:\/\/landes.cl\/reportesostenibilidad2019-2020\/compromiso-con-la-sostenibilidad\/\" class=\"elementor-item\">COMPROMISO CON <BR> LA SOSTENIBILIDAD<\/a><\/li>\n<li class=\"menu-item menu-item-type-post_type menu-item-object-page menu-item-808\"><a href=\"https:\/\/landes.cl\/reportesostenibilidad2019-2020\/gobierno-corporativo\/\" class=\"elementor-item\">GOBIERNO <BR> CORPORATIVO<\/a><\/li>\n<li class=\"menu-item menu-item-type-post_type menu-item-object-page menu-item-1513\"><a href=\"https:\/\/landes.cl\/reportesostenibilidad2019-2020\/desempeno-economico\/\" class=\"elementor-item\">DESEMPE\u00d1O <\/BR> ECON\u00d3MICO<\/a><\/li>\n<li class=\"menu-item menu-item-type-post_type menu-item-object-page menu-item-807\"><a href=\"https:\/\/landes.cl\/reportesostenibilidad2019-2020\/colaboradores\/\" class=\"elementor-item\">COLABORADORES <BR> Y PROVEEDORES<\/a><\/li>\n<li class=\"menu-item menu-item-type-post_type menu-item-object-page menu-item-287\"><a href=\"https:\/\/landes.cl\/reportesostenibilidad2019-2020\/medio-ambiente\/\" class=\"elementor-item\">MEDIO <BR> AMBIENTE<\/a><\/li>\n<li class=\"menu-item menu-item-type-post_type menu-item-object-page menu-item-991\"><a href=\"https:\/\/landes.cl\/reportesostenibilidad2019-2020\/comunidad\/\" class=\"elementor-item\">COMUNIDAD<\/a><\/li>\n<li class=\"menu-item menu-item-type-post_type menu-item-object-page menu-item-1515\"><a href=\"https:\/\/landes.cl\/reportesostenibilidad2019-2020\/sobre-este-reporte\/\" class=\"elementor-item\">SOBRE <\/BR> ESTE REPORTE<\/a><\/li>\n<li class=\"menu-item menu-item-type-post_type menu-item-object-page menu-item-811\"><a href=\"https:\/\/landes.cl\/reportesostenibilidad2019-2020\/indice-gri\/\" class=\"elementor-item\">INDICADORES <BR> GRI\/ODS<\/a><\/li>\n<li class=\"menu-item menu-item-type-post_type menu-item-object-page menu-item-1663\"><a href=\"https:\/\/landes.cl\/reportesostenibilidad2019-2020\/executive-summary\/\" class=\"elementor-item\">ENGLISH <\/BR> VERSION<\/a><\/li>\n<\/ul><\/nav>\n\t\t\t\t\t<div class=\"elementor-menu-toggle\" role=\"button\" tabindex=\"0\" aria-label=\"Menu Toggle\" aria-expanded=\"false\">\n\t\t\t<i class=\"eicon-menu-bar\" aria-hidden=\"true\"><\/i>\n\t\t\t<span class=\"elementor-screen-only\">Men\u00fa<\/span>\n\t\t<\/div>\n\t\t\t<nav class=\"elementor-nav-menu--dropdown elementor-nav-menu__container\" role=\"navigation\" aria-hidden=\"true\"><ul id=\"menu-2-502f3f1c\" class=\"elementor-nav-menu\"><li class=\"menu-item menu-item-type-post_type menu-item-object-page menu-item-home menu-item-80\"><a href=\"https:\/\/landes.cl\/reportesostenibilidad2019-2020\/\" class=\"elementor-item\">HOME<\/a><\/li>\n<li class=\"menu-item menu-item-type-post_type menu-item-object-page menu-item-81\"><a href=\"https:\/\/landes.cl\/reportesostenibilidad2019-2020\/somos-landes\/\" class=\"elementor-item\">SOMOS <BR> LANDES<\/a><\/li>\n<li class=\"menu-item menu-item-type-post_type menu-item-object-page menu-item-1512\"><a href=\"https:\/\/landes.cl\/reportesostenibilidad2019-2020\/nuestros-productos-2\/\" class=\"elementor-item\">NUESTROS <\/BR> PRODUCTOS<\/a><\/li>\n<li class=\"menu-item menu-item-type-post_type menu-item-object-page menu-item-230\"><a href=\"https:\/\/landes.cl\/reportesostenibilidad2019-2020\/compromiso-con-la-sostenibilidad\/\" class=\"elementor-item\">COMPROMISO CON <BR> LA SOSTENIBILIDAD<\/a><\/li>\n<li class=\"menu-item menu-item-type-post_type menu-item-object-page menu-item-808\"><a href=\"https:\/\/landes.cl\/reportesostenibilidad2019-2020\/gobierno-corporativo\/\" class=\"elementor-item\">GOBIERNO <BR> CORPORATIVO<\/a><\/li>\n<li class=\"menu-item menu-item-type-post_type menu-item-object-page menu-item-1513\"><a href=\"https:\/\/landes.cl\/reportesostenibilidad2019-2020\/desempeno-economico\/\" class=\"elementor-item\">DESEMPE\u00d1O <\/BR> ECON\u00d3MICO<\/a><\/li>\n<li class=\"menu-item menu-item-type-post_type menu-item-object-page menu-item-807\"><a href=\"https:\/\/landes.cl\/reportesostenibilidad2019-2020\/colaboradores\/\" class=\"elementor-item\">COLABORADORES <BR> Y PROVEEDORES<\/a><\/li>\n<li class=\"menu-item menu-item-type-post_type menu-item-object-page menu-item-287\"><a href=\"https:\/\/landes.cl\/reportesostenibilidad2019-2020\/medio-ambiente\/\" class=\"elementor-item\">MEDIO <BR> AMBIENTE<\/a><\/li>\n<li class=\"menu-item menu-item-type-post_type menu-item-object-page menu-item-991\"><a href=\"https:\/\/landes.cl\/reportesostenibilidad2019-2020\/comunidad\/\" class=\"elementor-item\">COMUNIDAD<\/a><\/li>\n<li class=\"menu-item menu-item-type-post_type menu-item-object-page menu-item-1515\"><a href=\"https:\/\/landes.cl\/reportesostenibilidad2019-2020\/sobre-este-reporte\/\" class=\"elementor-item\">SOBRE <\/BR> ESTE REPORTE<\/a><\/li>\n<li class=\"menu-item menu-item-type-post_type menu-item-object-page menu-item-811\"><a href=\"https:\/\/landes.cl\/reportesostenibilidad2019-2020\/indice-gri\/\" class=\"elementor-item\">INDICADORES <BR> GRI\/ODS<\/a><\/li>\n<li class=\"menu-item menu-item-type-post_type menu-item-object-page menu-item-1663\"><a href=\"https:\/\/landes.cl\/reportesostenibilidad2019-2020\/executive-summary\/\" class=\"elementor-item\">ENGLISH <\/BR> VERSION<\/a><\/li>\n<\/ul><\/nav>\n\t\t\t\t<\/div>\n\t\t\t\t<\/div>\n\t\t\t\t\t\t<\/div>\n\t\t\t\t\t<\/div>\n\t\t<\/div>\n\t\t\t\t\t\t\t\t<\/div>\n\t\t\t\t\t<\/div>\n\t\t<\/header>\n\t\t\t\t<section class=\"elementor-section elementor-top-section elementor-element elementor-element-7bc3a004 elementor-section-items-top elementor-section-height-min-height elementor-section-boxed elementor-section-height-default\" data-id=\"7bc3a004\" data-element_type=\"section\" data-settings=\"{&quot;background_background&quot;:&quot;video&quot;,&quot;background_video_link&quot;:&quot;https:\\\/\\\/landes.cl\\\/reportesostenibilidad2019-2020\\\/wp-content\\\/uploads\\\/2021\\\/03\\\/pexels-mikhail-nilov-6989030.mp4&quot;}\">\n\t\t\t\t\t\t\t\t<div class=\"elementor-background-video-container elementor-hidden-phone\">\n\t\t\t\t\t\t\t\t\t\t\t\t\t<video class=\"elementor-background-video-hosted elementor-html5-video\" autoplay muted playsinline loop><\/video>\n\t\t\t\t\t\t\t\t\t\t\t<\/div>\n\t\t\t\t\t\t\t\t\t<div class=\"elementor-background-overlay\"><\/div>\n\t\t\t\t\t\t\t<div class=\"elementor-container elementor-column-gap-default\">\n\t\t\t\t\t\t\t<div class=\"elementor-row\">\n\t\t\t\t\t<div class=\"elementor-column elementor-col-100 elementor-top-column elementor-element elementor-element-143d92ce\" data-id=\"143d92ce\" data-element_type=\"column\">\n\t\t\t<div class=\"elementor-column-wrap elementor-element-populated\">\n\t\t\t\t\t\t\t<div class=\"elementor-widget-wrap\">\n\t\t\t\t\t\t<div class=\"elementor-element elementor-element-241d7c01 elementor-widget elementor-widget-heading\" data-id=\"241d7c01\" data-element_type=\"widget\" data-widget_type=\"heading.default\">\n\t\t\t\t<div class=\"elementor-widget-container\">\n\t\t\t<h1 class=\"elementor-heading-title elementor-size-large\">sobre este reporte<\/h1>\t\t<\/div>\n\t\t\t\t<\/div>\n\t\t\t\t<div class=\"elementor-element elementor-element-388b5806 elementor-widget-divider--view-line elementor-widget elementor-widget-divider\" data-id=\"388b5806\" data-element_type=\"widget\" data-widget_type=\"divider.default\">\n\t\t\t\t<div class=\"elementor-widget-container\">\n\t\t\t\t\t<div class=\"elementor-divider\">\n\t\t\t<span class=\"elementor-divider-separator\">\n\t\t\t\t\t\t<\/span>\n\t\t<\/div>\n\t\t\t\t<\/div>\n\t\t\t\t<\/div>\n\t\t\t\t<div class=\"elementor-element elementor-element-75dff8d7 elementor-widget elementor-widget-heading\" data-id=\"75dff8d7\" data-element_type=\"widget\" data-widget_type=\"heading.default\">\n\t\t\t\t<div class=\"elementor-widget-container\">\n\t\t\t<h2 class=\"elementor-heading-title elementor-size-large\">(102-50) (102-52)<br>\nLandes presenta a la comunidad su Segundo Reporte de Sostenibilidad, periodo 2019-2020. Este informe bienal tiene como objetivo mostrar el desempe\u00f1o de la compa\u00f1\u00eda en Sostenibilidad y considera las dimensiones econ\u00f3micas, sociales y ambientales.  \n<\/h2>\t\t<\/div>\n\t\t\t\t<\/div>\n\t\t\t\t\t\t<\/div>\n\t\t\t\t\t<\/div>\n\t\t<\/div>\n\t\t\t\t\t\t\t\t<\/div>\n\t\t\t\t\t<\/div>\n\t\t<\/section>\n\t\t\t\t<section class=\"elementor-section elementor-top-section elementor-element elementor-element-34260234 elementor-section-content-middle elementor-section-full_width elementor-reverse-mobile elementor-section-height-default elementor-section-height-default\" data-id=\"34260234\" data-element_type=\"section\">\n\t\t\t\t\t\t<div class=\"elementor-container elementor-column-gap-no\">\n\t\t\t\t\t\t\t<div class=\"elementor-row\">\n\t\t\t\t\t<div class=\"elementor-column elementor-col-100 elementor-top-column elementor-element elementor-element-17e8592b\" data-id=\"17e8592b\" data-element_type=\"column\" data-settings=\"{&quot;background_background&quot;:&quot;classic&quot;}\">\n\t\t\t<div class=\"elementor-column-wrap elementor-element-populated\">\n\t\t\t\t\t<div class=\"elementor-background-overlay\"><\/div>\n\t\t\t\t\t\t\t<div class=\"elementor-widget-wrap\">\n\t\t\t\t\t\t<div class=\"elementor-element elementor-element-2d3e8c5 elementor-widget elementor-widget-heading\" data-id=\"2d3e8c5\" data-element_type=\"widget\" data-widget_type=\"heading.default\">\n\t\t\t\t<div class=\"elementor-widget-container\">\n\t\t\t<h4 class=\"elementor-heading-title elementor-size-large\">Definici\u00f3n de contenidos <\/br>(102-42) (102-43) (102-44) (102-46)<\/h4>\t\t<\/div>\n\t\t\t\t<\/div>\n\t\t\t\t<div class=\"elementor-element elementor-element-7e07415a elementor-widget elementor-widget-text-editor\" data-id=\"7e07415a\" data-element_type=\"widget\" data-widget_type=\"text-editor.default\">\n\t\t\t\t<div class=\"elementor-widget-container\">\n\t\t\t\t\t\t\t\t<div class=\"elementor-text-editor elementor-clearfix\">\n\t\t\t\t\t<p class=\"p1\"><span class=\"s1\">La informaci\u00f3n contenida en este Reporte fue proporcionada por Pesquera Landes. Estos contenidos se han organizado para ser presentados de acuerdo a los principios de reportabilidad del <i>Global Reporting Initiative<\/i>, GRI. Se han organizado teniendo en cuenta la distinci\u00f3n de los aspectos claves de la sostenibilidad: sociales, ambientales y econ\u00f3micos, y de los intereses de sus <i>stakeholders<\/i> en el periodo 2019 reportado.<\/span><\/p><p class=\"p1\"><span class=\"s1\">De acuerdo con el Principio de Materialidad: la informaci\u00f3n cubre los aspectos m\u00e1s relevantes y significativos de la actividad de Landes que pueden influir en las expectativas de sus grupos de inter\u00e9s.<\/span><\/p><p class=\"p1\"><span class=\"s1\">Para identificar los contenidos dentro de este reporte se han incorporado entre par\u00e9ntesis los c\u00f3digos correspondientes a la informaci\u00f3n (ejemplo: 102-1) que son proporcionados por el GRI. <\/span><\/p>\t\t\t\t\t<\/div>\n\t\t\t\t\t\t<\/div>\n\t\t\t\t<\/div>\n\t\t\t\t<div class=\"elementor-element elementor-element-48ada94 elementor-widget elementor-widget-heading\" data-id=\"48ada94\" data-element_type=\"widget\" data-widget_type=\"heading.default\">\n\t\t\t\t<div class=\"elementor-widget-container\">\n\t\t\t<h4 class=\"elementor-heading-title elementor-size-large\">Definici\u00f3n de temas materiales <\/br>(102-21)<\/h4>\t\t<\/div>\n\t\t\t\t<\/div>\n\t\t\t\t<div class=\"elementor-element elementor-element-f43dc66 elementor-widget elementor-widget-text-editor\" data-id=\"f43dc66\" data-element_type=\"widget\" data-widget_type=\"text-editor.default\">\n\t\t\t\t<div class=\"elementor-widget-container\">\n\t\t\t\t\t\t\t\t<div class=\"elementor-text-editor elementor-clearfix\">\n\t\t\t\t\t<p class=\"p1\"><span class=\"s1\">Los Temas Materiales de forma gen\u00e9rica aluden a los temas en los que cualquier organizaci\u00f3n impacta a su entorno, principalmente en los \u00e1mbitos econ\u00f3mico, social y\/o ambiental. La empresa debe estar atenta y distinguir sus temas materiales junto con sus grupos de inter\u00e9s. Este ejercicio se realiza de forma peri\u00f3dica ya que los impactos var\u00edan en el tiempo seg\u00fan la gesti\u00f3n o cambio de circunstancias o entorno. Durante este periodo las consultas a diversos p\u00fablicos se realizaron a trav\u00e9s de encuestas online dada la contingencia sanitaria.<\/span><\/p>\t\t\t\t\t<\/div>\n\t\t\t\t\t\t<\/div>\n\t\t\t\t<\/div>\n\t\t\t\t<div class=\"elementor-element elementor-element-20e75c87 pp-table-center elementor-widget elementor-widget-pp-table\" data-id=\"20e75c87\" data-element_type=\"widget\" data-settings=\"{&quot;table_type&quot;:&quot;responsive&quot;,&quot;scrollable&quot;:&quot;no&quot;}\" data-widget_type=\"pp-table.default\">\n\t\t\t\t<div class=\"elementor-widget-container\">\n\t\t\t        <div class=\"pp-table-container\">\n            <table class=\"pp-table tablesaw\" data-tablesaw-mode=\"stack\">\n                            <colgroup>\n                                <col\n                     span=\"1\"\n                     class=\"elementor-repeater-item-cc6df09\"\n                                             style=\"\n                                                                        \"\n                                          >\n                            <\/colgroup>\n                    <thead>\n            <tr class=\"pp-table-row\">\n                <th class=\"pp-table-cell pp-table-cell-d8b637b\"><span class=\"pp-table-cell-content\"><span class=\"pp-table-cell-text\">Fases<\/span><\/span><\/th><th class=\"pp-table-cell pp-table-cell-98b0b3b\"><span class=\"pp-table-cell-content\"><span class=\"pp-table-cell-text\">Objetivos<\/span><\/span><\/th><th class=\"pp-table-cell pp-table-cell-511efa2\"><span class=\"pp-table-cell-content\"><span class=\"pp-table-cell-text\">Actividades<\/span><\/span><\/th>            <\/tr>\n        <\/thead>\n                <tfoot>\n            <\/tr>        <\/tfoot>\n                <tbody>\n            <tr ><td class=\"pp-table-cell pp-table-cell-cb12260\"><span class=\"pp-table-cell-content\"><span class=\"pp-table-cell-text\">Identificaci\u00f3n de temas materiales<\/span><\/span><\/td><td class=\"pp-table-cell pp-table-cell-7a1a125\"><span class=\"pp-table-cell-content\"><span class=\"pp-table-cell-text\">Identificar temas materiales.<\/br>\n\nIdentificar los esta\u0301ndares GRI asociados a los posibles temas materiales.\n<\/span><\/span><\/td><td class=\"pp-table-cell pp-table-cell-d7ed38c\"><span class=\"pp-table-cell-content\"><span class=\"pp-table-cell-text\">Revisio\u0301n de temas materiales Reporte 2018 Landes. Revisio\u0301n Benchmark de la industria pesquera y contexto de la sostenibilidad del sector en 2019. Revisio\u0301n de indicadores espec\u00edficos GRI.\u2028Revisi\u00f3n de prensa local y nacional. Elaboracio\u0301n de propuesta de temas materiales Landes 2019-2020.\n<\/span><\/span><\/td><\/tr><tr ><td class=\"pp-table-cell pp-table-cell-a08ed12\"><span class=\"pp-table-cell-content\"><span class=\"pp-table-cell-text\">Valoraci\u00f3n de temas materiales<\/span><\/span><\/td><td class=\"pp-table-cell pp-table-cell-c17d21d\"><span class=\"pp-table-cell-content\"><span class=\"pp-table-cell-text\">Priorizar los temas materiales de acuerdo sus impactos y relevancia.\n<\/span><\/span><\/td><td class=\"pp-table-cell pp-table-cell-4c7074f\"><span class=\"pp-table-cell-content\"><span class=\"pp-table-cell-text\"><p> Aplicaci\u00f3n de cuestionarios y fichas de priorizaci\u00f3n a Gerentes y subgerentes.<\/p>\nAn\u00e1lisis de entrevistas a Autoridades locales y Reguladores.\n<\/br>\nAn\u00e1lisis de cuestionarios aplicados online (Colaboradores y Comunidad).<\/span><\/span><\/td><\/tr>        <\/tbody>\n                    <\/table>\n        <\/div>\n        \t\t<\/div>\n\t\t\t\t<\/div>\n\t\t\t\t<div class=\"elementor-element elementor-element-26be673 elementor-widget elementor-widget-text-editor\" data-id=\"26be673\" data-element_type=\"widget\" data-widget_type=\"text-editor.default\">\n\t\t\t\t<div class=\"elementor-widget-container\">\n\t\t\t\t\t\t\t\t<div class=\"elementor-text-editor elementor-clearfix\">\n\t\t\t\t\t<p class=\"p1\"><span class=\"s1\">(102-48) (102-49)<br \/><\/span><\/p><p class=\"p1\"><span class=\"s1\">Los temas materiales de 2019-2020 que se presentan coinciden con los del periodo anterior. Sum\u00e1ndose a ellos Cierre de la operaci\u00f3n de la jibia y Desempe\u00f1o medioambiental.<\/span><\/p>\t\t\t\t\t<\/div>\n\t\t\t\t\t\t<\/div>\n\t\t\t\t<\/div>\n\t\t\t\t<div class=\"elementor-element elementor-element-e57cea4 elementor-widget elementor-widget-heading\" data-id=\"e57cea4\" data-element_type=\"widget\" data-widget_type=\"heading.default\">\n\t\t\t\t<div class=\"elementor-widget-container\">\n\t\t\t<h4 class=\"elementor-heading-title elementor-size-large\">Listado de temas materiales <\/br>(102-47)<\/h4>\t\t<\/div>\n\t\t\t\t<\/div>\n\t\t\t\t<div class=\"elementor-element elementor-element-e74030b pp-table-center elementor-widget elementor-widget-pp-table\" data-id=\"e74030b\" data-element_type=\"widget\" data-settings=\"{&quot;table_type&quot;:&quot;responsive&quot;,&quot;scrollable&quot;:&quot;no&quot;}\" data-widget_type=\"pp-table.default\">\n\t\t\t\t<div class=\"elementor-widget-container\">\n\t\t\t        <div class=\"pp-table-container\">\n            <table class=\"pp-table tablesaw\" data-tablesaw-mode=\"stack\">\n                            <colgroup>\n                                <col\n                     span=\"1\"\n                     class=\"elementor-repeater-item-cc6df09\"\n                                             style=\"\n                                                                        \"\n                                          >\n                            <\/colgroup>\n                    <thead>\n            <tr class=\"pp-table-row\">\n                <th class=\"pp-table-cell pp-table-cell-d8b637b\"><span class=\"pp-table-cell-content\"><span class=\"pp-table-cell-text\">TEMA MATERIAL<\/span><\/span><\/th><th class=\"pp-table-cell pp-table-cell-98b0b3b\"><span class=\"pp-table-cell-content\"><span class=\"pp-table-cell-text\">DESCRIPCI\u00d3N<\/span><\/span><\/th><th class=\"pp-table-cell pp-table-cell-511efa2\"><span class=\"pp-table-cell-content\"><span class=\"pp-table-cell-text\">IMPACTO<\/span><\/span><\/th><th class=\"pp-table-cell pp-table-cell-b942097\"><span class=\"pp-table-cell-content\"><span class=\"pp-table-cell-text\">GRUPO DE INTER\u00c9S QUE LO RELEVA DENTRO DE LOS PRINCIPALES TEMAS MATERIALES<\/span><\/span><\/th>            <\/tr>\n        <\/thead>\n                <tfoot>\n            <\/tr>        <\/tfoot>\n                <tbody>\n            <tr ><td class=\"pp-table-cell pp-table-cell-cb12260\"><span class=\"pp-table-cell-content\"><span class=\"pp-table-cell-text\">\nDESEMPE\u00d1O ECON\u00d3MICO\n<\/span><\/span><\/td><td class=\"pp-table-cell pp-table-cell-7a1a125\"><span class=\"pp-table-cell-content\"><span class=\"pp-table-cell-text\">Refiere a la informacio\u0301n sobre la creacio\u0301n y distribucio\u0301n de valor econo\u0301mico. Son indicaciones ba\u0301sicas sobre la forma en que la compan\u0303i\u0301a ha creado riqueza para sus grupos de intere\u0301s. Esta categori\u0301a plasma el flujo de capital entre los distintos grupos y los principales impactos econo\u0301micos que la empresa tiene en la sociedad.<\/span><\/span><\/td><td class=\"pp-table-cell pp-table-cell-d7ed38c\"><span class=\"pp-table-cell-content\"><span class=\"pp-table-cell-text\">Alto\n<\/span><\/span><\/td><td class=\"pp-table-cell pp-table-cell-885e7ca\"><span class=\"pp-table-cell-content\"><span class=\"pp-table-cell-text\">Accionistas, <\/br>Trabajadores, <\/br>Proveedores<\/span><\/span><\/td><\/tr><tr ><td class=\"pp-table-cell pp-table-cell-a08ed12\"><span class=\"pp-table-cell-content\"><span class=\"pp-table-cell-text\">\nANTICORRUPCI\u00d3N\n<\/span><\/span><\/td><td class=\"pp-table-cell pp-table-cell-c17d21d\"><span class=\"pp-table-cell-content\"><span class=\"pp-table-cell-text\">\n\nRefiere a la gestio\u0301n que realiza la empresa en relacio\u0301n a las buenas pra\u0301cticas corporativas (mecanismos para evitar delitos).\n<\/span><\/span><\/td><td class=\"pp-table-cell pp-table-cell-4c7074f\"><span class=\"pp-table-cell-content\"><span class=\"pp-table-cell-text\">\nMedio<\/span><\/span><\/td><td class=\"pp-table-cell pp-table-cell-88909ed\"><span class=\"pp-table-cell-content\"><span class=\"pp-table-cell-text\">Accionistas, <\/br>Trabajadores, <\/br>Proveedores<\/span><\/span><\/td><\/tr><tr ><td class=\"pp-table-cell pp-table-cell-0b88f92\"><span class=\"pp-table-cell-content\"><span class=\"pp-table-cell-text\">EFLUENTES Y RESIDUOS<\/span><\/span><\/td><td class=\"pp-table-cell pp-table-cell-6655b22\"><span class=\"pp-table-cell-content\"><span class=\"pp-table-cell-text\">\nRefiere a los posibles impactos que genera la empresa al verter agua, eliminar residuos o productos qu\u00edmicos en el h\u00e1bitat acu\u00e1tico y que pueda afectar la salud humana y del medio ambiente.<\/span><\/span><\/td><td class=\"pp-table-cell pp-table-cell-eab1dd5\"><span class=\"pp-table-cell-content\"><span class=\"pp-table-cell-text\">\nAlto\n\n<\/span><\/span><\/td><td class=\"pp-table-cell pp-table-cell-72c085a\"><span class=\"pp-table-cell-content\"><span class=\"pp-table-cell-text\">Comunidad, <\/br>Autoridades locales\n<\/span><\/span><\/td><\/tr><tr ><td class=\"pp-table-cell pp-table-cell-bb8c6b5\"><span class=\"pp-table-cell-content\"><span class=\"pp-table-cell-text\">COMUNIDADES LOCALES<\/span><\/span><\/td><td class=\"pp-table-cell pp-table-cell-c140f43\"><span class=\"pp-table-cell-content\"><span class=\"pp-table-cell-text\">Refiere al compromiso de la empresa con el desarrollo comunal m\u00e1s all\u00e1  de lo operacional.<\/span><\/span><\/td><td class=\"pp-table-cell pp-table-cell-80b5e5f\"><span class=\"pp-table-cell-content\"><span class=\"pp-table-cell-text\">Medio<\/span><\/span><\/td><td class=\"pp-table-cell pp-table-cell-b5fe83e\"><span class=\"pp-table-cell-content\"><span class=\"pp-table-cell-text\">Accionistas, Trabajadores, Comunidad,  Proveedores, Autoridades Locales<\/span><\/span><\/td><\/tr><tr ><td class=\"pp-table-cell pp-table-cell-219e244\"><span class=\"pp-table-cell-content\"><span class=\"pp-table-cell-text\">\nSALUD Y SEGURIDAD DE LOS CLIENTES<\/span><\/span><\/td><td class=\"pp-table-cell pp-table-cell-ef06564\"><span class=\"pp-table-cell-content\"><span class=\"pp-table-cell-text\">.Refiere a la existencia y variedad de los esfuerzos continuos que se hacen para abordar la salud y seguridad en el ciclo de vida de un producto.<\/span><\/span><\/td><td class=\"pp-table-cell pp-table-cell-e66c725\"><span class=\"pp-table-cell-content\"><span class=\"pp-table-cell-text\">\nAlto<\/span><\/span><\/td><td class=\"pp-table-cell pp-table-cell-22b5b80\"><span class=\"pp-table-cell-content\"><span class=\"pp-table-cell-text\">\nAccionistas, Clientes, Comunidad<\/span><\/span><\/td><\/tr><tr ><td class=\"pp-table-cell pp-table-cell-d4d907b\"><span class=\"pp-table-cell-content\"><span class=\"pp-table-cell-text\">GESTI\u00d3N DE PERSONAS<\/span><\/span><\/td><td class=\"pp-table-cell pp-table-cell-d78a9f6\"><span class=\"pp-table-cell-content\"><span class=\"pp-table-cell-text\">\nRefiere a la gesti\u00f3n de la organizaci\u00f3n en relaci\u00f3n al empleo (creaci\u00f3n de trabajos, contrataci\u00f3n, reclutamiento y retenci\u00f3n, as\u00ed\u0301 como las condiciones laborales que proporciona) y en la salud y seguridad (representaci\u00f3n de los trabajadores en comit\u00e9s paritarios, \u00edndices de accidentabilidad laboral y c\u00f3mo se gestiona este tema de forma preventiva).<\/span><\/span><\/td><td class=\"pp-table-cell pp-table-cell-2570657\"><span class=\"pp-table-cell-content\"><span class=\"pp-table-cell-text\">Alto<\/span><\/span><\/td><td class=\"pp-table-cell pp-table-cell-0082ebe\"><span class=\"pp-table-cell-content\"><span class=\"pp-table-cell-text\">\nAccionistas, Trabajadores.<\/span><\/span><\/td><\/tr><tr ><td class=\"pp-table-cell pp-table-cell-4b4d4c4\"><span class=\"pp-table-cell-content\"><span class=\"pp-table-cell-text\">INNOVACI\u00d3N<\/span><\/span><\/td><td class=\"pp-table-cell pp-table-cell-dccdf6c\"><span class=\"pp-table-cell-content\"><span class=\"pp-table-cell-text\">\nRefiere a la gesti\u00f3n que realiza la empresa para darle un valor agregado a las materias primas que pesca y procesa, d\u00e1ndole nuevos usos y aportando al desarrollo del pai\u0301s a trave\u0301s de productos innovadores de calidad.<\/span><\/span><\/td><td class=\"pp-table-cell pp-table-cell-a95c827\"><span class=\"pp-table-cell-content\"><span class=\"pp-table-cell-text\">Medio<\/span><\/span><\/td><td class=\"pp-table-cell pp-table-cell-9d6069d\"><span class=\"pp-table-cell-content\"><span class=\"pp-table-cell-text\">\nAccionistas, trabajadores, proveedores<\/span><\/span><\/td><\/tr><tr ><td class=\"pp-table-cell pp-table-cell-72b35ac\"><span class=\"pp-table-cell-content\"><span class=\"pp-table-cell-text\">CIERRE DE LA OPERACI\u00d3N DE JIBIA<\/span><\/span><\/td><td class=\"pp-table-cell pp-table-cell-1b731dc\"><span class=\"pp-table-cell-content\"><span class=\"pp-table-cell-text\">\nRefiere a las consecuencias sociales y econ\u00f3micas de la p\u00e9rdida de la cuota de jibia.<\/span><\/span><\/td><td class=\"pp-table-cell pp-table-cell-fb0f692\"><span class=\"pp-table-cell-content\"><span class=\"pp-table-cell-text\">Alto<\/span><\/span><\/td><td class=\"pp-table-cell pp-table-cell-25a9fd8\"><span class=\"pp-table-cell-content\"><span class=\"pp-table-cell-text\">\nAccionistas, trabajadores, proveedores.<\/span><\/span><\/td><\/tr><tr ><td class=\"pp-table-cell pp-table-cell-ae5ba64\"><span class=\"pp-table-cell-content\"><span class=\"pp-table-cell-text\">DESEMPE\u00d1O MEDIOAMBIENTAL<\/span><\/span><\/td><td class=\"pp-table-cell pp-table-cell-6beb716\"><span class=\"pp-table-cell-content\"><span class=\"pp-table-cell-text\">\nRefiere a la gesti\u00f3n que realiza la empresa para minimizar su impacto en el medioambiente.<\/span><\/span><\/td><td class=\"pp-table-cell pp-table-cell-f8d2282\"><span class=\"pp-table-cell-content\"><span class=\"pp-table-cell-text\">Medio<\/span><\/span><\/td><td class=\"pp-table-cell pp-table-cell-b0bc084\"><span class=\"pp-table-cell-content\"><span class=\"pp-table-cell-text\">\nAccionistas, Trabajadores, Autoridades locales, Comunidad<\/span><\/span><\/td><\/tr><tr ><td class=\"pp-table-cell pp-table-cell-30f9289\"><span class=\"pp-table-cell-content\"><span class=\"pp-table-cell-text\">DESEMPE\u00d1O CRISIS SANITARIA<\/span><\/span><\/td><td class=\"pp-table-cell pp-table-cell-97afb4d\"><span class=\"pp-table-cell-content\"><span class=\"pp-table-cell-text\">\nRefiere a la gesti\u00f3n que realiza la empresa frente a la pandemia provocada por el virus COVID-19.<\/span><\/span><\/td><td class=\"pp-table-cell pp-table-cell-5ba575f\"><span class=\"pp-table-cell-content\"><span class=\"pp-table-cell-text\">Alto<\/span><\/span><\/td><td class=\"pp-table-cell pp-table-cell-1473efb\"><span class=\"pp-table-cell-content\"><span class=\"pp-table-cell-text\">\nAccionistas, Trabajadores, Autoridades locales, Proveedores, Comunidad<\/span><\/span><\/td><\/tr>        <\/tbody>\n                    <\/table>\n        <\/div>\n        \t\t<\/div>\n\t\t\t\t<\/div>\n\t\t\t\t<div class=\"elementor-element elementor-element-ec8d5a0 elementor-widget elementor-widget-heading\" data-id=\"ec8d5a0\" data-element_type=\"widget\" data-widget_type=\"heading.default\">\n\t\t\t\t<div class=\"elementor-widget-container\">\n\t\t\t<h4 class=\"elementor-heading-title elementor-size-large\">Matriz de materialidad<\/h4>\t\t<\/div>\n\t\t\t\t<\/div>\n\t\t\t\t<div class=\"elementor-element elementor-element-ac148a0 elementor-widget elementor-widget-text-editor\" data-id=\"ac148a0\" data-element_type=\"widget\" data-widget_type=\"text-editor.default\">\n\t\t\t\t<div class=\"elementor-widget-container\">\n\t\t\t\t\t\t\t\t<div class=\"elementor-text-editor elementor-clearfix\">\n\t\t\t\t\t<p class=\"p1\"><span class=\"s1\">La matriz de materialidad presenta gr\u00e1ficamente el impacto que tiene cada tema para la empresa y los grupos de inter\u00e9s, as\u00ed como tambi\u00e9n indicar la urgencia de gesti\u00f3n del tema utilizando los colores del sem\u00e1foro.<\/span><\/p><p class=\"p1\"><span class=\"s1\">Para realizar la matriz se hizo un cruce de igual proporci\u00f3n entre los temas materiales prioritarios relevados por la empresa y los relevados por sus p\u00fablicos de inter\u00e9s.<\/span><\/p>\t\t\t\t\t<\/div>\n\t\t\t\t\t\t<\/div>\n\t\t\t\t<\/div>\n\t\t\t\t<div class=\"elementor-element elementor-element-d42b52b elementor-widget elementor-widget-image\" data-id=\"d42b52b\" data-element_type=\"widget\" data-widget_type=\"image.default\">\n\t\t\t\t<div class=\"elementor-widget-container\">\n\t\t\t\t\t\t\t\t<div class=\"elementor-image\">\n\t\t\t\t\t\t\t\t\t\t\t\t\t<a href=\"https:\/\/landes.cl\/reportesostenibilidad2019-2020\/wp-content\/uploads\/2021\/04\/Or-Matri\u0301z-Materialidad-2019-2020-1-scaled.jpg\" data-elementor-open-lightbox=\"yes\" data-elementor-lightbox-title=\"Matriz de Materialidad 2019-2020\">\n\t\t\t\t\t\t\t<img loading=\"lazy\" decoding=\"async\" width=\"2560\" height=\"1511\" src=\"https:\/\/landes.cl\/reportesostenibilidad2019-2020\/wp-content\/uploads\/2021\/04\/Or-Matri\u0301z-Materialidad-2019-2020-1-scaled.jpg\" class=\"attachment-full size-full\" alt=\"Matriz de Materialidad\" srcset=\"https:\/\/landes.cl\/reportesostenibilidad2019-2020\/wp-content\/uploads\/2021\/04\/Or-Matri\u0301z-Materialidad-2019-2020-1-scaled.jpg 2560w, https:\/\/landes.cl\/reportesostenibilidad2019-2020\/wp-content\/uploads\/2021\/04\/Or-Matri\u0301z-Materialidad-2019-2020-1-300x177.jpg 300w, https:\/\/landes.cl\/reportesostenibilidad2019-2020\/wp-content\/uploads\/2021\/04\/Or-Matri\u0301z-Materialidad-2019-2020-1-1024x604.jpg 1024w, https:\/\/landes.cl\/reportesostenibilidad2019-2020\/wp-content\/uploads\/2021\/04\/Or-Matri\u0301z-Materialidad-2019-2020-1-768x453.jpg 768w, https:\/\/landes.cl\/reportesostenibilidad2019-2020\/wp-content\/uploads\/2021\/04\/Or-Matri\u0301z-Materialidad-2019-2020-1-1536x907.jpg 1536w, https:\/\/landes.cl\/reportesostenibilidad2019-2020\/wp-content\/uploads\/2021\/04\/Or-Matri\u0301z-Materialidad-2019-2020-1-2048x1209.jpg 2048w\" sizes=\"auto, (max-width: 2560px) 100vw, 2560px\" \/>\t\t\t\t\t\t\t\t<\/a>\n\t\t\t\t\t\t\t\t\t\t\t\t\t\t<\/div>\n\t\t\t\t\t\t<\/div>\n\t\t\t\t<\/div>\n\t\t\t\t\t\t<\/div>\n\t\t\t\t\t<\/div>\n\t\t<\/div>\n\t\t\t\t\t\t\t\t<\/div>\n\t\t\t\t\t<\/div>\n\t\t<\/section>\n\t\t\t\t<section class=\"elementor-section elementor-top-section elementor-element elementor-element-5c7858bb elementor-section-height-min-height elementor-section-boxed elementor-section-height-default elementor-section-items-middle\" data-id=\"5c7858bb\" data-element_type=\"section\" data-settings=\"{&quot;background_background&quot;:&quot;classic&quot;}\">\n\t\t\t\t\t\t\t<div class=\"elementor-background-overlay\"><\/div>\n\t\t\t\t\t\t\t<div class=\"elementor-container elementor-column-gap-no\">\n\t\t\t\t\t\t\t<div class=\"elementor-row\">\n\t\t\t\t\t<div class=\"elementor-column elementor-col-100 elementor-top-column elementor-element elementor-element-7b160e42\" data-id=\"7b160e42\" data-element_type=\"column\">\n\t\t\t<div class=\"elementor-column-wrap elementor-element-populated\">\n\t\t\t\t\t\t\t<div class=\"elementor-widget-wrap\">\n\t\t\t\t\t\t<div class=\"elementor-element elementor-element-2df78c26 elementor-widget elementor-widget-heading\" data-id=\"2df78c26\" data-element_type=\"widget\" data-widget_type=\"heading.default\">\n\t\t\t\t<div class=\"elementor-widget-container\">\n\t\t\t<h4 class=\"elementor-heading-title elementor-size-large\">Grupos de inter\u00e9s\n(102-40)<\/h4>\t\t<\/div>\n\t\t\t\t<\/div>\n\t\t\t\t<div class=\"elementor-element elementor-element-7feaee3f elementor-widget elementor-widget-text-editor\" data-id=\"7feaee3f\" data-element_type=\"widget\" data-widget_type=\"text-editor.default\">\n\t\t\t\t<div class=\"elementor-widget-container\">\n\t\t\t\t\t\t\t\t<div class=\"elementor-text-editor elementor-clearfix\">\n\t\t\t\t\t<p class=\"p1\"><span class=\"s1\">La empresa distingue las personas que directa e indirectamente tienen relaci\u00f3n con su actividad. Por ello Landes busca asegurar que las necesidades de sus grupos de inter\u00e9s sean consideradas, a la vez que el negocio se desarrolla, crece y genera valor sostenible. <\/span><\/p><ul><li class=\"li1\"><span class=\"s1\">Consumidores<\/span><\/li><li class=\"li1\"><span class=\"s1\">Accionistas<\/span><\/li><li class=\"li1\"><span class=\"s1\">Trabajadores<\/span><\/li><li class=\"li1\"><span class=\"s1\">Proveedores<\/span><\/li><li class=\"li1\"><span class=\"s1\">Clientes<\/span><\/li><li class=\"li1\"><span class=\"s1\">Autoridades locales<\/span><\/li><li class=\"li1\"><span class=\"s1\">Organismos reguladores<\/span><\/li><li class=\"li1\"><span class=\"s1\">Pescadores artesanales<\/span><\/li><li class=\"li1\"><span class=\"s1\">Medios de comunicaci\u00f3n<\/span><\/li><li class=\"li1\"><span class=\"s1\">Comunidad <\/span><\/li><\/ul>\t\t\t\t\t<\/div>\n\t\t\t\t\t\t<\/div>\n\t\t\t\t<\/div>\n\t\t\t\t<div class=\"elementor-element elementor-element-d176168 elementor-widget elementor-widget-heading\" data-id=\"d176168\" data-element_type=\"widget\" data-widget_type=\"heading.default\">\n\t\t\t\t<div class=\"elementor-widget-container\">\n\t\t\t<h4 class=\"elementor-heading-title elementor-size-large\">Comentarios o consultas sobre el Reporte\n(102-53) (102-56)<\/h4>\t\t<\/div>\n\t\t\t\t<\/div>\n\t\t\t\t<div class=\"elementor-element elementor-element-2b13ae9 elementor-widget elementor-widget-text-editor\" data-id=\"2b13ae9\" data-element_type=\"widget\" data-widget_type=\"text-editor.default\">\n\t\t\t\t<div class=\"elementor-widget-container\">\n\t\t\t\t\t\t\t\t<div class=\"elementor-text-editor elementor-clearfix\">\n\t\t\t\t\t<p class=\"p1\"><span class=\"s1\">Este reporte no presenta cambios en el alcance ni cobertura de la informaci\u00f3n, as\u00ed como tampoco hay reexpresiones. Los contenidos que aqu\u00ed se presentan abarcan el per\u00edodo enero 2019 a diciembre de 2020 y no fueron sometidos a verificaci\u00f3n externa.\u00a0<\/span><\/p><p class=\"p1\"><span class=\"s1\">El proceso para la elaboraci\u00f3n de este reporte fue liderado por la Subgerencia de Asuntos corporativos junto a la asesor\u00eda Soul Consultores.<b> <\/b>Para m\u00e1s informaci\u00f3n, comunicarse con Carla S\u00e1nchez Mutis, Subgerente de Asuntos P\u00fablicos de Landes, al correo: <a href=\"mailto:csanchez@landes.cl\"><span class=\"s2\">csanchez@landes.cl<\/span><\/a>. <\/span><\/p>\t\t\t\t\t<\/div>\n\t\t\t\t\t\t<\/div>\n\t\t\t\t<\/div>\n\t\t\t\t<div class=\"elementor-element elementor-element-78a7b1bb elementor-widget elementor-widget-spacer\" data-id=\"78a7b1bb\" data-element_type=\"widget\" data-widget_type=\"spacer.default\">\n\t\t\t\t<div class=\"elementor-widget-container\">\n\t\t\t\t\t<div class=\"elementor-spacer\">\n\t\t\t<div class=\"elementor-spacer-inner\"><\/div>\n\t\t<\/div>\n\t\t\t\t<\/div>\n\t\t\t\t<\/div>\n\t\t\t\t\t\t<\/div>\n\t\t\t\t\t<\/div>\n\t\t<\/div>\n\t\t\t\t\t\t\t\t<\/div>\n\t\t\t\t\t<\/div>\n\t\t<\/section>\n\t\t\t\t<section class=\"elementor-section elementor-top-section elementor-element elementor-element-dad0252 elementor-section-height-min-height elementor-section-items-top elementor-section-boxed elementor-section-height-default\" data-id=\"dad0252\" data-element_type=\"section\" data-settings=\"{&quot;background_background&quot;:&quot;gradient&quot;}\">\n\t\t\t\t\t\t<div class=\"elementor-container elementor-column-gap-no\">\n\t\t\t\t\t\t\t<div class=\"elementor-row\">\n\t\t\t\t\t<div class=\"elementor-column elementor-col-100 elementor-top-column elementor-element elementor-element-5b5a3a8\" data-id=\"5b5a3a8\" data-element_type=\"column\">\n\t\t\t<div class=\"elementor-column-wrap elementor-element-populated\">\n\t\t\t\t\t\t\t<div class=\"elementor-widget-wrap\">\n\t\t\t\t\t\t<section class=\"elementor-section elementor-inner-section elementor-element elementor-element-438e6edc elementor-section-boxed elementor-section-height-default elementor-section-height-default\" data-id=\"438e6edc\" data-element_type=\"section\">\n\t\t\t\t\t\t<div class=\"elementor-container elementor-column-gap-no\">\n\t\t\t\t\t\t\t<div class=\"elementor-row\">\n\t\t\t\t\t<div class=\"elementor-column elementor-col-25 elementor-inner-column elementor-element elementor-element-28803be8\" data-id=\"28803be8\" data-element_type=\"column\">\n\t\t\t<div class=\"elementor-column-wrap elementor-element-populated\">\n\t\t\t\t\t\t\t<div class=\"elementor-widget-wrap\">\n\t\t\t\t\t\t<div class=\"elementor-element elementor-element-28a1564e elementor-widget elementor-widget-spacer\" data-id=\"28a1564e\" data-element_type=\"widget\" data-widget_type=\"spacer.default\">\n\t\t\t\t<div class=\"elementor-widget-container\">\n\t\t\t\t\t<div class=\"elementor-spacer\">\n\t\t\t<div class=\"elementor-spacer-inner\"><\/div>\n\t\t<\/div>\n\t\t\t\t<\/div>\n\t\t\t\t<\/div>\n\t\t\t\t<div class=\"elementor-element elementor-element-f9f849d elementor-widget elementor-widget-raven-site-logo\" data-id=\"f9f849d\" data-element_type=\"widget\" data-widget_type=\"raven-site-logo.default\">\n\t\t\t\t<div class=\"elementor-widget-container\">\n\t\t\t\t\t<div class=\"raven-widget-wrapper\">\n\t\t\t<div class=\"raven-site-logo\">\n\t\t\t\t\t\t\t\t\t<a class=\"raven-site-logo-link\" href=\"https:\/\/landes.cl\/reportesostenibilidad2019-2020\">\n\t\t\t\t\t\t\t\t<img decoding=\"async\" src=\"https:\/\/landes.cl\/reportesostenibilidad2019-2020\/wp-content\/uploads\/2020\/10\/LANDES-LOGO-B2-1.png\" alt=\"Reporte de Sostenibilidad\" class=\"raven-site-logo-desktop raven-site-logo-tablet raven-site-logo-mobile\" data-no-lazy=\"1\" \/>\t\t\t\t\t\t\t\t\t<\/a>\n\t\t\t\t\t\t\t<\/div>\n\t\t<\/div>\n\t\t\t\t<\/div>\n\t\t\t\t<\/div>\n\t\t\t\t<div class=\"elementor-element elementor-element-529782f elementor-widget elementor-widget-spacer\" data-id=\"529782f\" data-element_type=\"widget\" data-widget_type=\"spacer.default\">\n\t\t\t\t<div class=\"elementor-widget-container\">\n\t\t\t\t\t<div class=\"elementor-spacer\">\n\t\t\t<div class=\"elementor-spacer-inner\"><\/div>\n\t\t<\/div>\n\t\t\t\t<\/div>\n\t\t\t\t<\/div>\n\t\t\t\t<div class=\"elementor-element elementor-element-56ffe5c2 elementor-shape-rounded elementor-grid-0 elementor-widget elementor-widget-social-icons\" data-id=\"56ffe5c2\" data-element_type=\"widget\" data-widget_type=\"social-icons.default\">\n\t\t\t\t<div class=\"elementor-widget-container\">\n\t\t\t\t\t<div class=\"elementor-social-icons-wrapper elementor-grid\">\n\t\t\t\t\t\t\t<div class=\"elementor-grid-item\">\n\t\t\t\t\t<a class=\"elementor-icon elementor-social-icon elementor-social-icon-facebook elementor-repeater-item-39d85eb\" href=\"https:\/\/www.facebook.com\/pesqueralandes\" target=\"_blank\">\n\t\t\t\t\t\t<span class=\"elementor-screen-only\">Facebook<\/span>\n\t\t\t\t\t\t<i class=\"fab fa-facebook\"><\/i>\t\t\t\t\t<\/a>\n\t\t\t\t<\/div>\n\t\t\t\t\t\t\t<div class=\"elementor-grid-item\">\n\t\t\t\t\t<a class=\"elementor-icon elementor-social-icon elementor-social-icon-instagram elementor-repeater-item-6a9d408\" href=\"https:\/\/www.instagram.com\/landes_seafood\/\" target=\"_blank\">\n\t\t\t\t\t\t<span class=\"elementor-screen-only\">Instagram<\/span>\n\t\t\t\t\t\t<i class=\"fab fa-instagram\"><\/i>\t\t\t\t\t<\/a>\n\t\t\t\t<\/div>\n\t\t\t\t\t\t\t<div class=\"elementor-grid-item\">\n\t\t\t\t\t<a class=\"elementor-icon elementor-social-icon elementor-social-icon-youtube elementor-repeater-item-025134a\" href=\"https:\/\/www.youtube.com\/channel\/UCXOwSvg7ul8o9L6_EqP2JQw\" target=\"_blank\">\n\t\t\t\t\t\t<span class=\"elementor-screen-only\">Youtube<\/span>\n\t\t\t\t\t\t<i class=\"fab fa-youtube\"><\/i>\t\t\t\t\t<\/a>\n\t\t\t\t<\/div>\n\t\t\t\t\t<\/div>\n\t\t\t\t<\/div>\n\t\t\t\t<\/div>\n\t\t\t\t\t\t<\/div>\n\t\t\t\t\t<\/div>\n\t\t<\/div>\n\t\t\t\t<div class=\"elementor-column elementor-col-25 elementor-inner-column elementor-element elementor-element-53b4e353\" data-id=\"53b4e353\" data-element_type=\"column\">\n\t\t\t<div class=\"elementor-column-wrap elementor-element-populated\">\n\t\t\t\t\t\t\t<div class=\"elementor-widget-wrap\">\n\t\t\t\t\t\t<div class=\"elementor-element elementor-element-209fe757 elementor-widget elementor-widget-spacer\" data-id=\"209fe757\" data-element_type=\"widget\" data-widget_type=\"spacer.default\">\n\t\t\t\t<div class=\"elementor-widget-container\">\n\t\t\t\t\t<div class=\"elementor-spacer\">\n\t\t\t<div class=\"elementor-spacer-inner\"><\/div>\n\t\t<\/div>\n\t\t\t\t<\/div>\n\t\t\t\t<\/div>\n\t\t\t\t<div class=\"elementor-element elementor-element-ebc60e9 elementor-widget elementor-widget-heading\" data-id=\"ebc60e9\" data-element_type=\"widget\" data-widget_type=\"heading.default\">\n\t\t\t\t<div class=\"elementor-widget-container\">\n\t\t\t<h2 class=\"elementor-heading-title elementor-size-default\">Datos de la empresa<\/h2>\t\t<\/div>\n\t\t\t\t<\/div>\n\t\t\t\t<div class=\"elementor-element elementor-element-2246373d elementor-tablet-align-center elementor-mobile-align-center elementor-align-left elementor-widget elementor-widget-raven-heading\" data-id=\"2246373d\" data-element_type=\"widget\" data-widget_type=\"raven-heading.default\">\n\t\t\t\t<div class=\"elementor-widget-container\">\n\t\t\t\t\t<div class=\"raven-widget-wrapper\"><h2 class=\"raven-heading raven-heading-h2\"><span class=\"raven-heading-title\">Razo\u0301n Social: Sociedad Pesquera Landes S.A. <br>Rut: 92.387.000-8 <br>\nTipo de Sociedad: Sociedad Ano\u0301nima Cerrada.<\/span><\/h2><\/div>\n\t\t\t\t<\/div>\n\t\t\t\t<\/div>\n\t\t\t\t<div class=\"elementor-element elementor-element-45528001 elementor-icon-list--layout-inline elementor-align-left elementor-tablet-align-center elementor-list-item-link-full_width elementor-widget elementor-widget-icon-list\" data-id=\"45528001\" data-element_type=\"widget\" data-widget_type=\"icon-list.default\">\n\t\t\t\t<div class=\"elementor-widget-container\">\n\t\t\t\t\t<ul class=\"elementor-icon-list-items elementor-inline-items\">\n\t\t\t\t\t\t\t<li class=\"elementor-icon-list-item elementor-inline-item\">\n\t\t\t\t\t\t\t\t\t\t\t<span class=\"elementor-icon-list-icon\">\n\t\t\t\t\t\t\t<i aria-hidden=\"true\" class=\"fas fa-phone\"><\/i>\t\t\t\t\t\t<\/span>\n\t\t\t\t\t\t\t\t\t\t<span class=\"elementor-icon-list-text\">(+56) 2223 37151 <\/span>\n\t\t\t\t\t\t\t\t\t<\/li>\n\t\t\t\t\t\t\t\t<li class=\"elementor-icon-list-item elementor-inline-item\">\n\t\t\t\t\t<a href=\"http:\/\/www.landes.cl\">\t\t\t\t\t\t<span class=\"elementor-icon-list-icon\">\n\t\t\t\t\t\t\t<i aria-hidden=\"true\" class=\"far fa-keyboard\"><\/i>\t\t\t\t\t\t<\/span>\n\t\t\t\t\t\t\t\t\t\t<span class=\"elementor-icon-list-text\">www.landes.cl<\/span>\n\t\t\t\t\t\t\t\t\t\t\t<\/a>\n\t\t\t\t\t\t\t\t\t<\/li>\n\t\t\t\t\t\t<\/ul>\n\t\t\t\t<\/div>\n\t\t\t\t<\/div>\n\t\t\t\t<div class=\"elementor-element elementor-element-2fde0f8 elementor-icon-list--layout-inline elementor-align-left elementor-tablet-align-center elementor-list-item-link-full_width elementor-widget elementor-widget-icon-list\" data-id=\"2fde0f8\" data-element_type=\"widget\" data-widget_type=\"icon-list.default\">\n\t\t\t\t<div class=\"elementor-widget-container\">\n\t\t\t\t\t<ul class=\"elementor-icon-list-items elementor-inline-items\">\n\t\t\t\t\t\t\t<li class=\"elementor-icon-list-item elementor-inline-item\">\n\t\t\t\t\t\t\t\t\t\t\t<span class=\"elementor-icon-list-icon\">\n\t\t\t\t\t\t\t<i aria-hidden=\"true\" class=\"fas fa-map-marker-alt\"><\/i>\t\t\t\t\t\t<\/span>\n\t\t\t\t\t\t\t\t\t\t<span class=\"elementor-icon-list-text\">Avda. Tajamar 183, oficina 702, Las Condes, Santiago, Chile<\/span>\n\t\t\t\t\t\t\t\t\t<\/li>\n\t\t\t\t\t\t<\/ul>\n\t\t\t\t<\/div>\n\t\t\t\t<\/div>\n\t\t\t\t\t\t<\/div>\n\t\t\t\t\t<\/div>\n\t\t<\/div>\n\t\t\t\t<div class=\"elementor-column elementor-col-25 elementor-inner-column elementor-element elementor-element-78658597\" data-id=\"78658597\" data-element_type=\"column\">\n\t\t\t<div class=\"elementor-column-wrap elementor-element-populated\">\n\t\t\t\t\t\t\t<div class=\"elementor-widget-wrap\">\n\t\t\t\t\t\t<div class=\"elementor-element elementor-element-4385fbc0 elementor-widget elementor-widget-spacer\" data-id=\"4385fbc0\" data-element_type=\"widget\" data-widget_type=\"spacer.default\">\n\t\t\t\t<div class=\"elementor-widget-container\">\n\t\t\t\t\t<div class=\"elementor-spacer\">\n\t\t\t<div class=\"elementor-spacer-inner\"><\/div>\n\t\t<\/div>\n\t\t\t\t<\/div>\n\t\t\t\t<\/div>\n\t\t\t\t<div class=\"elementor-element elementor-element-369f7d2b elementor-tablet-align-center elementor-icon-list--layout-traditional elementor-list-item-link-full_width elementor-widget elementor-widget-icon-list\" data-id=\"369f7d2b\" data-element_type=\"widget\" data-widget_type=\"icon-list.default\">\n\t\t\t\t<div class=\"elementor-widget-container\">\n\t\t\t\t\t<ul class=\"elementor-icon-list-items\">\n\t\t\t\t\t\t\t<li class=\"elementor-icon-list-item\">\n\t\t\t\t\t<a href=\"https:\/\/landes.cl\/reportesostenibilidad2019-2020\/somos-landes\/\">\t\t\t\t\t<span class=\"elementor-icon-list-text\">Somos Landes<\/span>\n\t\t\t\t\t\t\t\t\t\t\t<\/a>\n\t\t\t\t\t\t\t\t\t<\/li>\n\t\t\t\t\t\t\t\t<li class=\"elementor-icon-list-item\">\n\t\t\t\t\t<a href=\"https:\/\/landes.cl\/reportesostenibilidad2019-2020\/compromiso-con-la-sostenibilidad\/\">\t\t\t\t\t<span class=\"elementor-icon-list-text\">Compromiso con la Sostenibilidad<\/span>\n\t\t\t\t\t\t\t\t\t\t\t<\/a>\n\t\t\t\t\t\t\t\t\t<\/li>\n\t\t\t\t\t\t\t\t<li class=\"elementor-icon-list-item\">\n\t\t\t\t\t<a href=\"#\">\t\t\t\t\t<span class=\"elementor-icon-list-text\">Gobierno Corporativo<\/span>\n\t\t\t\t\t\t\t\t\t\t\t<\/a>\n\t\t\t\t\t\t\t\t\t<\/li>\n\t\t\t\t\t\t\t\t<li class=\"elementor-icon-list-item\">\n\t\t\t\t\t<a href=\"https:\/\/landes.cl\/reportesostenibilidad2019-2020\/medio-ambiente\/\">\t\t\t\t\t<span class=\"elementor-icon-list-text\">Medio Ambiente<\/span>\n\t\t\t\t\t\t\t\t\t\t\t<\/a>\n\t\t\t\t\t\t\t\t\t<\/li>\n\t\t\t\t\t\t\t\t<li class=\"elementor-icon-list-item\">\n\t\t\t\t\t<a href=\"https:\/\/landes.cl\/reportesostenibilidad2019-2020\/colaboradores\/\">\t\t\t\t\t<span class=\"elementor-icon-list-text\">Coloboradores y Proveedores<\/span>\n\t\t\t\t\t\t\t\t\t\t\t<\/a>\n\t\t\t\t\t\t\t\t\t<\/li>\n\t\t\t\t\t\t\t\t<li class=\"elementor-icon-list-item\">\n\t\t\t\t\t<a href=\"https:\/\/landes.cl\/reportesostenibilidad2019-2020\/comunidad\/\">\t\t\t\t\t<span class=\"elementor-icon-list-text\">Comunidad<\/span>\n\t\t\t\t\t\t\t\t\t\t\t<\/a>\n\t\t\t\t\t\t\t\t\t<\/li>\n\t\t\t\t\t\t\t\t<li class=\"elementor-icon-list-item\">\n\t\t\t\t\t<a href=\"https:\/\/landes.cl\/reportesostenibilidad2019-2020\/indice-gri\/\">\t\t\t\t\t<span class=\"elementor-icon-list-text\">Indice GRI\/ODS<\/span>\n\t\t\t\t\t\t\t\t\t\t\t<\/a>\n\t\t\t\t\t\t\t\t\t<\/li>\n\t\t\t\t\t\t<\/ul>\n\t\t\t\t<\/div>\n\t\t\t\t<\/div>\n\t\t\t\t\t\t<\/div>\n\t\t\t\t\t<\/div>\n\t\t<\/div>\n\t\t\t\t<div class=\"elementor-column elementor-col-25 elementor-inner-column elementor-element elementor-element-bfa7548\" data-id=\"bfa7548\" data-element_type=\"column\">\n\t\t\t<div class=\"elementor-column-wrap elementor-element-populated\">\n\t\t\t\t\t\t\t<div class=\"elementor-widget-wrap\">\n\t\t\t\t\t\t<div class=\"elementor-element elementor-element-2be04713 elementor-widget elementor-widget-spacer\" data-id=\"2be04713\" data-element_type=\"widget\" data-widget_type=\"spacer.default\">\n\t\t\t\t<div class=\"elementor-widget-container\">\n\t\t\t\t\t<div class=\"elementor-spacer\">\n\t\t\t<div class=\"elementor-spacer-inner\"><\/div>\n\t\t<\/div>\n\t\t\t\t<\/div>\n\t\t\t\t<\/div>\n\t\t\t\t\t\t<\/div>\n\t\t\t\t\t<\/div>\n\t\t<\/div>\n\t\t\t\t\t\t\t\t<\/div>\n\t\t\t\t\t<\/div>\n\t\t<\/section>\n\t\t\t\t<div class=\"elementor-element elementor-element-27bab9e8 elementor-widget elementor-widget-spacer\" data-id=\"27bab9e8\" data-element_type=\"widget\" data-widget_type=\"spacer.default\">\n\t\t\t\t<div class=\"elementor-widget-container\">\n\t\t\t\t\t<div class=\"elementor-spacer\">\n\t\t\t<div class=\"elementor-spacer-inner\"><\/div>\n\t\t<\/div>\n\t\t\t\t<\/div>\n\t\t\t\t<\/div>\n\t\t\t\t<div class=\"elementor-element elementor-element-707c397a elementor-widget-divider--view-line elementor-widget elementor-widget-divider\" data-id=\"707c397a\" data-element_type=\"widget\" data-widget_type=\"divider.default\">\n\t\t\t\t<div class=\"elementor-widget-container\">\n\t\t\t\t\t<div class=\"elementor-divider\">\n\t\t\t<span class=\"elementor-divider-separator\">\n\t\t\t\t\t\t<\/span>\n\t\t<\/div>\n\t\t\t\t<\/div>\n\t\t\t\t<\/div>\n\t\t\t\t<div class=\"elementor-element elementor-element-21329d0b elementor-widget elementor-widget-spacer\" data-id=\"21329d0b\" data-element_type=\"widget\" data-widget_type=\"spacer.default\">\n\t\t\t\t<div class=\"elementor-widget-container\">\n\t\t\t\t\t<div class=\"elementor-spacer\">\n\t\t\t<div class=\"elementor-spacer-inner\"><\/div>\n\t\t<\/div>\n\t\t\t\t<\/div>\n\t\t\t\t<\/div>\n\t\t\t\t<div class=\"elementor-element elementor-element-20aa49ef elementor-widget elementor-widget-text-editor\" data-id=\"20aa49ef\" data-element_type=\"widget\" data-widget_type=\"text-editor.default\">\n\t\t\t\t<div class=\"elementor-widget-container\">\n\t\t\t\t\t\t\t\t<div class=\"elementor-text-editor elementor-clearfix\">\n\t\t\t\t\t<p>\u00a9 LANDES 2020. Elaboraci\u00f3n Reporte de Sostenibilidd Soul Consultores.<\/p>\t\t\t\t\t<\/div>\n\t\t\t\t\t\t<\/div>\n\t\t\t\t<\/div>\n\t\t\t\t\t\t<\/div>\n\t\t\t\t\t<\/div>\n\t\t<\/div>\n\t\t\t\t\t\t\t\t<\/div>\n\t\t\t\t\t<\/div>\n\t\t<\/section>\n\t\t\t\t\t\t<\/div>\n\t\t\t\t\t\t<\/div>\n\t\t\t\t\t<\/div>\n\t\t","protected":false},"excerpt":{"rendered":"<p>sobre este reporte (102-50) (102-52) Landes presenta a la comunidad su Segundo Reporte de Sostenibilidad, periodo 2019-2020. Este informe bienal tiene como objetivo mostrar el desempe\u00f1o de la compa\u00f1\u00eda en Sostenibilidad y considera las dimensiones econ\u00f3micas, sociales y ambientales. Definici\u00f3n de contenidos (102-42) (102-43) (102-44) (102-46) La informaci\u00f3n contenida en este Reporte fue proporcionada por [&hellip;]<\/p>\n","protected":false},"author":1,"featured_media":0,"parent":0,"menu_order":0,"comment_status":"closed","ping_status":"closed","template":"elementor_canvas","meta":{"footnotes":""},"class_list":["post-291","page","type-page","status-publish","hentry"],"_links":{"self":[{"href":"https:\/\/landes.cl\/reportesostenibilidad2019-2020\/wp-json\/wp\/v2\/pages\/291","targetHints":{"allow":["GET"]}}],"collection":[{"href":"https:\/\/landes.cl\/reportesostenibilidad2019-2020\/wp-json\/wp\/v2\/pages"}],"about":[{"href":"https:\/\/landes.cl\/reportesostenibilidad2019-2020\/wp-json\/wp\/v2\/types\/page"}],"author":[{"embeddable":true,"href":"https:\/\/landes.cl\/reportesostenibilidad2019-2020\/wp-json\/wp\/v2\/users\/1"}],"replies":[{"embeddable":true,"href":"https:\/\/landes.cl\/reportesostenibilidad2019-2020\/wp-json\/wp\/v2\/comments?post=291"}],"version-history":[{"count":46,"href":"https:\/\/landes.cl\/reportesostenibilidad2019-2020\/wp-json\/wp\/v2\/pages\/291\/revisions"}],"predecessor-version":[{"id":1807,"href":"https:\/\/landes.cl\/reportesostenibilidad2019-2020\/wp-json\/wp\/v2\/pages\/291\/revisions\/1807"}],"wp:attachment":[{"href":"https:\/\/landes.cl\/reportesostenibilidad2019-2020\/wp-json\/wp\/v2\/media?parent=291"}],"curies":[{"name":"wp","href":"https:\/\/api.w.org\/{rel}","templated":true}]}}