{"id":937,"date":"2021-03-17T12:16:13","date_gmt":"2021-03-17T12:16:13","guid":{"rendered":"http:\/\/landesreporte.wene.cl\/?page_id=937"},"modified":"2021-05-05T23:50:00","modified_gmt":"2021-05-05T23:50:00","slug":"comunidad","status":"publish","type":"page","link":"https:\/\/landes.cl\/reportesostenibilidad2019-2020\/comunidad\/","title":{"rendered":"Comunidad"},"content":{"rendered":"\t\t<div data-elementor-type=\"wp-page\" data-elementor-id=\"937\" class=\"elementor elementor-937\" data-elementor-settings=\"[]\">\n\t\t\t\t\t\t<div class=\"elementor-inner\">\n\t\t\t\t\t\t\t<div class=\"elementor-section-wrap\">\n\t\t\t\t\t\t\t<header class=\"elementor-section elementor-top-section elementor-element elementor-element-9dc1d29 elementor-section-content-middle elementor-section-boxed elementor-section-height-default elementor-section-height-default\" data-id=\"9dc1d29\" data-element_type=\"section\" data-settings=\"{&quot;background_background&quot;:&quot;classic&quot;}\">\n\t\t\t\t\t\t<div class=\"elementor-container elementor-column-gap-no\">\n\t\t\t\t\t\t\t<div class=\"elementor-row\">\n\t\t\t\t\t<div class=\"elementor-column elementor-col-100 elementor-top-column elementor-element elementor-element-7c607f9e\" data-id=\"7c607f9e\" data-element_type=\"column\">\n\t\t\t<div class=\"elementor-column-wrap elementor-element-populated\">\n\t\t\t\t\t\t\t<div class=\"elementor-widget-wrap\">\n\t\t\t\t\t\t<div class=\"elementor-element elementor-element-684221be elementor-nav-menu__align-center elementor-nav-menu--stretch elementor-nav-menu--indicator-classic elementor-nav-menu--dropdown-tablet elementor-nav-menu__text-align-aside elementor-nav-menu--toggle elementor-nav-menu--burger elementor-widget elementor-widget-nav-menu\" data-id=\"684221be\" data-element_type=\"widget\" data-settings=\"{&quot;full_width&quot;:&quot;stretch&quot;,&quot;layout&quot;:&quot;horizontal&quot;,&quot;toggle&quot;:&quot;burger&quot;}\" data-widget_type=\"nav-menu.default\">\n\t\t\t\t<div class=\"elementor-widget-container\">\n\t\t\t\t\t\t<nav role=\"navigation\" class=\"elementor-nav-menu--main elementor-nav-menu__container elementor-nav-menu--layout-horizontal e--pointer-overline e--animation-fade\"><ul id=\"menu-1-684221be\" class=\"elementor-nav-menu\"><li class=\"menu-item menu-item-type-post_type menu-item-object-page menu-item-home menu-item-80\"><a href=\"https:\/\/landes.cl\/reportesostenibilidad2019-2020\/\" class=\"elementor-item\">HOME<\/a><\/li>\n<li class=\"menu-item menu-item-type-post_type menu-item-object-page menu-item-81\"><a href=\"https:\/\/landes.cl\/reportesostenibilidad2019-2020\/somos-landes\/\" class=\"elementor-item\">SOMOS <BR> LANDES<\/a><\/li>\n<li class=\"menu-item menu-item-type-post_type menu-item-object-page menu-item-1512\"><a href=\"https:\/\/landes.cl\/reportesostenibilidad2019-2020\/nuestros-productos-2\/\" class=\"elementor-item\">NUESTROS <\/BR> PRODUCTOS<\/a><\/li>\n<li class=\"menu-item menu-item-type-post_type menu-item-object-page menu-item-230\"><a href=\"https:\/\/landes.cl\/reportesostenibilidad2019-2020\/compromiso-con-la-sostenibilidad\/\" class=\"elementor-item\">COMPROMISO CON <BR> LA SOSTENIBILIDAD<\/a><\/li>\n<li class=\"menu-item menu-item-type-post_type menu-item-object-page menu-item-808\"><a href=\"https:\/\/landes.cl\/reportesostenibilidad2019-2020\/gobierno-corporativo\/\" class=\"elementor-item\">GOBIERNO <BR> CORPORATIVO<\/a><\/li>\n<li class=\"menu-item menu-item-type-post_type menu-item-object-page menu-item-1513\"><a href=\"https:\/\/landes.cl\/reportesostenibilidad2019-2020\/desempeno-economico\/\" class=\"elementor-item\">DESEMPE\u00d1O <\/BR> ECON\u00d3MICO<\/a><\/li>\n<li class=\"menu-item menu-item-type-post_type menu-item-object-page menu-item-807\"><a href=\"https:\/\/landes.cl\/reportesostenibilidad2019-2020\/colaboradores\/\" class=\"elementor-item\">COLABORADORES <BR> Y PROVEEDORES<\/a><\/li>\n<li class=\"menu-item menu-item-type-post_type menu-item-object-page menu-item-287\"><a href=\"https:\/\/landes.cl\/reportesostenibilidad2019-2020\/medio-ambiente\/\" class=\"elementor-item\">MEDIO <BR> AMBIENTE<\/a><\/li>\n<li class=\"menu-item menu-item-type-post_type menu-item-object-page menu-item-991\"><a href=\"https:\/\/landes.cl\/reportesostenibilidad2019-2020\/comunidad\/\" class=\"elementor-item\">COMUNIDAD<\/a><\/li>\n<li class=\"menu-item menu-item-type-post_type menu-item-object-page menu-item-1515\"><a href=\"https:\/\/landes.cl\/reportesostenibilidad2019-2020\/sobre-este-reporte\/\" class=\"elementor-item\">SOBRE <\/BR> ESTE REPORTE<\/a><\/li>\n<li class=\"menu-item menu-item-type-post_type menu-item-object-page menu-item-811\"><a href=\"https:\/\/landes.cl\/reportesostenibilidad2019-2020\/indice-gri\/\" class=\"elementor-item\">INDICADORES <BR> GRI\/ODS<\/a><\/li>\n<li class=\"menu-item menu-item-type-post_type menu-item-object-page menu-item-1663\"><a href=\"https:\/\/landes.cl\/reportesostenibilidad2019-2020\/executive-summary\/\" class=\"elementor-item\">ENGLISH <\/BR> VERSION<\/a><\/li>\n<\/ul><\/nav>\n\t\t\t\t\t<div class=\"elementor-menu-toggle\" role=\"button\" tabindex=\"0\" aria-label=\"Menu Toggle\" aria-expanded=\"false\">\n\t\t\t<i class=\"eicon-menu-bar\" aria-hidden=\"true\"><\/i>\n\t\t\t<span class=\"elementor-screen-only\">Men\u00fa<\/span>\n\t\t<\/div>\n\t\t\t<nav class=\"elementor-nav-menu--dropdown elementor-nav-menu__container\" role=\"navigation\" aria-hidden=\"true\"><ul id=\"menu-2-684221be\" class=\"elementor-nav-menu\"><li class=\"menu-item menu-item-type-post_type menu-item-object-page menu-item-home menu-item-80\"><a href=\"https:\/\/landes.cl\/reportesostenibilidad2019-2020\/\" class=\"elementor-item\">HOME<\/a><\/li>\n<li class=\"menu-item menu-item-type-post_type menu-item-object-page menu-item-81\"><a href=\"https:\/\/landes.cl\/reportesostenibilidad2019-2020\/somos-landes\/\" class=\"elementor-item\">SOMOS <BR> LANDES<\/a><\/li>\n<li class=\"menu-item menu-item-type-post_type menu-item-object-page menu-item-1512\"><a href=\"https:\/\/landes.cl\/reportesostenibilidad2019-2020\/nuestros-productos-2\/\" class=\"elementor-item\">NUESTROS <\/BR> PRODUCTOS<\/a><\/li>\n<li class=\"menu-item menu-item-type-post_type menu-item-object-page menu-item-230\"><a href=\"https:\/\/landes.cl\/reportesostenibilidad2019-2020\/compromiso-con-la-sostenibilidad\/\" class=\"elementor-item\">COMPROMISO CON <BR> LA SOSTENIBILIDAD<\/a><\/li>\n<li class=\"menu-item menu-item-type-post_type menu-item-object-page menu-item-808\"><a href=\"https:\/\/landes.cl\/reportesostenibilidad2019-2020\/gobierno-corporativo\/\" class=\"elementor-item\">GOBIERNO <BR> CORPORATIVO<\/a><\/li>\n<li class=\"menu-item menu-item-type-post_type menu-item-object-page menu-item-1513\"><a href=\"https:\/\/landes.cl\/reportesostenibilidad2019-2020\/desempeno-economico\/\" class=\"elementor-item\">DESEMPE\u00d1O <\/BR> ECON\u00d3MICO<\/a><\/li>\n<li class=\"menu-item menu-item-type-post_type menu-item-object-page menu-item-807\"><a href=\"https:\/\/landes.cl\/reportesostenibilidad2019-2020\/colaboradores\/\" class=\"elementor-item\">COLABORADORES <BR> Y PROVEEDORES<\/a><\/li>\n<li class=\"menu-item menu-item-type-post_type menu-item-object-page menu-item-287\"><a href=\"https:\/\/landes.cl\/reportesostenibilidad2019-2020\/medio-ambiente\/\" class=\"elementor-item\">MEDIO <BR> AMBIENTE<\/a><\/li>\n<li class=\"menu-item menu-item-type-post_type menu-item-object-page menu-item-991\"><a href=\"https:\/\/landes.cl\/reportesostenibilidad2019-2020\/comunidad\/\" class=\"elementor-item\">COMUNIDAD<\/a><\/li>\n<li class=\"menu-item menu-item-type-post_type menu-item-object-page menu-item-1515\"><a href=\"https:\/\/landes.cl\/reportesostenibilidad2019-2020\/sobre-este-reporte\/\" class=\"elementor-item\">SOBRE <\/BR> ESTE REPORTE<\/a><\/li>\n<li class=\"menu-item menu-item-type-post_type menu-item-object-page menu-item-811\"><a href=\"https:\/\/landes.cl\/reportesostenibilidad2019-2020\/indice-gri\/\" class=\"elementor-item\">INDICADORES <BR> GRI\/ODS<\/a><\/li>\n<li class=\"menu-item menu-item-type-post_type menu-item-object-page menu-item-1663\"><a href=\"https:\/\/landes.cl\/reportesostenibilidad2019-2020\/executive-summary\/\" class=\"elementor-item\">ENGLISH <\/BR> VERSION<\/a><\/li>\n<\/ul><\/nav>\n\t\t\t\t<\/div>\n\t\t\t\t<\/div>\n\t\t\t\t\t\t<\/div>\n\t\t\t\t\t<\/div>\n\t\t<\/div>\n\t\t\t\t\t\t\t\t<\/div>\n\t\t\t\t\t<\/div>\n\t\t<\/header>\n\t\t\t\t<section class=\"elementor-section elementor-top-section elementor-element elementor-element-cb4f66c elementor-section-items-top elementor-section-height-min-height elementor-section-boxed elementor-section-height-default\" data-id=\"cb4f66c\" data-element_type=\"section\" data-settings=\"{&quot;background_background&quot;:&quot;video&quot;,&quot;background_video_link&quot;:&quot;https:\\\/\\\/landes.cl\\\/reportesostenibilidad2019-2020\\\/wp-content\\\/uploads\\\/2021\\\/03\\\/comunidad.mp4&quot;,&quot;background_video_start&quot;:1,&quot;background_video_end&quot;:10,&quot;background_play_on_mobile&quot;:&quot;yes&quot;}\">\n\t\t\t\t\t\t\t\t<div class=\"elementor-background-video-container\">\n\t\t\t\t\t\t\t\t\t\t\t\t\t<video class=\"elementor-background-video-hosted elementor-html5-video\" autoplay muted playsinline loop><\/video>\n\t\t\t\t\t\t\t\t\t\t\t<\/div>\n\t\t\t\t\t\t\t\t\t<div class=\"elementor-background-overlay\"><\/div>\n\t\t\t\t\t\t\t<div class=\"elementor-container elementor-column-gap-default\">\n\t\t\t\t\t\t\t<div class=\"elementor-row\">\n\t\t\t\t\t<div class=\"elementor-column elementor-col-100 elementor-top-column elementor-element elementor-element-110001e\" data-id=\"110001e\" data-element_type=\"column\">\n\t\t\t<div class=\"elementor-column-wrap elementor-element-populated\">\n\t\t\t\t\t\t\t<div class=\"elementor-widget-wrap\">\n\t\t\t\t\t\t<div class=\"elementor-element elementor-element-746c3c41 elementor-widget elementor-widget-heading\" data-id=\"746c3c41\" data-element_type=\"widget\" data-widget_type=\"heading.default\">\n\t\t\t\t<div class=\"elementor-widget-container\">\n\t\t\t<h1 class=\"elementor-heading-title elementor-size-large\">comunidad<\/h1>\t\t<\/div>\n\t\t\t\t<\/div>\n\t\t\t\t<div class=\"elementor-element elementor-element-1b9133c elementor-widget elementor-widget-heading\" data-id=\"1b9133c\" data-element_type=\"widget\" data-widget_type=\"heading.default\">\n\t\t\t\t<div class=\"elementor-widget-container\">\n\t\t\t<h2 class=\"elementor-heading-title elementor-size-large\">\n<\/h2>\t\t<\/div>\n\t\t\t\t<\/div>\n\t\t\t\t<div class=\"elementor-element elementor-element-40e2f6af elementor-widget-divider--view-line elementor-widget elementor-widget-divider\" data-id=\"40e2f6af\" data-element_type=\"widget\" data-widget_type=\"divider.default\">\n\t\t\t\t<div class=\"elementor-widget-container\">\n\t\t\t\t\t<div class=\"elementor-divider\">\n\t\t\t<span class=\"elementor-divider-separator\">\n\t\t\t\t\t\t<\/span>\n\t\t<\/div>\n\t\t\t\t<\/div>\n\t\t\t\t<\/div>\n\t\t\t\t\t\t<\/div>\n\t\t\t\t\t<\/div>\n\t\t<\/div>\n\t\t\t\t\t\t\t\t<\/div>\n\t\t\t\t\t<\/div>\n\t\t<\/section>\n\t\t\t\t<section class=\"elementor-section elementor-top-section elementor-element elementor-element-7e4f6162 elementor-section-content-middle elementor-section-full_width elementor-section-height-default elementor-section-height-default\" data-id=\"7e4f6162\" data-element_type=\"section\" data-settings=\"{&quot;background_background&quot;:&quot;classic&quot;}\">\n\t\t\t\t\t\t<div class=\"elementor-container elementor-column-gap-no\">\n\t\t\t\t\t\t\t<div class=\"elementor-row\">\n\t\t\t\t\t<div class=\"elementor-column elementor-col-100 elementor-top-column elementor-element elementor-element-62e34bf6\" data-id=\"62e34bf6\" data-element_type=\"column\" data-settings=\"{&quot;background_background&quot;:&quot;classic&quot;}\">\n\t\t\t<div class=\"elementor-column-wrap elementor-element-populated\">\n\t\t\t\t\t\t\t<div class=\"elementor-widget-wrap\">\n\t\t\t\t\t\t<div class=\"elementor-element elementor-element-5cfc2b1 elementor-aspect-ratio-169 elementor-widget elementor-widget-video\" data-id=\"5cfc2b1\" data-element_type=\"widget\" data-settings=\"{&quot;youtube_url&quot;:&quot;https:\\\/\\\/youtu.be\\\/nd6tjzbD324&quot;,&quot;video_type&quot;:&quot;youtube&quot;,&quot;controls&quot;:&quot;yes&quot;,&quot;aspect_ratio&quot;:&quot;169&quot;}\" data-widget_type=\"video.default\">\n\t\t\t\t<div class=\"elementor-widget-container\">\n\t\t\t\t\t<div class=\"elementor-wrapper elementor-fit-aspect-ratio elementor-open-inline\">\n\t\t\t<div class=\"elementor-video\"><\/div>\t\t<\/div>\n\t\t\t\t<\/div>\n\t\t\t\t<\/div>\n\t\t\t\t<section class=\"elementor-section elementor-inner-section elementor-element elementor-element-7b59927e elementor-section-boxed elementor-section-height-default elementor-section-height-default\" data-id=\"7b59927e\" data-element_type=\"section\">\n\t\t\t\t\t\t<div class=\"elementor-container elementor-column-gap-default\">\n\t\t\t\t\t\t\t<div class=\"elementor-row\">\n\t\t\t\t\t<div class=\"elementor-column elementor-col-100 elementor-inner-column elementor-element elementor-element-2dfacc95\" data-id=\"2dfacc95\" data-element_type=\"column\" data-settings=\"{&quot;background_background&quot;:&quot;classic&quot;}\">\n\t\t\t<div class=\"elementor-column-wrap elementor-element-populated\">\n\t\t\t\t\t\t\t<div class=\"elementor-widget-wrap\">\n\t\t\t\t\t\t<div class=\"elementor-element elementor-element-5d67194f elementor-widget elementor-widget-text-editor\" data-id=\"5d67194f\" data-element_type=\"widget\" data-widget_type=\"text-editor.default\">\n\t\t\t\t<div class=\"elementor-widget-container\">\n\t\t\t\t\t\t\t\t<div class=\"elementor-text-editor elementor-clearfix\">\n\t\t\t\t\t<p>La gesti\u00f3n de la relaci\u00f3n con la comunidad corresponde a las Gerencias locales y a la Subgerencia de Asuntos Corporativos, la que se ocupa de mantener un estrecho v\u00ednculo con los diversos p\u00fablicos en las localidades donde opera. Para ello cuenta con un Plan de Relacionamiento Comunitario que cada a\u00f1o refuerza para incorporar nuevas acciones para afianzar su v\u00ednculo con los diversos actores sociales.<\/p><p><span style=\"font-weight: 400;\">La compa\u00f1\u00eda es reconocida por la comunidad por sus buenas pr\u00e1cticas sociales, por su preocupaci\u00f3n por el entorno, por la apertura al di\u00e1logo y el trato directo con sus vecinos.<\/span><\/p><p>\u00a0<\/p><p>\u00a0<\/p><h5>Objetivos del relacionamiento comunitario de Landes<\/h5><ul><li style=\"font-weight: 400;\" aria-level=\"1\"><span style=\"font-weight: 400;\">Tener un contacto cercano para conocer de primera fuente sus inquietudes respecto de la empresa<\/span><\/li><li style=\"font-weight: 400;\" aria-level=\"1\"><span style=\"font-weight: 400;\">Generar una relaci\u00f3n permanente a trav\u00e9s de los diversos canales implementados<\/span><\/li><li style=\"font-weight: 400;\" aria-level=\"1\"><span style=\"font-weight: 400;\">Ser agentes activos en la generaci\u00f3n de bienestar y alianzas con la comunidad<\/span><\/li><\/ul><h5>Programas comunitarios<\/h5><p><span style=\"font-weight: 400;\">La responsabilidad de este \u00edtem recae en la Gerencia Local y la Subgerencia de Asuntos P\u00fablicos, cuyos recursos pueden ser financieros, humanos, tecnol\u00f3gicos o materiales, seg\u00fan la necesidad.\u00a0<\/span><\/p><p class=\"p1\">\u00a0<\/p>\t\t\t\t\t<\/div>\n\t\t\t\t\t\t<\/div>\n\t\t\t\t<\/div>\n\t\t\t\t<div class=\"elementor-element elementor-element-535443a5 elementor-widget elementor-widget-heading\" data-id=\"535443a5\" data-element_type=\"widget\" data-widget_type=\"heading.default\">\n\t\t\t\t<div class=\"elementor-widget-container\">\n\t\t\t<h4 class=\"elementor-heading-title elementor-size-large\"><b>Inauguraci\u00f3n sala de ventas Chilo\u00e9\n<\/b>En enero de 2020, Landes Mussels abri\u00f3 una sala de venta de productos propios y de terceros a un costado de la planta en Dalcahue, Chilo\u00e9. El objetivo es ofrecer a la comunidad los productos que elabora y procesa la compa\u00f1\u00eda a precios convenientes. Todos los mi\u00e9rcoles hay un 10% de descuento para el p\u00fablico general y los trabajadores tienen un descuento permanente de 10% para la compra de productos.\n\n<\/h4>\t\t<\/div>\n\t\t\t\t<\/div>\n\t\t\t\t\t\t<\/div>\n\t\t\t\t\t<\/div>\n\t\t<\/div>\n\t\t\t\t\t\t\t\t<\/div>\n\t\t\t\t\t<\/div>\n\t\t<\/section>\n\t\t\t\t<div class=\"elementor-element elementor-element-ee1ab6e elementor-widget elementor-widget-spacer\" data-id=\"ee1ab6e\" data-element_type=\"widget\" data-widget_type=\"spacer.default\">\n\t\t\t\t<div class=\"elementor-widget-container\">\n\t\t\t\t\t<div class=\"elementor-spacer\">\n\t\t\t<div class=\"elementor-spacer-inner\"><\/div>\n\t\t<\/div>\n\t\t\t\t<\/div>\n\t\t\t\t<\/div>\n\t\t\t\t\t\t<\/div>\n\t\t\t\t\t<\/div>\n\t\t<\/div>\n\t\t\t\t\t\t\t\t<\/div>\n\t\t\t\t\t<\/div>\n\t\t<\/section>\n\t\t\t\t<section class=\"elementor-section elementor-top-section elementor-element elementor-element-30d6a96 elementor-section-height-min-height elementor-section-boxed elementor-section-height-default elementor-section-items-middle\" data-id=\"30d6a96\" data-element_type=\"section\" data-settings=\"{&quot;background_background&quot;:&quot;classic&quot;}\">\n\t\t\t\t\t\t\t<div class=\"elementor-background-overlay\"><\/div>\n\t\t\t\t\t\t\t<div class=\"elementor-container elementor-column-gap-default\">\n\t\t\t\t\t\t\t<div class=\"elementor-row\">\n\t\t\t\t\t<div class=\"elementor-column elementor-col-100 elementor-top-column elementor-element elementor-element-2a9e7df\" data-id=\"2a9e7df\" data-element_type=\"column\">\n\t\t\t<div class=\"elementor-column-wrap\">\n\t\t\t\t\t\t\t<div class=\"elementor-widget-wrap\">\n\t\t\t\t\t\t\t\t<\/div>\n\t\t\t\t\t<\/div>\n\t\t<\/div>\n\t\t\t\t\t\t\t\t<\/div>\n\t\t\t\t\t<\/div>\n\t\t<\/section>\n\t\t\t\t<section class=\"elementor-section elementor-top-section elementor-element elementor-element-63cbc39 elementor-section-content-middle elementor-section-full_width elementor-section-height-default elementor-section-height-default\" data-id=\"63cbc39\" data-element_type=\"section\" data-settings=\"{&quot;background_background&quot;:&quot;classic&quot;}\">\n\t\t\t\t\t\t<div class=\"elementor-container elementor-column-gap-no\">\n\t\t\t\t\t\t\t<div class=\"elementor-row\">\n\t\t\t\t\t<div class=\"elementor-column elementor-col-100 elementor-top-column elementor-element elementor-element-dc6935c\" data-id=\"dc6935c\" data-element_type=\"column\" data-settings=\"{&quot;background_background&quot;:&quot;classic&quot;}\">\n\t\t\t<div class=\"elementor-column-wrap elementor-element-populated\">\n\t\t\t\t\t\t\t<div class=\"elementor-widget-wrap\">\n\t\t\t\t\t\t<div class=\"elementor-element elementor-element-ea5c589 elementor-widget elementor-widget-spacer\" data-id=\"ea5c589\" data-element_type=\"widget\" data-widget_type=\"spacer.default\">\n\t\t\t\t<div class=\"elementor-widget-container\">\n\t\t\t\t\t<div class=\"elementor-spacer\">\n\t\t\t<div class=\"elementor-spacer-inner\"><\/div>\n\t\t<\/div>\n\t\t\t\t<\/div>\n\t\t\t\t<\/div>\n\t\t\t\t<section class=\"elementor-section elementor-inner-section elementor-element elementor-element-9926ab8 elementor-section-boxed elementor-section-height-default elementor-section-height-default\" data-id=\"9926ab8\" data-element_type=\"section\">\n\t\t\t\t\t\t<div class=\"elementor-container elementor-column-gap-default\">\n\t\t\t\t\t\t\t<div class=\"elementor-row\">\n\t\t\t\t\t<div class=\"elementor-column elementor-col-100 elementor-inner-column elementor-element elementor-element-91b60fc\" data-id=\"91b60fc\" data-element_type=\"column\" data-settings=\"{&quot;background_background&quot;:&quot;classic&quot;}\">\n\t\t\t<div class=\"elementor-column-wrap elementor-element-populated\">\n\t\t\t\t\t\t\t<div class=\"elementor-widget-wrap\">\n\t\t\t\t\t\t<div class=\"elementor-element elementor-element-2ab25c4 elementor-widget elementor-widget-heading\" data-id=\"2ab25c4\" data-element_type=\"widget\" data-widget_type=\"heading.default\">\n\t\t\t\t<div class=\"elementor-widget-container\">\n\t\t\t<h4 class=\"elementor-heading-title elementor-size-large\">Hitos 2019-2020<\/h4>\t\t<\/div>\n\t\t\t\t<\/div>\n\t\t\t\t\t\t<\/div>\n\t\t\t\t\t<\/div>\n\t\t<\/div>\n\t\t\t\t\t\t\t\t<\/div>\n\t\t\t\t\t<\/div>\n\t\t<\/section>\n\t\t\t\t<section class=\"elementor-section elementor-inner-section elementor-element elementor-element-c38efef elementor-section-boxed elementor-section-height-default elementor-section-height-default\" data-id=\"c38efef\" data-element_type=\"section\">\n\t\t\t\t\t\t<div class=\"elementor-container elementor-column-gap-default\">\n\t\t\t\t\t\t\t<div class=\"elementor-row\">\n\t\t\t\t\t<div class=\"elementor-column elementor-col-50 elementor-inner-column elementor-element elementor-element-3c3e83a\" data-id=\"3c3e83a\" data-element_type=\"column\" data-settings=\"{&quot;background_background&quot;:&quot;classic&quot;}\">\n\t\t\t<div class=\"elementor-column-wrap elementor-element-populated\">\n\t\t\t\t\t\t\t<div class=\"elementor-widget-wrap\">\n\t\t\t\t\t\t<div class=\"elementor-element elementor-element-a43514b elementor-widget elementor-widget-text-editor\" data-id=\"a43514b\" data-element_type=\"widget\" data-widget_type=\"text-editor.default\">\n\t\t\t\t<div class=\"elementor-widget-container\">\n\t\t\t\t\t\t\t\t<div class=\"elementor-text-editor elementor-clearfix\">\n\t\t\t\t\t<h5>Participaci\u00f3n de la iniciativa Banco de Alimentos del Mar<\/h5>\n<span style=\"font-weight: 400;\">Landes se sum\u00f3 al proyecto impulsado por los pescadores industriales del Biob\u00edo para apoyar a los adultos mayores vulnerables de las regiones del Maule, Biob\u00edo, \u00d1uble y Araucan\u00eda. Durante el 2020 se entregaron raciones de pescado semanales a m\u00e1s de 3 mil adultos mayores de 4 regiones del pa\u00eds. En total fueron m\u00e1s de 24 mil almuerzos al mes. La iniciativa continuar\u00e1 durante el 2021.\t\t\t\t\t<\/div>\n\t\t\t\t\t\t<\/div>\n\t\t\t\t<\/div>\n\t\t\t\t\t\t<\/div>\n\t\t\t\t\t<\/div>\n\t\t<\/div>\n\t\t\t\t<div class=\"elementor-column elementor-col-50 elementor-inner-column elementor-element elementor-element-b323f65\" data-id=\"b323f65\" data-element_type=\"column\" data-settings=\"{&quot;background_background&quot;:&quot;classic&quot;}\">\n\t\t\t<div class=\"elementor-column-wrap elementor-element-populated\">\n\t\t\t\t\t\t\t<div class=\"elementor-widget-wrap\">\n\t\t\t\t\t\t<div class=\"elementor-element elementor-element-a3903d6 elementor-widget elementor-widget-image\" data-id=\"a3903d6\" data-element_type=\"widget\" data-widget_type=\"image.default\">\n\t\t\t\t<div class=\"elementor-widget-container\">\n\t\t\t\t\t\t\t\t<div class=\"elementor-image\">\n\t\t\t\t\t\t\t\t\t\t\t\t<img loading=\"lazy\" decoding=\"async\" width=\"1024\" height=\"551\" src=\"https:\/\/landes.cl\/reportesostenibilidad2019-2020\/wp-content\/uploads\/2021\/03\/WhatsApp-Image-2021-03-26-at-4.29.43-PM-1024x551.jpeg\" class=\"attachment-large size-large\" alt=\"\" srcset=\"https:\/\/landes.cl\/reportesostenibilidad2019-2020\/wp-content\/uploads\/2021\/03\/WhatsApp-Image-2021-03-26-at-4.29.43-PM-1024x551.jpeg 1024w, https:\/\/landes.cl\/reportesostenibilidad2019-2020\/wp-content\/uploads\/2021\/03\/WhatsApp-Image-2021-03-26-at-4.29.43-PM-300x161.jpeg 300w, https:\/\/landes.cl\/reportesostenibilidad2019-2020\/wp-content\/uploads\/2021\/03\/WhatsApp-Image-2021-03-26-at-4.29.43-PM-768x413.jpeg 768w, https:\/\/landes.cl\/reportesostenibilidad2019-2020\/wp-content\/uploads\/2021\/03\/WhatsApp-Image-2021-03-26-at-4.29.43-PM.jpeg 1275w\" sizes=\"auto, (max-width: 1024px) 100vw, 1024px\" \/>\t\t\t\t\t\t\t\t\t\t\t\t\t\t<\/div>\n\t\t\t\t\t\t<\/div>\n\t\t\t\t<\/div>\n\t\t\t\t\t\t<\/div>\n\t\t\t\t\t<\/div>\n\t\t<\/div>\n\t\t\t\t\t\t\t\t<\/div>\n\t\t\t\t\t<\/div>\n\t\t<\/section>\n\t\t\t\t<div class=\"elementor-element elementor-element-0e2eae3 elementor-widget elementor-widget-spacer\" data-id=\"0e2eae3\" data-element_type=\"widget\" data-widget_type=\"spacer.default\">\n\t\t\t\t<div class=\"elementor-widget-container\">\n\t\t\t\t\t<div class=\"elementor-spacer\">\n\t\t\t<div class=\"elementor-spacer-inner\"><\/div>\n\t\t<\/div>\n\t\t\t\t<\/div>\n\t\t\t\t<\/div>\n\t\t\t\t<section class=\"elementor-section elementor-inner-section elementor-element elementor-element-3f854b2 elementor-section-boxed elementor-section-height-default elementor-section-height-default\" data-id=\"3f854b2\" data-element_type=\"section\">\n\t\t\t\t\t\t<div class=\"elementor-container elementor-column-gap-default\">\n\t\t\t\t\t\t\t<div class=\"elementor-row\">\n\t\t\t\t\t<div class=\"elementor-column elementor-col-50 elementor-inner-column elementor-element elementor-element-e7eec7a\" data-id=\"e7eec7a\" data-element_type=\"column\" data-settings=\"{&quot;background_background&quot;:&quot;classic&quot;}\">\n\t\t\t<div class=\"elementor-column-wrap elementor-element-populated\">\n\t\t\t\t\t\t\t<div class=\"elementor-widget-wrap\">\n\t\t\t\t\t\t<div class=\"elementor-element elementor-element-1fb3ed8 elementor-widget elementor-widget-image\" data-id=\"1fb3ed8\" data-element_type=\"widget\" data-widget_type=\"image.default\">\n\t\t\t\t<div class=\"elementor-widget-container\">\n\t\t\t\t\t\t\t\t<div class=\"elementor-image\">\n\t\t\t\t\t\t\t\t\t\t\t\t<img loading=\"lazy\" decoding=\"async\" width=\"1024\" height=\"686\" src=\"https:\/\/landes.cl\/reportesostenibilidad2019-2020\/wp-content\/uploads\/2021\/03\/fiscalizacion-camiones-2-1024x686.jpg\" class=\"attachment-large size-large\" alt=\"\" srcset=\"https:\/\/landes.cl\/reportesostenibilidad2019-2020\/wp-content\/uploads\/2021\/03\/fiscalizacion-camiones-2-1024x686.jpg 1024w, https:\/\/landes.cl\/reportesostenibilidad2019-2020\/wp-content\/uploads\/2021\/03\/fiscalizacion-camiones-2-300x201.jpg 300w, https:\/\/landes.cl\/reportesostenibilidad2019-2020\/wp-content\/uploads\/2021\/03\/fiscalizacion-camiones-2-768x514.jpg 768w, https:\/\/landes.cl\/reportesostenibilidad2019-2020\/wp-content\/uploads\/2021\/03\/fiscalizacion-camiones-2-1536x1028.jpg 1536w, https:\/\/landes.cl\/reportesostenibilidad2019-2020\/wp-content\/uploads\/2021\/03\/fiscalizacion-camiones-2.jpg 2000w\" sizes=\"auto, (max-width: 1024px) 100vw, 1024px\" \/>\t\t\t\t\t\t\t\t\t\t\t\t\t\t<\/div>\n\t\t\t\t\t\t<\/div>\n\t\t\t\t<\/div>\n\t\t\t\t\t\t<\/div>\n\t\t\t\t\t<\/div>\n\t\t<\/div>\n\t\t\t\t<div class=\"elementor-column elementor-col-50 elementor-inner-column elementor-element elementor-element-d865de4\" data-id=\"d865de4\" data-element_type=\"column\">\n\t\t\t<div class=\"elementor-column-wrap elementor-element-populated\">\n\t\t\t\t\t\t\t<div class=\"elementor-widget-wrap\">\n\t\t\t\t\t\t<div class=\"elementor-element elementor-element-d402ea2 elementor-widget elementor-widget-text-editor\" data-id=\"d402ea2\" data-element_type=\"widget\" data-widget_type=\"text-editor.default\">\n\t\t\t\t<div class=\"elementor-widget-container\">\n\t\t\t\t\t\t\t\t<div class=\"elementor-text-editor elementor-clearfix\">\n\t\t\t\t\t<h5>Protocolo de gesti\u00f3n de consultas y reclamos<\/h5>\n\n<span style=\"font-weight: 400;\">Como cada a\u00f1o, Landes se reuni\u00f3 con los vecinos de los sectores aleda\u00f1os a su \u00e1rea de operaci\u00f3n para reforzar y actualizar el protocolo de gesti\u00f3n de consultas y reclamos ante posibles contigencias por eventos de olores o derrame que pudiera ocurrir con el tr\u00e1nsito de camiones con pesca.\u00a0<\/span>\n\n<span style=\"font-weight: 400;\">El encuentro que fue organizado por Landes en conjunto con la Uni\u00f3n Comunal de Juntas de Vecinos de Talcahuano y asistieron representantes de las juntas de vecinos de El Morro, Gaete, Simons, Condominio El Morro y Libertad; adem\u00e1s del equipo de Seguridad P\u00fablica y Operaciones del municipio, encabezado por su director, \u00c1lvaro Caballero y del territorial del sector centro de la comuna, Carlos Montes.<\/span>\t\t\t\t\t<\/div>\n\t\t\t\t\t\t<\/div>\n\t\t\t\t<\/div>\n\t\t\t\t\t\t<\/div>\n\t\t\t\t\t<\/div>\n\t\t<\/div>\n\t\t\t\t\t\t\t\t<\/div>\n\t\t\t\t\t<\/div>\n\t\t<\/section>\n\t\t\t\t<div class=\"elementor-element elementor-element-892a450 elementor-widget elementor-widget-spacer\" data-id=\"892a450\" data-element_type=\"widget\" data-widget_type=\"spacer.default\">\n\t\t\t\t<div class=\"elementor-widget-container\">\n\t\t\t\t\t<div class=\"elementor-spacer\">\n\t\t\t<div class=\"elementor-spacer-inner\"><\/div>\n\t\t<\/div>\n\t\t\t\t<\/div>\n\t\t\t\t<\/div>\n\t\t\t\t<section class=\"elementor-section elementor-inner-section elementor-element elementor-element-f7dfb7f elementor-section-boxed elementor-section-height-default elementor-section-height-default\" data-id=\"f7dfb7f\" data-element_type=\"section\">\n\t\t\t\t\t\t<div class=\"elementor-container elementor-column-gap-default\">\n\t\t\t\t\t\t\t<div class=\"elementor-row\">\n\t\t\t\t\t<div class=\"elementor-column elementor-col-50 elementor-inner-column elementor-element elementor-element-3c8b3a3\" data-id=\"3c8b3a3\" data-element_type=\"column\" data-settings=\"{&quot;background_background&quot;:&quot;classic&quot;}\">\n\t\t\t<div class=\"elementor-column-wrap elementor-element-populated\">\n\t\t\t\t\t\t\t<div class=\"elementor-widget-wrap\">\n\t\t\t\t\t\t<div class=\"elementor-element elementor-element-67cae35 elementor-widget elementor-widget-image\" data-id=\"67cae35\" data-element_type=\"widget\" data-widget_type=\"image.default\">\n\t\t\t\t<div class=\"elementor-widget-container\">\n\t\t\t\t\t\t\t\t<div class=\"elementor-image\">\n\t\t\t\t\t\t\t\t\t\t\t\t<img loading=\"lazy\" decoding=\"async\" width=\"1024\" height=\"768\" src=\"https:\/\/landes.cl\/reportesostenibilidad2019-2020\/wp-content\/uploads\/2021\/03\/almuerzo-dirgentas-3-1024x768.jpg\" class=\"attachment-large size-large\" alt=\"\" srcset=\"https:\/\/landes.cl\/reportesostenibilidad2019-2020\/wp-content\/uploads\/2021\/03\/almuerzo-dirgentas-3-1024x768.jpg 1024w, https:\/\/landes.cl\/reportesostenibilidad2019-2020\/wp-content\/uploads\/2021\/03\/almuerzo-dirgentas-3-300x225.jpg 300w, https:\/\/landes.cl\/reportesostenibilidad2019-2020\/wp-content\/uploads\/2021\/03\/almuerzo-dirgentas-3-768x576.jpg 768w, https:\/\/landes.cl\/reportesostenibilidad2019-2020\/wp-content\/uploads\/2021\/03\/almuerzo-dirgentas-3.jpg 1280w\" sizes=\"auto, (max-width: 1024px) 100vw, 1024px\" \/>\t\t\t\t\t\t\t\t\t\t\t\t\t\t<\/div>\n\t\t\t\t\t\t<\/div>\n\t\t\t\t<\/div>\n\t\t\t\t\t\t<\/div>\n\t\t\t\t\t<\/div>\n\t\t<\/div>\n\t\t\t\t<div class=\"elementor-column elementor-col-50 elementor-inner-column elementor-element elementor-element-83dd09b\" data-id=\"83dd09b\" data-element_type=\"column\">\n\t\t\t<div class=\"elementor-column-wrap elementor-element-populated\">\n\t\t\t\t\t\t\t<div class=\"elementor-widget-wrap\">\n\t\t\t\t\t\t<div class=\"elementor-element elementor-element-57127f6 elementor-widget elementor-widget-text-editor\" data-id=\"57127f6\" data-element_type=\"widget\" data-widget_type=\"text-editor.default\">\n\t\t\t\t<div class=\"elementor-widget-container\">\n\t\t\t\t\t\t\t\t<div class=\"elementor-text-editor elementor-clearfix\">\n\t\t\t\t\t<h5>Celebraci\u00f3n d\u00eda del dirigente 2019<\/h5>\n<span style=\"font-weight: 400;\">Landes siempre se ha caracterizado por tener planes de relacionamiento comunitario en los territorios donde opera. Adem\u00e1s de la pol\u00edtica de puertas abiertas para que conozcan los procesos, se trabaja junto a los vecinos para aportar a mejorar su calidad de vida y la de los entornos de la empresa.\u00a0<\/span>\n\n<span style=\"font-weight: 400;\">Todos los a\u00f1os se celebra el D\u00eda del Dirigente Vecinal para reconocer la labor que realizan con los vecinos de la empresa. En esta oportunidad, 14 dirigentes de las Juntas de El Morro, Simons, Libertad Norte y Sur, Gaete y la Uni\u00f3n Comunal de Talcahuano fueron invitados a un almuerzo en las oficinas de Landes de Isla Rocuant. En el encuentro, se habl\u00f3 sobre el trabajo del 2019 y tambi\u00e9n de la compleja situaci\u00f3n que enfrentaba la empresa producto de la Ley de la Jibia.\u00a0<\/span>\t\t\t\t\t<\/div>\n\t\t\t\t\t\t<\/div>\n\t\t\t\t<\/div>\n\t\t\t\t\t\t<\/div>\n\t\t\t\t\t<\/div>\n\t\t<\/div>\n\t\t\t\t\t\t\t\t<\/div>\n\t\t\t\t\t<\/div>\n\t\t<\/section>\n\t\t\t\t<div class=\"elementor-element elementor-element-bf99e0d elementor-widget elementor-widget-spacer\" data-id=\"bf99e0d\" data-element_type=\"widget\" data-widget_type=\"spacer.default\">\n\t\t\t\t<div class=\"elementor-widget-container\">\n\t\t\t\t\t<div class=\"elementor-spacer\">\n\t\t\t<div class=\"elementor-spacer-inner\"><\/div>\n\t\t<\/div>\n\t\t\t\t<\/div>\n\t\t\t\t<\/div>\n\t\t\t\t<section class=\"elementor-section elementor-inner-section elementor-element elementor-element-b57fbab elementor-section-boxed elementor-section-height-default elementor-section-height-default\" data-id=\"b57fbab\" data-element_type=\"section\">\n\t\t\t\t\t\t<div class=\"elementor-container elementor-column-gap-default\">\n\t\t\t\t\t\t\t<div class=\"elementor-row\">\n\t\t\t\t\t<div class=\"elementor-column elementor-col-50 elementor-inner-column elementor-element elementor-element-d723c9b\" data-id=\"d723c9b\" data-element_type=\"column\" data-settings=\"{&quot;background_background&quot;:&quot;classic&quot;}\">\n\t\t\t<div class=\"elementor-column-wrap elementor-element-populated\">\n\t\t\t\t\t\t\t<div class=\"elementor-widget-wrap\">\n\t\t\t\t\t\t<div class=\"elementor-element elementor-element-719e7a2 elementor-widget elementor-widget-text-editor\" data-id=\"719e7a2\" data-element_type=\"widget\" data-widget_type=\"text-editor.default\">\n\t\t\t\t<div class=\"elementor-widget-container\">\n\t\t\t\t\t\t\t\t<div class=\"elementor-text-editor elementor-clearfix\">\n\t\t\t\t\t<h5>Compromiso con la limpieza de playas <\/h5>\n<span style=\"font-weight: 400;\">El viernes 27 de septiembre de 2019 se celebr\u00f3 el \u201cD\u00eda Internacional de Limpieza de Playas\u201d, en el que m\u00e1s de 120 pa\u00edses participan anualmente.<\/span>\n\nLa limpieza de playas es una actividad en la que Landes participa activamente, principalmente en los sectores cercanos a su operaci\u00f3n. Entre el 2019 y el 2020, un total de 130 trabajadores de Talcahuano, Santiago y Chilo\u00e9 recogieron basura de las playas de San Juan, Quetalco, Curahue y Calen en la isla y de San Vicente y El Morro, en la octava regi\u00f3n.\n\t\t\t\t\t<\/div>\n\t\t\t\t\t\t<\/div>\n\t\t\t\t<\/div>\n\t\t\t\t\t\t<\/div>\n\t\t\t\t\t<\/div>\n\t\t<\/div>\n\t\t\t\t<div class=\"elementor-column elementor-col-50 elementor-inner-column elementor-element elementor-element-e2c4768\" data-id=\"e2c4768\" data-element_type=\"column\">\n\t\t\t<div class=\"elementor-column-wrap elementor-element-populated\">\n\t\t\t\t\t\t\t<div class=\"elementor-widget-wrap\">\n\t\t\t\t\t\t<div class=\"elementor-element elementor-element-0f0e6b3 elementor-widget elementor-widget-image\" data-id=\"0f0e6b3\" data-element_type=\"widget\" data-widget_type=\"image.default\">\n\t\t\t\t<div class=\"elementor-widget-container\">\n\t\t\t\t\t\t\t\t<div class=\"elementor-image\">\n\t\t\t\t\t\t\t\t\t\t\t\t<img loading=\"lazy\" decoding=\"async\" width=\"1024\" height=\"575\" src=\"https:\/\/landes.cl\/reportesostenibilidad2019-2020\/wp-content\/uploads\/2020\/12\/limpieza-playas-Calen-1-1024x575.jpeg\" class=\"attachment-large size-large\" alt=\"\" srcset=\"https:\/\/landes.cl\/reportesostenibilidad2019-2020\/wp-content\/uploads\/2020\/12\/limpieza-playas-Calen-1-1024x575.jpeg 1024w, https:\/\/landes.cl\/reportesostenibilidad2019-2020\/wp-content\/uploads\/2020\/12\/limpieza-playas-Calen-1-300x168.jpeg 300w, https:\/\/landes.cl\/reportesostenibilidad2019-2020\/wp-content\/uploads\/2020\/12\/limpieza-playas-Calen-1-768x431.jpeg 768w, https:\/\/landes.cl\/reportesostenibilidad2019-2020\/wp-content\/uploads\/2020\/12\/limpieza-playas-Calen-1.jpeg 1040w\" sizes=\"auto, (max-width: 1024px) 100vw, 1024px\" \/>\t\t\t\t\t\t\t\t\t\t\t\t\t\t<\/div>\n\t\t\t\t\t\t<\/div>\n\t\t\t\t<\/div>\n\t\t\t\t\t\t<\/div>\n\t\t\t\t\t<\/div>\n\t\t<\/div>\n\t\t\t\t\t\t\t\t<\/div>\n\t\t\t\t\t<\/div>\n\t\t<\/section>\n\t\t\t\t<div class=\"elementor-element elementor-element-0aadcbc elementor-widget elementor-widget-spacer\" data-id=\"0aadcbc\" data-element_type=\"widget\" data-widget_type=\"spacer.default\">\n\t\t\t\t<div class=\"elementor-widget-container\">\n\t\t\t\t\t<div class=\"elementor-spacer\">\n\t\t\t<div class=\"elementor-spacer-inner\"><\/div>\n\t\t<\/div>\n\t\t\t\t<\/div>\n\t\t\t\t<\/div>\n\t\t\t\t<section class=\"elementor-section elementor-inner-section elementor-element elementor-element-45791c8 elementor-section-boxed elementor-section-height-default elementor-section-height-default\" data-id=\"45791c8\" data-element_type=\"section\">\n\t\t\t\t\t\t<div class=\"elementor-container elementor-column-gap-default\">\n\t\t\t\t\t\t\t<div class=\"elementor-row\">\n\t\t\t\t\t<div class=\"elementor-column elementor-col-100 elementor-inner-column elementor-element elementor-element-4800a00\" data-id=\"4800a00\" data-element_type=\"column\" data-settings=\"{&quot;background_background&quot;:&quot;classic&quot;}\">\n\t\t\t<div class=\"elementor-column-wrap elementor-element-populated\">\n\t\t\t\t\t\t\t<div class=\"elementor-widget-wrap\">\n\t\t\t\t\t\t<div class=\"elementor-element elementor-element-0a51880 elementor-widget elementor-widget-heading\" data-id=\"0a51880\" data-element_type=\"widget\" data-widget_type=\"heading.default\">\n\t\t\t\t<div class=\"elementor-widget-container\">\n\t\t\t<h4 class=\"elementor-heading-title elementor-size-large\">Participaci\u00f3n de Landes en Mesas Tripartitas<\/h4>\t\t<\/div>\n\t\t\t\t<\/div>\n\t\t\t\t<div class=\"elementor-element elementor-element-60f4504 elementor-widget elementor-widget-text-editor\" data-id=\"60f4504\" data-element_type=\"widget\" data-widget_type=\"text-editor.default\">\n\t\t\t\t<div class=\"elementor-widget-container\">\n\t\t\t\t\t\t\t\t<div class=\"elementor-text-editor elementor-clearfix\">\n\t\t\t\t\t<h5>Mesa tripartita San Vicente<\/h5>\t\t\t\t\t<\/div>\n\t\t\t\t\t\t<\/div>\n\t\t\t\t<\/div>\n\t\t\t\t<div class=\"elementor-element elementor-element-74288c3 elementor-widget elementor-widget-text-editor\" data-id=\"74288c3\" data-element_type=\"widget\" data-widget_type=\"text-editor.default\">\n\t\t\t\t<div class=\"elementor-widget-container\">\n\t\t\t\t\t\t\t\t<div class=\"elementor-text-editor elementor-clearfix\">\n\t\t\t\t\t<p>Landes forma parte de esta comisi\u00f3n, cuyo principal objetivo es generar una instancia de di\u00e1logo permanente en torno a temas ambientales entre la comunidad, representadas por los dirigentes de las juntas de vecinos, las empresas y la Municipalidad.<\/p><p>\u00a0<\/p>\t\t\t\t\t<\/div>\n\t\t\t\t\t\t<\/div>\n\t\t\t\t<\/div>\n\t\t\t\t\t\t<\/div>\n\t\t\t\t\t<\/div>\n\t\t<\/div>\n\t\t\t\t\t\t\t\t<\/div>\n\t\t\t\t\t<\/div>\n\t\t<\/section>\n\t\t\t\t<div class=\"elementor-element elementor-element-9d8bbd1 elementor-widget elementor-widget-image\" data-id=\"9d8bbd1\" data-element_type=\"widget\" data-widget_type=\"image.default\">\n\t\t\t\t<div class=\"elementor-widget-container\">\n\t\t\t\t\t\t\t\t<div class=\"elementor-image\">\n\t\t\t\t\t\t\t\t\t\t\t\t\t<a href=\"https:\/\/landes.cl\/reportesostenibilidad2019-2020\/wp-content\/uploads\/2021\/03\/mesa-empresas.-jpg.png\" data-elementor-open-lightbox=\"yes\" data-elementor-lightbox-title=\"mesa empresas. jpg\">\n\t\t\t\t\t\t\t<img loading=\"lazy\" decoding=\"async\" width=\"567\" height=\"319\" src=\"https:\/\/landes.cl\/reportesostenibilidad2019-2020\/wp-content\/uploads\/2021\/03\/mesa-empresas.-jpg.png\" class=\"attachment-large size-large\" alt=\"\" srcset=\"https:\/\/landes.cl\/reportesostenibilidad2019-2020\/wp-content\/uploads\/2021\/03\/mesa-empresas.-jpg.png 567w, https:\/\/landes.cl\/reportesostenibilidad2019-2020\/wp-content\/uploads\/2021\/03\/mesa-empresas.-jpg-300x169.png 300w\" sizes=\"auto, (max-width: 567px) 100vw, 567px\" \/>\t\t\t\t\t\t\t\t<\/a>\n\t\t\t\t\t\t\t\t\t\t\t\t\t\t<\/div>\n\t\t\t\t\t\t<\/div>\n\t\t\t\t<\/div>\n\t\t\t\t<section class=\"elementor-section elementor-inner-section elementor-element elementor-element-e81b4e0 elementor-section-boxed elementor-section-height-default elementor-section-height-default\" data-id=\"e81b4e0\" data-element_type=\"section\">\n\t\t\t\t\t\t<div class=\"elementor-container elementor-column-gap-default\">\n\t\t\t\t\t\t\t<div class=\"elementor-row\">\n\t\t\t\t\t<div class=\"elementor-column elementor-col-100 elementor-inner-column elementor-element elementor-element-7228380\" data-id=\"7228380\" data-element_type=\"column\" data-settings=\"{&quot;background_background&quot;:&quot;classic&quot;}\">\n\t\t\t<div class=\"elementor-column-wrap elementor-element-populated\">\n\t\t\t\t\t\t\t<div class=\"elementor-widget-wrap\">\n\t\t\t\t\t\t<div class=\"elementor-element elementor-element-a7e4447 elementor-widget elementor-widget-text-editor\" data-id=\"a7e4447\" data-element_type=\"widget\" data-widget_type=\"text-editor.default\">\n\t\t\t\t<div class=\"elementor-widget-container\">\n\t\t\t\t\t\t\t\t<div class=\"elementor-text-editor elementor-clearfix\">\n\t\t\t\t\t<h5>Mesa tripartita Libertad-Gaete\u00a0<\/h5>\t\t\t\t\t<\/div>\n\t\t\t\t\t\t<\/div>\n\t\t\t\t<\/div>\n\t\t\t\t<div class=\"elementor-element elementor-element-e570be6 elementor-widget elementor-widget-text-editor\" data-id=\"e570be6\" data-element_type=\"widget\" data-widget_type=\"text-editor.default\">\n\t\t\t\t<div class=\"elementor-widget-container\">\n\t\t\t\t\t\t\t\t<div class=\"elementor-text-editor elementor-clearfix\">\n\t\t\t\t\t<p>Esta instancia, dirigida por el departamento de Medioambiente de la Municipalidad de Talcahuano, Landes participa junto a diferentes empresas de la comuna (Huachipato, Maritano, Pacific Blu, Blumar, Inchalam, Cementos Biob\u00edo, Essbio) y las juntas de vecinos del sector. Su objetivo es atender las necesidades medioambientales de la comunidad, evaluar proyectos para mejorar las condiciones de vida e informarse de la realidad de cada junta de vecinos.<\/p>\t\t\t\t\t<\/div>\n\t\t\t\t\t\t<\/div>\n\t\t\t\t<\/div>\n\t\t\t\t\t\t<\/div>\n\t\t\t\t\t<\/div>\n\t\t<\/div>\n\t\t\t\t\t\t\t\t<\/div>\n\t\t\t\t\t<\/div>\n\t\t<\/section>\n\t\t\t\t<section class=\"elementor-section elementor-inner-section elementor-element elementor-element-f8c0817 elementor-section-boxed elementor-section-height-default elementor-section-height-default\" data-id=\"f8c0817\" data-element_type=\"section\">\n\t\t\t\t\t\t<div class=\"elementor-container elementor-column-gap-default\">\n\t\t\t\t\t\t\t<div class=\"elementor-row\">\n\t\t\t\t\t<div class=\"elementor-column elementor-col-100 elementor-inner-column elementor-element elementor-element-efacefe\" data-id=\"efacefe\" data-element_type=\"column\" data-settings=\"{&quot;background_background&quot;:&quot;classic&quot;}\">\n\t\t\t<div class=\"elementor-column-wrap elementor-element-populated\">\n\t\t\t\t\t\t\t<div class=\"elementor-widget-wrap\">\n\t\t\t\t\t\t<div class=\"elementor-element elementor-element-6a8c31e elementor-widget elementor-widget-spacer\" data-id=\"6a8c31e\" data-element_type=\"widget\" data-widget_type=\"spacer.default\">\n\t\t\t\t<div class=\"elementor-widget-container\">\n\t\t\t\t\t<div class=\"elementor-spacer\">\n\t\t\t<div class=\"elementor-spacer-inner\"><\/div>\n\t\t<\/div>\n\t\t\t\t<\/div>\n\t\t\t\t<\/div>\n\t\t\t\t<div class=\"elementor-element elementor-element-c8e444a elementor-widget elementor-widget-heading\" data-id=\"c8e444a\" data-element_type=\"widget\" data-widget_type=\"heading.default\">\n\t\t\t\t<div class=\"elementor-widget-container\">\n\t\t\t<h4 class=\"elementor-heading-title elementor-size-large\">El manejo de la crisis provocada por el Covid\n<\/h4>\t\t<\/div>\n\t\t\t\t<\/div>\n\t\t\t\t<div class=\"elementor-element elementor-element-646fb48 elementor-widget elementor-widget-text-editor\" data-id=\"646fb48\" data-element_type=\"widget\" data-widget_type=\"text-editor.default\">\n\t\t\t\t<div class=\"elementor-widget-container\">\n\t\t\t\t\t\t\t\t<div class=\"elementor-text-editor elementor-clearfix\">\n\t\t\t\t\t<p class=\"p1\"><span class=\"s1\">La emergencia sanitaria producida por el covid-19 cambi\u00f3 la forma de vivir y trabajar. Landes tuvo que adecuarse a esta nueva realidad, tomando todas las medidas necesarias para no interrumpir la cadena productiva, asegurando la salud y seguridad de sus trabajadores sin acogerse a la Ley de Protecci\u00f3n del Empleo y sin despedir a ning\u00fan trabajador.<\/span><\/p><p class=\"p1\"><span class=\"s1\">Para prevenir contagios, la empresa desarroll\u00f3 estrictos protocolos de seguridad, con capacitaciones constantes y refuerzo de la comunicaci\u00f3n de las medidas de prevenci\u00f3n. Adem\u00e1s se instalaron t\u00faneles de sanitizaci\u00f3n, se implement\u00f3 la b\u00fasqueda activa de casos, la aplicaci\u00f3n de test PCR y la entrega de kits de limpieza para los hogares y as\u00ed evitar contagios fuera de las plantas. A ello se sum\u00f3 la asesor\u00eda de la epidemi\u00f3loga Alejandra Espinosa quien elabor\u00f3 un diagn\u00f3stico de las medidas de seguridad e implement\u00f3 un plan de acci\u00f3n para reforzar el cuidado de los trabajadores en todas las operaciones de Landes.<\/span><\/p>\t\t\t\t\t<\/div>\n\t\t\t\t\t\t<\/div>\n\t\t\t\t<\/div>\n\t\t\t\t<div class=\"elementor-element elementor-element-0a42d94 pp-ins-normal elementor-widget elementor-widget-pp-image-gallery\" data-id=\"0a42d94\" data-element_type=\"widget\" data-widget_type=\"pp-image-gallery.default\">\n\t\t\t\t<div class=\"elementor-widget-container\">\n\t\t\t\t\t<div class=\"pp-image-gallery-container\">\n\t\t\t\t\t\t<div class=\"pp-image-gallery-wrapper\">\n\t\t\t\t\t\t\t\t<div class=\"pp-image-gallery pp-elementor-grid pp-image-gallery-justified\" id=\"pp-image-gallery-0a42d94\" data-fancybox-class=\"pp-fancybox-thumbs-y\" data-fancybox-axis=\"y\" data-settings=\"{&quot;tilt_enable&quot;:&quot;no&quot;,&quot;layout&quot;:&quot;justified&quot;,&quot;row_height&quot;:120,&quot;last_row&quot;:&quot;justify&quot;,&quot;post_id&quot;:937,&quot;template_id&quot;:937,&quot;widget_id&quot;:&quot;0a42d94&quot;}\">\n\t\t\t\t\t\n\t\t\t<div class=\"pp-grid-item-wrap \" data-item-id=\"1673\">\n\t\t\t\t<div class=\"pp-grid-item\">\n\t\t\t\t\t<div class=\"pp-image-gallery-thumbnail-wrap pp-ins-filter-hover\">\n\t\t\t\t\t\t<a data-elementor-open-lightbox=\"default\" data-elementor-lightbox-slideshow=\"0a42d94\" class=\"elementor-clickable pp-image-gallery-item-link\" href=\"https:\/\/landes.cl\/reportesostenibilidad2019-2020\/wp-content\/uploads\/2021\/04\/entrega-kit-chiloe-2-.jpg\"><\/a><div class=\"pp-ins-filter-target pp-image-gallery-thumbnail\"><img decoding=\"async\" class=\"pp-gallery-slide-image\" src=\"https:\/\/landes.cl\/reportesostenibilidad2019-2020\/wp-content\/uploads\/2021\/04\/entrega-kit-chiloe-2-.jpg\" alt=\"\" data-no-lazy=\"1\" \/><\/div><div class=\"pp-image-overlay pp-media-overlay\"><\/div><div class=\"pp-gallery-image-content pp-media-content\"><\/div>\t\t\t\t\t<\/div>\n\t\t\t\t<\/div>\n\t\t\t<\/div>\n\t\t\t\n\t\t\t<div class=\"pp-grid-item-wrap \" data-item-id=\"1674\">\n\t\t\t\t<div class=\"pp-grid-item\">\n\t\t\t\t\t<div class=\"pp-image-gallery-thumbnail-wrap pp-ins-filter-hover\">\n\t\t\t\t\t\t<a data-elementor-open-lightbox=\"default\" data-elementor-lightbox-slideshow=\"0a42d94\" class=\"elementor-clickable pp-image-gallery-item-link\" href=\"https:\/\/landes.cl\/reportesostenibilidad2019-2020\/wp-content\/uploads\/2021\/04\/96f022c1-c5cc-4611-8e77-53832711a697.jpg\"><\/a><div class=\"pp-ins-filter-target pp-image-gallery-thumbnail\"><img decoding=\"async\" class=\"pp-gallery-slide-image\" src=\"https:\/\/landes.cl\/reportesostenibilidad2019-2020\/wp-content\/uploads\/2021\/04\/96f022c1-c5cc-4611-8e77-53832711a697.jpg\" alt=\"\" data-no-lazy=\"1\" \/><\/div><div class=\"pp-image-overlay pp-media-overlay\"><\/div><div class=\"pp-gallery-image-content pp-media-content\"><\/div>\t\t\t\t\t<\/div>\n\t\t\t\t<\/div>\n\t\t\t<\/div>\n\t\t\t\n\t\t\t<div class=\"pp-grid-item-wrap \" data-item-id=\"1675\">\n\t\t\t\t<div class=\"pp-grid-item\">\n\t\t\t\t\t<div class=\"pp-image-gallery-thumbnail-wrap pp-ins-filter-hover\">\n\t\t\t\t\t\t<a data-elementor-open-lightbox=\"default\" data-elementor-lightbox-slideshow=\"0a42d94\" class=\"elementor-clickable pp-image-gallery-item-link\" href=\"https:\/\/landes.cl\/reportesostenibilidad2019-2020\/wp-content\/uploads\/2021\/04\/tunel-sanitizacion.jpeg\"><\/a><div class=\"pp-ins-filter-target pp-image-gallery-thumbnail\"><img decoding=\"async\" class=\"pp-gallery-slide-image\" src=\"https:\/\/landes.cl\/reportesostenibilidad2019-2020\/wp-content\/uploads\/2021\/04\/tunel-sanitizacion.jpeg\" alt=\"\" data-no-lazy=\"1\" \/><\/div><div class=\"pp-image-overlay pp-media-overlay\"><\/div><div class=\"pp-gallery-image-content pp-media-content\"><\/div>\t\t\t\t\t<\/div>\n\t\t\t\t<\/div>\n\t\t\t<\/div>\n\t\t\t\n\t\t\t<div class=\"pp-grid-item-wrap \" data-item-id=\"1677\">\n\t\t\t\t<div class=\"pp-grid-item\">\n\t\t\t\t\t<div class=\"pp-image-gallery-thumbnail-wrap pp-ins-filter-hover\">\n\t\t\t\t\t\t<a data-elementor-open-lightbox=\"default\" data-elementor-lightbox-slideshow=\"0a42d94\" class=\"elementor-clickable pp-image-gallery-item-link\" href=\"https:\/\/landes.cl\/reportesostenibilidad2019-2020\/wp-content\/uploads\/2021\/04\/uso-de-jabon-gel-planta.jpeg\"><\/a><div class=\"pp-ins-filter-target pp-image-gallery-thumbnail\"><img decoding=\"async\" class=\"pp-gallery-slide-image\" src=\"https:\/\/landes.cl\/reportesostenibilidad2019-2020\/wp-content\/uploads\/2021\/04\/uso-de-jabon-gel-planta.jpeg\" alt=\"\" data-no-lazy=\"1\" \/><\/div><div class=\"pp-image-overlay pp-media-overlay\"><\/div><div class=\"pp-gallery-image-content pp-media-content\"><\/div>\t\t\t\t\t<\/div>\n\t\t\t\t<\/div>\n\t\t\t<\/div>\n\t\t\t\t\t\t\t<\/div>\n\t\t\t\t\t\t\t<\/div>\n\t\t\t\t\t\t<\/div>\n\t\t\t\t<\/div>\n\t\t\t\t<\/div>\n\t\t\t\t\t\t<\/div>\n\t\t\t\t\t<\/div>\n\t\t<\/div>\n\t\t\t\t\t\t\t\t<\/div>\n\t\t\t\t\t<\/div>\n\t\t<\/section>\n\t\t\t\t<section class=\"elementor-section elementor-inner-section elementor-element elementor-element-8870240 elementor-section-boxed elementor-section-height-default elementor-section-height-default\" data-id=\"8870240\" data-element_type=\"section\">\n\t\t\t\t\t\t<div class=\"elementor-container elementor-column-gap-default\">\n\t\t\t\t\t\t\t<div class=\"elementor-row\">\n\t\t\t\t\t<div class=\"elementor-column elementor-col-100 elementor-inner-column elementor-element elementor-element-41cdbfd\" data-id=\"41cdbfd\" data-element_type=\"column\" data-settings=\"{&quot;background_background&quot;:&quot;classic&quot;}\">\n\t\t\t<div class=\"elementor-column-wrap elementor-element-populated\">\n\t\t\t\t\t\t\t<div class=\"elementor-widget-wrap\">\n\t\t\t\t\t\t<div class=\"elementor-element elementor-element-72c22b7 elementor-widget elementor-widget-heading\" data-id=\"72c22b7\" data-element_type=\"widget\" data-widget_type=\"heading.default\">\n\t\t\t\t<div class=\"elementor-widget-container\">\n\t\t\t<h4 class=\"elementor-heading-title elementor-size-large\">Donaciones y voluntariado<\/h4>\t\t<\/div>\n\t\t\t\t<\/div>\n\t\t\t\t<div class=\"elementor-element elementor-element-556326c elementor-widget elementor-widget-text-editor\" data-id=\"556326c\" data-element_type=\"widget\" data-widget_type=\"text-editor.default\">\n\t\t\t\t<div class=\"elementor-widget-container\">\n\t\t\t\t\t\t\t\t<div class=\"elementor-text-editor elementor-clearfix\">\n\t\t\t\t\t<h5>Landes tiene claro que su operaci\u00f3n ser\u00e1 exitosa en la medida que sus vecinos est\u00e9n bien. Por ello, desde sus inicios la empresa mantiene v\u00ednculos estrechos y una comunicaci\u00f3n directa con sus vecinos. Todos los a\u00f1os la empresa realiza un plan de trabajo comunitario, en el cual se contemplan donaciones y voluntariado.<\/h5>\n\n<span style=\"font-weight: 400;\">Durante 2019 las donaciones se concentraron en apoyo a actividades educativas, deportivas y entrega de alimentos a hogares y centros educativos.<\/span>\n\n<span style=\"font-weight: 400;\">\u00a0Tras la crisis sanitaria desatada por el Covid 19, Landes redobl\u00f3 sus esfuerzos para apoyar a sus vecinos a trav\u00e9s de la donaci\u00f3n de productos el a\u00f1o 2020. En Talcahuano, se donaron m\u00e1s de 2 toneladas de productos del mar con el apoyo de la municipalidad. En Chilo\u00e9, en tanto, se entreg\u00f3 m\u00e1s de 1 tonelada de choritos.\u00a0<\/span>\n\n<span style=\"font-weight: 400;\">Durante el 2020, Landes particip\u00f3 activamente del programa \u201cBanco de Alimentos del Mar\u201d, un proyecto social de alto impacto con otras pesqueras de la regi\u00f3n para ir en apoyo de adultos mayores vulnerables de las regiones del Biobio, \u00d1uble, Maule y Araucan\u00eda que vivan en residencias dependientes del Estado o de Instituciones sin fines de lucro. Entre abril y diciembre de 2020, se donaron 252.395 raciones de pescado a hogares y albergues de invierno. En total, se beneficiaron cerca de 3 mil adultos mayores.<\/span>\n\n<span style=\"font-weight: 400;\">Las acciones de voluntariado de los trabajadores de Landes principalmente fueron asesor\u00edas de sus ejecutivos a centros educativos y sociales, limpieza de playas y participaci\u00f3n\u00a0 en la campa\u00f1a \u201cSiempre por Chile\u201d fondo empresarial para ir en ayuda de las personas vulnerables. Trabajadores de Landes apoyaron con el reparto de cajas de alimentos en la regi\u00f3n del Biob\u00edo.<\/span>\t\t\t\t\t<\/div>\n\t\t\t\t\t\t<\/div>\n\t\t\t\t<\/div>\n\t\t\t\t<div class=\"elementor-element elementor-element-41ba1ac elementor-widget elementor-widget-spacer\" data-id=\"41ba1ac\" data-element_type=\"widget\" data-widget_type=\"spacer.default\">\n\t\t\t\t<div class=\"elementor-widget-container\">\n\t\t\t\t\t<div class=\"elementor-spacer\">\n\t\t\t<div class=\"elementor-spacer-inner\"><\/div>\n\t\t<\/div>\n\t\t\t\t<\/div>\n\t\t\t\t<\/div>\n\t\t\t\t<div class=\"elementor-element elementor-element-a3a2456 pp-ins-normal elementor-widget elementor-widget-pp-image-gallery\" data-id=\"a3a2456\" data-element_type=\"widget\" data-widget_type=\"pp-image-gallery.default\">\n\t\t\t\t<div class=\"elementor-widget-container\">\n\t\t\t\t\t<div class=\"pp-image-gallery-container\">\n\t\t\t\t\t\t<div class=\"pp-image-gallery-wrapper\">\n\t\t\t\t\t\t\t\t<div class=\"pp-image-gallery pp-elementor-grid pp-image-gallery-justified\" id=\"pp-image-gallery-a3a2456\" data-fancybox-class=\"pp-fancybox-thumbs-y\" data-fancybox-axis=\"y\" data-settings=\"{&quot;tilt_enable&quot;:&quot;no&quot;,&quot;layout&quot;:&quot;justified&quot;,&quot;row_height&quot;:120,&quot;last_row&quot;:&quot;justify&quot;,&quot;post_id&quot;:937,&quot;template_id&quot;:937,&quot;widget_id&quot;:&quot;a3a2456&quot;}\">\n\t\t\t\t\t\n\t\t\t<div class=\"pp-grid-item-wrap \" data-item-id=\"1627\">\n\t\t\t\t<div class=\"pp-grid-item\">\n\t\t\t\t\t<div class=\"pp-image-gallery-thumbnail-wrap pp-ins-filter-hover\">\n\t\t\t\t\t\t<a data-elementor-open-lightbox=\"default\" data-elementor-lightbox-slideshow=\"a3a2456\" class=\"elementor-clickable pp-image-gallery-item-link\" href=\"https:\/\/landes.cl\/reportesostenibilidad2019-2020\/wp-content\/uploads\/2021\/04\/WhatsApp-Image-2021-03-29-at-3.03.41-PM.jpeg\"><\/a><div class=\"pp-ins-filter-target pp-image-gallery-thumbnail\"><img decoding=\"async\" class=\"pp-gallery-slide-image\" src=\"https:\/\/landes.cl\/reportesostenibilidad2019-2020\/wp-content\/uploads\/2021\/04\/WhatsApp-Image-2021-03-29-at-3.03.41-PM.jpeg\" alt=\"\" data-no-lazy=\"1\" \/><\/div><div class=\"pp-image-overlay pp-media-overlay\"><\/div><div class=\"pp-gallery-image-content pp-media-content\"><\/div>\t\t\t\t\t<\/div>\n\t\t\t\t<\/div>\n\t\t\t<\/div>\n\t\t\t\n\t\t\t<div class=\"pp-grid-item-wrap \" data-item-id=\"1655\">\n\t\t\t\t<div class=\"pp-grid-item\">\n\t\t\t\t\t<div class=\"pp-image-gallery-thumbnail-wrap pp-ins-filter-hover\">\n\t\t\t\t\t\t<a data-elementor-open-lightbox=\"default\" data-elementor-lightbox-slideshow=\"a3a2456\" class=\"elementor-clickable pp-image-gallery-item-link\" href=\"https:\/\/landes.cl\/reportesostenibilidad2019-2020\/wp-content\/uploads\/2021\/04\/5935c778-d434-42f1-973a-1cff7ba461df.jpg\"><\/a><div class=\"pp-ins-filter-target pp-image-gallery-thumbnail\"><img decoding=\"async\" class=\"pp-gallery-slide-image\" src=\"https:\/\/landes.cl\/reportesostenibilidad2019-2020\/wp-content\/uploads\/2021\/04\/5935c778-d434-42f1-973a-1cff7ba461df.jpg\" alt=\"\" data-no-lazy=\"1\" \/><\/div><div class=\"pp-image-overlay pp-media-overlay\"><\/div><div class=\"pp-gallery-image-content pp-media-content\"><\/div>\t\t\t\t\t<\/div>\n\t\t\t\t<\/div>\n\t\t\t<\/div>\n\t\t\t\n\t\t\t<div class=\"pp-grid-item-wrap \" data-item-id=\"1656\">\n\t\t\t\t<div class=\"pp-grid-item\">\n\t\t\t\t\t<div class=\"pp-image-gallery-thumbnail-wrap pp-ins-filter-hover\">\n\t\t\t\t\t\t<a data-elementor-open-lightbox=\"default\" data-elementor-lightbox-slideshow=\"a3a2456\" class=\"elementor-clickable pp-image-gallery-item-link\" href=\"https:\/\/landes.cl\/reportesostenibilidad2019-2020\/wp-content\/uploads\/2021\/04\/69225E40-3F90-42C2-9004-54196ED09B57.jpg\"><\/a><div class=\"pp-ins-filter-target pp-image-gallery-thumbnail\"><img decoding=\"async\" class=\"pp-gallery-slide-image\" src=\"https:\/\/landes.cl\/reportesostenibilidad2019-2020\/wp-content\/uploads\/2021\/04\/69225E40-3F90-42C2-9004-54196ED09B57.jpg\" alt=\"\" data-no-lazy=\"1\" \/><\/div><div class=\"pp-image-overlay pp-media-overlay\"><\/div><div class=\"pp-gallery-image-content pp-media-content\"><\/div>\t\t\t\t\t<\/div>\n\t\t\t\t<\/div>\n\t\t\t<\/div>\n\t\t\t\n\t\t\t<div class=\"pp-grid-item-wrap \" data-item-id=\"1658\">\n\t\t\t\t<div class=\"pp-grid-item\">\n\t\t\t\t\t<div class=\"pp-image-gallery-thumbnail-wrap pp-ins-filter-hover\">\n\t\t\t\t\t\t<a data-elementor-open-lightbox=\"default\" data-elementor-lightbox-slideshow=\"a3a2456\" class=\"elementor-clickable pp-image-gallery-item-link\" href=\"https:\/\/landes.cl\/reportesostenibilidad2019-2020\/wp-content\/uploads\/2021\/04\/e6b526cb-3236-4dbe-a987-c9151e72a671.jpg\"><\/a><div class=\"pp-ins-filter-target pp-image-gallery-thumbnail\"><img decoding=\"async\" class=\"pp-gallery-slide-image\" src=\"https:\/\/landes.cl\/reportesostenibilidad2019-2020\/wp-content\/uploads\/2021\/04\/e6b526cb-3236-4dbe-a987-c9151e72a671.jpg\" alt=\"\" data-no-lazy=\"1\" \/><\/div><div class=\"pp-image-overlay pp-media-overlay\"><\/div><div class=\"pp-gallery-image-content pp-media-content\"><\/div>\t\t\t\t\t<\/div>\n\t\t\t\t<\/div>\n\t\t\t<\/div>\n\t\t\t\t\t\t\t<\/div>\n\t\t\t\t\t\t\t<\/div>\n\t\t\t\t\t\t<\/div>\n\t\t\t\t<\/div>\n\t\t\t\t<\/div>\n\t\t\t\t\t\t<\/div>\n\t\t\t\t\t<\/div>\n\t\t<\/div>\n\t\t\t\t\t\t\t\t<\/div>\n\t\t\t\t\t<\/div>\n\t\t<\/section>\n\t\t\t\t\t\t<\/div>\n\t\t\t\t\t<\/div>\n\t\t<\/div>\n\t\t\t\t\t\t\t\t<\/div>\n\t\t\t\t\t<\/div>\n\t\t<\/section>\n\t\t\t\t<section class=\"elementor-section elementor-top-section elementor-element elementor-element-c41d16c elementor-section-boxed elementor-section-height-default elementor-section-height-default\" data-id=\"c41d16c\" data-element_type=\"section\">\n\t\t\t\t\t\t<div class=\"elementor-container elementor-column-gap-default\">\n\t\t\t\t\t\t\t<div class=\"elementor-row\">\n\t\t\t\t\t<div class=\"elementor-column elementor-col-100 elementor-top-column elementor-element elementor-element-4ded7b55\" data-id=\"4ded7b55\" data-element_type=\"column\">\n\t\t\t<div class=\"elementor-column-wrap elementor-element-populated\">\n\t\t\t\t\t\t\t<div class=\"elementor-widget-wrap\">\n\t\t\t\t\t\t<div class=\"elementor-element elementor-element-6bb7187 elementor-widget elementor-widget-heading\" data-id=\"6bb7187\" data-element_type=\"widget\" data-widget_type=\"heading.default\">\n\t\t\t\t<div class=\"elementor-widget-container\">\n\t\t\t<h4 class=\"elementor-heading-title elementor-size-large\">Membres\u00edas <\/br>\n(102-13)\n<\/h4>\t\t<\/div>\n\t\t\t\t<\/div>\n\t\t\t\t\t\t<\/div>\n\t\t\t\t\t<\/div>\n\t\t<\/div>\n\t\t\t\t\t\t\t\t<\/div>\n\t\t\t\t\t<\/div>\n\t\t<\/section>\n\t\t\t\t<section class=\"elementor-section elementor-inner-section elementor-element elementor-element-156479be elementor-section-boxed elementor-section-height-default elementor-section-height-default\" data-id=\"156479be\" data-element_type=\"section\">\n\t\t\t\t\t\t<div class=\"elementor-container elementor-column-gap-default\">\n\t\t\t\t\t\t\t<div class=\"elementor-row\">\n\t\t\t\t\t<div class=\"elementor-column elementor-col-50 elementor-inner-column elementor-element elementor-element-19375a1a\" data-id=\"19375a1a\" data-element_type=\"column\">\n\t\t\t<div class=\"elementor-column-wrap elementor-element-populated\">\n\t\t\t\t\t\t\t<div class=\"elementor-widget-wrap\">\n\t\t\t\t\t\t<div class=\"elementor-element elementor-element-73de16f2 elementor-widget elementor-widget-image\" data-id=\"73de16f2\" data-element_type=\"widget\" data-widget_type=\"image.default\">\n\t\t\t\t<div class=\"elementor-widget-container\">\n\t\t\t\t\t\t\t\t<div class=\"elementor-image\">\n\t\t\t\t\t\t\t\t\t\t\t\t<img loading=\"lazy\" decoding=\"async\" width=\"300\" height=\"82\" src=\"https:\/\/landes.cl\/reportesostenibilidad2019-2020\/wp-content\/uploads\/2021\/03\/logo-asipes-big-300x82.png\" class=\"attachment-medium size-medium\" alt=\"\" srcset=\"https:\/\/landes.cl\/reportesostenibilidad2019-2020\/wp-content\/uploads\/2021\/03\/logo-asipes-big-300x82.png 300w, https:\/\/landes.cl\/reportesostenibilidad2019-2020\/wp-content\/uploads\/2021\/03\/logo-asipes-big.png 544w\" sizes=\"auto, (max-width: 300px) 100vw, 300px\" \/>\t\t\t\t\t\t\t\t\t\t\t\t\t\t<\/div>\n\t\t\t\t\t\t<\/div>\n\t\t\t\t<\/div>\n\t\t\t\t<div class=\"elementor-element elementor-element-50f168d0 elementor-widget elementor-widget-text-editor\" data-id=\"50f168d0\" data-element_type=\"widget\" data-widget_type=\"text-editor.default\">\n\t\t\t\t<div class=\"elementor-widget-container\">\n\t\t\t\t\t\t\t\t<div class=\"elementor-text-editor elementor-clearfix\">\n\t\t\t\t\t<p><span style=\"font-weight: 400;\">Junto a las principales pesqueras de la Octava Regi\u00f3n, Landes forma parte de la Asociaci\u00f3n de Pesqueros Industriales, organismo gremial sin fines de lucro que tiene por objetivo promover el desarrollo del sector pesquero industrial velando por la preservaci\u00f3n de las especies.<\/span><\/p><p><span style=\"font-weight: 400;\">\u00a0<\/span><\/p>\t\t\t\t\t<\/div>\n\t\t\t\t\t\t<\/div>\n\t\t\t\t<\/div>\n\t\t\t\t\t\t<\/div>\n\t\t\t\t\t<\/div>\n\t\t<\/div>\n\t\t\t\t<div class=\"elementor-column elementor-col-50 elementor-inner-column elementor-element elementor-element-443049fd\" data-id=\"443049fd\" data-element_type=\"column\">\n\t\t\t<div class=\"elementor-column-wrap elementor-element-populated\">\n\t\t\t\t\t\t\t<div class=\"elementor-widget-wrap\">\n\t\t\t\t\t\t<div class=\"elementor-element elementor-element-bc8d019 elementor-widget elementor-widget-image\" data-id=\"bc8d019\" data-element_type=\"widget\" data-widget_type=\"image.default\">\n\t\t\t\t<div class=\"elementor-widget-container\">\n\t\t\t\t\t\t\t\t<div class=\"elementor-image\">\n\t\t\t\t\t\t\t\t\t\t\t\t<img loading=\"lazy\" decoding=\"async\" width=\"300\" height=\"170\" src=\"https:\/\/landes.cl\/reportesostenibilidad2019-2020\/wp-content\/uploads\/2021\/03\/logo-sonapesca-300x170.png\" class=\"attachment-medium size-medium\" alt=\"\" srcset=\"https:\/\/landes.cl\/reportesostenibilidad2019-2020\/wp-content\/uploads\/2021\/03\/logo-sonapesca-300x170.png 300w, https:\/\/landes.cl\/reportesostenibilidad2019-2020\/wp-content\/uploads\/2021\/03\/logo-sonapesca.png 633w\" sizes=\"auto, (max-width: 300px) 100vw, 300px\" \/>\t\t\t\t\t\t\t\t\t\t\t\t\t\t<\/div>\n\t\t\t\t\t\t<\/div>\n\t\t\t\t<\/div>\n\t\t\t\t<div class=\"elementor-element elementor-element-2dae745f elementor-widget elementor-widget-text-editor\" data-id=\"2dae745f\" data-element_type=\"widget\" data-widget_type=\"text-editor.default\">\n\t\t\t\t<div class=\"elementor-widget-container\">\n\t\t\t\t\t\t\t\t<div class=\"elementor-text-editor elementor-clearfix\">\n\t\t\t\t\t<p><span style=\"font-weight: 400;\">La Sociedad Nacional de Pesca, de la cual Landes es miembro, naci\u00f3 en marzo de 2015 como una organizaci\u00f3n destinada a impulsar el desarrollo de la pesca industrial en cada una de las regiones pesqueras de Chile. Sonapesca promueve e impulsa, a trav\u00e9s del esfuerzo conjunto de todas las regiones pesqueras, la pesca responsable y sostenible que permita la conservaci\u00f3n de los recursos marinos, el medio ambiente, el desarrollo cient\u00edfico y tecnol\u00f3gico, la seguridad alimentaria, la salud de las personas y el bienestar de sus trabajadores, entre otros.<\/span><\/p>\t\t\t\t\t<\/div>\n\t\t\t\t\t\t<\/div>\n\t\t\t\t<\/div>\n\t\t\t\t\t\t<\/div>\n\t\t\t\t\t<\/div>\n\t\t<\/div>\n\t\t\t\t\t\t\t\t<\/div>\n\t\t\t\t\t<\/div>\n\t\t<\/section>\n\t\t\t\t<section class=\"elementor-section elementor-inner-section elementor-element elementor-element-fffa9b3 elementor-section-boxed elementor-section-height-default elementor-section-height-default\" data-id=\"fffa9b3\" data-element_type=\"section\">\n\t\t\t\t\t\t<div class=\"elementor-container elementor-column-gap-default\">\n\t\t\t\t\t\t\t<div class=\"elementor-row\">\n\t\t\t\t\t<div class=\"elementor-column elementor-col-50 elementor-inner-column elementor-element elementor-element-17cb7ec\" data-id=\"17cb7ec\" data-element_type=\"column\">\n\t\t\t<div class=\"elementor-column-wrap elementor-element-populated\">\n\t\t\t\t\t\t\t<div class=\"elementor-widget-wrap\">\n\t\t\t\t\t\t<div class=\"elementor-element elementor-element-121c0d4 elementor-widget elementor-widget-image\" data-id=\"121c0d4\" data-element_type=\"widget\" data-widget_type=\"image.default\">\n\t\t\t\t<div class=\"elementor-widget-container\">\n\t\t\t\t\t\t\t\t<div class=\"elementor-image\">\n\t\t\t\t\t\t\t\t\t\t\t\t<img loading=\"lazy\" decoding=\"async\" width=\"300\" height=\"183\" src=\"https:\/\/landes.cl\/reportesostenibilidad2019-2020\/wp-content\/uploads\/2021\/03\/d6f21b_72af8481456d474b874dbe6e65d8718e_mv2-300x183.png\" class=\"attachment-medium size-medium\" alt=\"\" srcset=\"https:\/\/landes.cl\/reportesostenibilidad2019-2020\/wp-content\/uploads\/2021\/03\/d6f21b_72af8481456d474b874dbe6e65d8718e_mv2-300x183.png 300w, https:\/\/landes.cl\/reportesostenibilidad2019-2020\/wp-content\/uploads\/2021\/03\/d6f21b_72af8481456d474b874dbe6e65d8718e_mv2.png 640w\" sizes=\"auto, (max-width: 300px) 100vw, 300px\" \/>\t\t\t\t\t\t\t\t\t\t\t\t\t\t<\/div>\n\t\t\t\t\t\t<\/div>\n\t\t\t\t<\/div>\n\t\t\t\t<div class=\"elementor-element elementor-element-29b45b3 elementor-widget elementor-widget-text-editor\" data-id=\"29b45b3\" data-element_type=\"widget\" data-widget_type=\"text-editor.default\">\n\t\t\t\t<div class=\"elementor-widget-container\">\n\t\t\t\t\t\t\t\t<div class=\"elementor-text-editor elementor-clearfix\">\n\t\t\t\t\t<p><span style=\"font-weight: 400;\">Desde el 2018, Landes integra la Asociaci\u00f3n de Mitilicultores de Chile, organizaci\u00f3n que trabaja con pescadores artesanales, medianas y grandes empresas mitilicultoras para potenciar el desarrollo y progreso de la regi\u00f3n de Los Lagos en general y de la Isla de Chilo\u00e9 en particular.<\/span><\/p>\t\t\t\t\t<\/div>\n\t\t\t\t\t\t<\/div>\n\t\t\t\t<\/div>\n\t\t\t\t\t\t<\/div>\n\t\t\t\t\t<\/div>\n\t\t<\/div>\n\t\t\t\t<div class=\"elementor-column elementor-col-50 elementor-inner-column elementor-element elementor-element-91d3cf5\" data-id=\"91d3cf5\" data-element_type=\"column\">\n\t\t\t<div class=\"elementor-column-wrap elementor-element-populated\">\n\t\t\t\t\t\t\t<div class=\"elementor-widget-wrap\">\n\t\t\t\t\t\t<div class=\"elementor-element elementor-element-94d18ef elementor-widget elementor-widget-image\" data-id=\"94d18ef\" data-element_type=\"widget\" data-widget_type=\"image.default\">\n\t\t\t\t<div class=\"elementor-widget-container\">\n\t\t\t\t\t\t\t\t<div class=\"elementor-image\">\n\t\t\t\t\t\t\t\t\t\t\t\t<img loading=\"lazy\" decoding=\"async\" width=\"300\" height=\"167\" src=\"https:\/\/landes.cl\/reportesostenibilidad2019-2020\/wp-content\/uploads\/2021\/02\/iffors-300x167.jpg\" class=\"attachment-medium size-medium\" alt=\"\" srcset=\"https:\/\/landes.cl\/reportesostenibilidad2019-2020\/wp-content\/uploads\/2021\/02\/iffors-300x167.jpg 300w, https:\/\/landes.cl\/reportesostenibilidad2019-2020\/wp-content\/uploads\/2021\/02\/iffors.jpg 575w\" sizes=\"auto, (max-width: 300px) 100vw, 300px\" \/>\t\t\t\t\t\t\t\t\t\t\t\t\t\t<\/div>\n\t\t\t\t\t\t<\/div>\n\t\t\t\t<\/div>\n\t\t\t\t<div class=\"elementor-element elementor-element-e97ebe0 elementor-widget elementor-widget-text-editor\" data-id=\"e97ebe0\" data-element_type=\"widget\" data-widget_type=\"text-editor.default\">\n\t\t\t\t<div class=\"elementor-widget-container\">\n\t\t\t\t\t\t\t\t<div class=\"elementor-text-editor elementor-clearfix\">\n\t\t\t\t\t<p><span style=\"font-weight: 400;\">Es una organizaci\u00f3n internacional de comercio que representa y promueve la industria de ingredientes marinos, tales como harina de pescado, aceite de pescado y otras industrias relacionadas. Los miembros de IFFO residen en m\u00e1s de 50 pa\u00edses y constituyen m\u00e1s del 60% de la producci\u00f3n mundial de harina y aceite de pescado. IFFO es un observador acreditado ante la Organizaci\u00f3n de las Naciones Unidas para la Alimentaci\u00f3n y Agricultura (FAO).<\/span><\/p>\t\t\t\t\t<\/div>\n\t\t\t\t\t\t<\/div>\n\t\t\t\t<\/div>\n\t\t\t\t\t\t<\/div>\n\t\t\t\t\t<\/div>\n\t\t<\/div>\n\t\t\t\t\t\t\t\t<\/div>\n\t\t\t\t\t<\/div>\n\t\t<\/section>\n\t\t\t\t<section class=\"elementor-section elementor-inner-section elementor-element elementor-element-3454cc1 elementor-section-boxed elementor-section-height-default elementor-section-height-default\" data-id=\"3454cc1\" data-element_type=\"section\">\n\t\t\t\t\t\t<div class=\"elementor-container elementor-column-gap-default\">\n\t\t\t\t\t\t\t<div class=\"elementor-row\">\n\t\t\t\t\t<div class=\"elementor-column elementor-col-50 elementor-inner-column elementor-element elementor-element-053aab6\" data-id=\"053aab6\" data-element_type=\"column\">\n\t\t\t<div class=\"elementor-column-wrap elementor-element-populated\">\n\t\t\t\t\t\t\t<div class=\"elementor-widget-wrap\">\n\t\t\t\t\t\t<div class=\"elementor-element elementor-element-4386544 elementor-widget elementor-widget-image\" data-id=\"4386544\" data-element_type=\"widget\" data-widget_type=\"image.default\">\n\t\t\t\t<div class=\"elementor-widget-container\">\n\t\t\t\t\t\t\t\t<div class=\"elementor-image\">\n\t\t\t\t\t\t\t\t\t\t\t\t<img loading=\"lazy\" decoding=\"async\" width=\"300\" height=\"225\" src=\"https:\/\/landes.cl\/reportesostenibilidad2019-2020\/wp-content\/uploads\/2021\/03\/irade-300x225.png\" class=\"attachment-medium size-medium\" alt=\"\" srcset=\"https:\/\/landes.cl\/reportesostenibilidad2019-2020\/wp-content\/uploads\/2021\/03\/irade-300x225.png 300w, https:\/\/landes.cl\/reportesostenibilidad2019-2020\/wp-content\/uploads\/2021\/03\/irade.png 550w\" sizes=\"auto, (max-width: 300px) 100vw, 300px\" \/>\t\t\t\t\t\t\t\t\t\t\t\t\t\t<\/div>\n\t\t\t\t\t\t<\/div>\n\t\t\t\t<\/div>\n\t\t\t\t<div class=\"elementor-element elementor-element-70ad78a elementor-widget elementor-widget-text-editor\" data-id=\"70ad78a\" data-element_type=\"widget\" data-widget_type=\"text-editor.default\">\n\t\t\t\t<div class=\"elementor-widget-container\">\n\t\t\t\t\t\t\t\t<div class=\"elementor-text-editor elementor-clearfix\">\n\t\t\t\t\t<p><span style=\"font-weight: 400;\">Landes es miembro del Instituto Regional de Administraci\u00f3n de Empresas (IRADE), una corporaci\u00f3n de derecho privado sin fines de lucro, que agrupa a las principales empresas productivas y de servicios de la Regi\u00f3n del Biob\u00edo. Su fin es contribuir al desarrollo de las empresas, estimulando la excelencia y \u00e9tica empresarial por medio de la promoci\u00f3n de las buenas pr\u00e1cticas, innovaci\u00f3n y emprendimiento, afianzando la colaboraci\u00f3n entre empresas, universidades y sector p\u00fablico, con foco en la competitividad regional. Landes participa activamente en los c\u00edrculos de sostenibilidad y de personas, mesas de trabajo que se re\u00fanen una vez al mes y que est\u00e1n integradas por representantes de las principales empresas de la regi\u00f3n.<\/span><\/p>\t\t\t\t\t<\/div>\n\t\t\t\t\t\t<\/div>\n\t\t\t\t<\/div>\n\t\t\t\t\t\t<\/div>\n\t\t\t\t\t<\/div>\n\t\t<\/div>\n\t\t\t\t<div class=\"elementor-column elementor-col-50 elementor-inner-column elementor-element elementor-element-164c324\" data-id=\"164c324\" data-element_type=\"column\">\n\t\t\t<div class=\"elementor-column-wrap elementor-element-populated\">\n\t\t\t\t\t\t\t<div class=\"elementor-widget-wrap\">\n\t\t\t\t\t\t<div class=\"elementor-element elementor-element-3f14cd9 elementor-widget elementor-widget-image\" data-id=\"3f14cd9\" data-element_type=\"widget\" data-widget_type=\"image.default\">\n\t\t\t\t<div class=\"elementor-widget-container\">\n\t\t\t\t\t\t\t\t<div class=\"elementor-image\">\n\t\t\t\t\t\t\t\t\t<figure class=\"wp-caption\">\n\t\t\t\t\t\t\t\t\t\t<img loading=\"lazy\" decoding=\"async\" width=\"300\" height=\"214\" src=\"https:\/\/landes.cl\/reportesostenibilidad2019-2020\/wp-content\/uploads\/2021\/03\/alonkura-300x214.jpeg\" class=\"attachment-medium size-medium\" alt=\"\" srcset=\"https:\/\/landes.cl\/reportesostenibilidad2019-2020\/wp-content\/uploads\/2021\/03\/alonkura-300x214.jpeg 300w, https:\/\/landes.cl\/reportesostenibilidad2019-2020\/wp-content\/uploads\/2021\/03\/alonkura.jpeg 600w\" sizes=\"auto, (max-width: 300px) 100vw, 300px\" \/>\t\t\t\t\t\t\t\t\t\t\t<figcaption class=\"widget-image-caption wp-caption-text\">Convenio de cooperaci\u00f3n Centro Alonkura<\/figcaption>\n\t\t\t\t\t\t\t\t\t\t<\/figure>\n\t\t\t\t\t\t\t\t<\/div>\n\t\t\t\t\t\t<\/div>\n\t\t\t\t<\/div>\n\t\t\t\t<div class=\"elementor-element elementor-element-7d9b5b4 elementor-widget elementor-widget-text-editor\" data-id=\"7d9b5b4\" data-element_type=\"widget\" data-widget_type=\"text-editor.default\">\n\t\t\t\t<div class=\"elementor-widget-container\">\n\t\t\t\t\t\t\t\t<div class=\"elementor-text-editor elementor-clearfix\">\n\t\t\t\t\t<p><span style=\"font-weight: 400;\">En nuestro constante trabajo de inclusi\u00f3n y vinculaci\u00f3n comunitaria, conocimos la labor que realiza este centro de Talcahuano educando a ni\u00f1os con capacidades diferentes. Fue as\u00ed como establecimos una alianza en la cual los j\u00f3venes de Alonkura realizan pasant\u00edas y pr\u00e1cticas laborales en nuestras plantas y nuestros trabajadores aportan con voluntariado. Actualmente, 2 ex alumnos de Alonkura forman parte del staff permanente de Landes.<\/span><\/p>\t\t\t\t\t<\/div>\n\t\t\t\t\t\t<\/div>\n\t\t\t\t<\/div>\n\t\t\t\t\t\t<\/div>\n\t\t\t\t\t<\/div>\n\t\t<\/div>\n\t\t\t\t\t\t\t\t<\/div>\n\t\t\t\t\t<\/div>\n\t\t<\/section>\n\t\t\t\t<section class=\"elementor-section elementor-inner-section elementor-element elementor-element-fa97cc7 elementor-section-boxed elementor-section-height-default elementor-section-height-default\" data-id=\"fa97cc7\" data-element_type=\"section\">\n\t\t\t\t\t\t<div class=\"elementor-container elementor-column-gap-default\">\n\t\t\t\t\t\t\t<div class=\"elementor-row\">\n\t\t\t\t\t<div class=\"elementor-column elementor-col-50 elementor-inner-column elementor-element elementor-element-b05ce85\" data-id=\"b05ce85\" data-element_type=\"column\">\n\t\t\t<div class=\"elementor-column-wrap elementor-element-populated\">\n\t\t\t\t\t\t\t<div class=\"elementor-widget-wrap\">\n\t\t\t\t\t\t<div class=\"elementor-element elementor-element-2f002f6 elementor-widget elementor-widget-image\" data-id=\"2f002f6\" data-element_type=\"widget\" data-widget_type=\"image.default\">\n\t\t\t\t<div class=\"elementor-widget-container\">\n\t\t\t\t\t\t\t\t<div class=\"elementor-image\">\n\t\t\t\t\t\t\t\t\t\t\t\t<img loading=\"lazy\" decoding=\"async\" width=\"224\" height=\"225\" src=\"https:\/\/landes.cl\/reportesostenibilidad2019-2020\/wp-content\/uploads\/2021\/03\/crecer.jpeg\" class=\"attachment-full size-full\" alt=\"\" srcset=\"https:\/\/landes.cl\/reportesostenibilidad2019-2020\/wp-content\/uploads\/2021\/03\/crecer.jpeg 224w, https:\/\/landes.cl\/reportesostenibilidad2019-2020\/wp-content\/uploads\/2021\/03\/crecer-150x150.jpeg 150w\" sizes=\"auto, (max-width: 224px) 100vw, 224px\" \/>\t\t\t\t\t\t\t\t\t\t\t\t\t\t<\/div>\n\t\t\t\t\t\t<\/div>\n\t\t\t\t<\/div>\n\t\t\t\t<div class=\"elementor-element elementor-element-924f532 elementor-widget elementor-widget-text-editor\" data-id=\"924f532\" data-element_type=\"widget\" data-widget_type=\"text-editor.default\">\n\t\t\t\t<div class=\"elementor-widget-container\">\n\t\t\t\t\t\t\t\t<div class=\"elementor-text-editor elementor-clearfix\">\n\t\t\t\t\t<p><span style=\"font-weight: 400;\">Desde que iniciamos operaciones en Chilo\u00e9, hemos estado en contacto permanente con nuestros vecinos y participado de su desarrollo comunitario. En este contexto, tenemos una alianza con este colegio que atiende a ni\u00f1os con capacidades diferentes leves y severas para que sus alumnos realicen pr\u00e1cticas y pasant\u00edas. Actualmente, dos exalumnos forman parte del equipo de trabajo de Landes Mussels.\u00a0<\/span><\/p>\t\t\t\t\t<\/div>\n\t\t\t\t\t\t<\/div>\n\t\t\t\t<\/div>\n\t\t\t\t\t\t<\/div>\n\t\t\t\t\t<\/div>\n\t\t<\/div>\n\t\t\t\t<div class=\"elementor-column elementor-col-50 elementor-inner-column elementor-element elementor-element-6496cdb\" data-id=\"6496cdb\" data-element_type=\"column\">\n\t\t\t<div class=\"elementor-column-wrap elementor-element-populated\">\n\t\t\t\t\t\t\t<div class=\"elementor-widget-wrap\">\n\t\t\t\t\t\t<div class=\"elementor-element elementor-element-3f43fc4 elementor-widget elementor-widget-image\" data-id=\"3f43fc4\" data-element_type=\"widget\" data-widget_type=\"image.default\">\n\t\t\t\t<div class=\"elementor-widget-container\">\n\t\t\t\t\t\t\t\t<div class=\"elementor-image\">\n\t\t\t\t\t\t\t\t\t\t\t\t<img loading=\"lazy\" decoding=\"async\" width=\"300\" height=\"241\" src=\"https:\/\/landes.cl\/reportesostenibilidad2019-2020\/wp-content\/uploads\/2021\/03\/ucsc-300x241.png\" class=\"attachment-medium size-medium\" alt=\"\" srcset=\"https:\/\/landes.cl\/reportesostenibilidad2019-2020\/wp-content\/uploads\/2021\/03\/ucsc-300x241.png 300w, https:\/\/landes.cl\/reportesostenibilidad2019-2020\/wp-content\/uploads\/2021\/03\/ucsc-768x616.png 768w, https:\/\/landes.cl\/reportesostenibilidad2019-2020\/wp-content\/uploads\/2021\/03\/ucsc.png 956w\" sizes=\"auto, (max-width: 300px) 100vw, 300px\" \/>\t\t\t\t\t\t\t\t\t\t\t\t\t\t<\/div>\n\t\t\t\t\t\t<\/div>\n\t\t\t\t<\/div>\n\t\t\t\t<div class=\"elementor-element elementor-element-e4a5474 elementor-widget elementor-widget-text-editor\" data-id=\"e4a5474\" data-element_type=\"widget\" data-widget_type=\"text-editor.default\">\n\t\t\t\t<div class=\"elementor-widget-container\">\n\t\t\t\t\t\t\t\t<div class=\"elementor-text-editor elementor-clearfix\">\n\t\t\t\t\t<p><span style=\"font-weight: 400;\">Durante el 2018 Landes tuvo a 4 alumnos en pr\u00e1ctica, dos estudiantes de Ingenier\u00eda en Ejecuci\u00f3n Industrial y dos de t\u00e9cnico universitario en Prevenci\u00f3n de Riesgos.<\/span><\/p>\t\t\t\t\t<\/div>\n\t\t\t\t\t\t<\/div>\n\t\t\t\t<\/div>\n\t\t\t\t\t\t<\/div>\n\t\t\t\t\t<\/div>\n\t\t<\/div>\n\t\t\t\t\t\t\t\t<\/div>\n\t\t\t\t\t<\/div>\n\t\t<\/section>\n\t\t\t\t<section class=\"elementor-section elementor-inner-section elementor-element elementor-element-63f6fe8 elementor-section-boxed elementor-section-height-default elementor-section-height-default\" data-id=\"63f6fe8\" data-element_type=\"section\">\n\t\t\t\t\t\t<div class=\"elementor-container elementor-column-gap-default\">\n\t\t\t\t\t\t\t<div class=\"elementor-row\">\n\t\t\t\t\t<div class=\"elementor-column elementor-col-50 elementor-inner-column elementor-element elementor-element-4364cb3\" data-id=\"4364cb3\" data-element_type=\"column\">\n\t\t\t<div class=\"elementor-column-wrap elementor-element-populated\">\n\t\t\t\t\t\t\t<div class=\"elementor-widget-wrap\">\n\t\t\t\t\t\t<div class=\"elementor-element elementor-element-7fb0bad elementor-widget elementor-widget-image\" data-id=\"7fb0bad\" data-element_type=\"widget\" data-widget_type=\"image.default\">\n\t\t\t\t<div class=\"elementor-widget-container\">\n\t\t\t\t\t\t\t\t<div class=\"elementor-image\">\n\t\t\t\t\t\t\t\t\t\t\t\t<img loading=\"lazy\" decoding=\"async\" width=\"300\" height=\"272\" src=\"https:\/\/landes.cl\/reportesostenibilidad2019-2020\/wp-content\/uploads\/2021\/03\/sernam-300x272.png\" class=\"attachment-medium size-medium\" alt=\"\" srcset=\"https:\/\/landes.cl\/reportesostenibilidad2019-2020\/wp-content\/uploads\/2021\/03\/sernam-300x272.png 300w, https:\/\/landes.cl\/reportesostenibilidad2019-2020\/wp-content\/uploads\/2021\/03\/sernam-1024x927.png 1024w, https:\/\/landes.cl\/reportesostenibilidad2019-2020\/wp-content\/uploads\/2021\/03\/sernam-768x695.png 768w, https:\/\/landes.cl\/reportesostenibilidad2019-2020\/wp-content\/uploads\/2021\/03\/sernam.png 1034w\" sizes=\"auto, (max-width: 300px) 100vw, 300px\" \/>\t\t\t\t\t\t\t\t\t\t\t\t\t\t<\/div>\n\t\t\t\t\t\t<\/div>\n\t\t\t\t<\/div>\n\t\t\t\t<div class=\"elementor-element elementor-element-44a5c0d elementor-widget elementor-widget-text-editor\" data-id=\"44a5c0d\" data-element_type=\"widget\" data-widget_type=\"text-editor.default\">\n\t\t\t\t<div class=\"elementor-widget-container\">\n\t\t\t\t\t\t\t\t<div class=\"elementor-text-editor elementor-clearfix\">\n\t\t\t\t\t<p><span style=\"font-weight: 400;\">El objetivo de esta mesa p\u00fablico-privada para la equidad de g\u00e9nero, que integra una decena de empresas de la regi\u00f3n junto a Landes, es aumentar y mejorar la calidad del empleo femenino, promover la corresponsabilidad y evitar cualquier tipo de violencia.<\/span><\/p>\t\t\t\t\t<\/div>\n\t\t\t\t\t\t<\/div>\n\t\t\t\t<\/div>\n\t\t\t\t\t\t<\/div>\n\t\t\t\t\t<\/div>\n\t\t<\/div>\n\t\t\t\t<div class=\"elementor-column elementor-col-50 elementor-inner-column elementor-element elementor-element-bc176f0\" data-id=\"bc176f0\" data-element_type=\"column\">\n\t\t\t<div class=\"elementor-column-wrap elementor-element-populated\">\n\t\t\t\t\t\t\t<div class=\"elementor-widget-wrap\">\n\t\t\t\t\t\t<div class=\"elementor-element elementor-element-69fcac3 elementor-widget elementor-widget-image\" data-id=\"69fcac3\" data-element_type=\"widget\" data-widget_type=\"image.default\">\n\t\t\t\t<div class=\"elementor-widget-container\">\n\t\t\t\t\t\t\t\t<div class=\"elementor-image\">\n\t\t\t\t\t\t\t\t\t\t\t\t<img loading=\"lazy\" decoding=\"async\" width=\"300\" height=\"96\" src=\"https:\/\/landes.cl\/reportesostenibilidad2019-2020\/wp-content\/uploads\/2021\/03\/g100-300x96.png\" class=\"attachment-medium size-medium\" alt=\"\" srcset=\"https:\/\/landes.cl\/reportesostenibilidad2019-2020\/wp-content\/uploads\/2021\/03\/g100-300x96.png 300w, https:\/\/landes.cl\/reportesostenibilidad2019-2020\/wp-content\/uploads\/2021\/03\/g100.png 396w\" sizes=\"auto, (max-width: 300px) 100vw, 300px\" \/>\t\t\t\t\t\t\t\t\t\t\t\t\t\t<\/div>\n\t\t\t\t\t\t<\/div>\n\t\t\t\t<\/div>\n\t\t\t\t<div class=\"elementor-element elementor-element-0af4ed5 elementor-widget elementor-widget-text-editor\" data-id=\"0af4ed5\" data-element_type=\"widget\" data-widget_type=\"text-editor.default\">\n\t\t\t\t<div class=\"elementor-widget-container\">\n\t\t\t\t\t\t\t\t<div class=\"elementor-text-editor elementor-clearfix\">\n\t\t\t\t\t<p><span style=\"font-weight: 400;\">Grupo de emprendedores y empresarios que est\u00e1n comprometidos con el desarrollo de Chile y que buscan potenciar, por medio de mentor\u00edas y fondos, al emprendimiento nacional. <\/span><span style=\"font-weight: 400;\">El\u00a0<\/span><b>objetivo principal de G100<\/b><span style=\"font-weight: 400;\">\u00a0es crear un grupo exclusivo de personas comprometidas con el desarrollo econ\u00f3mico de Chile.<\/span><\/p>\t\t\t\t\t<\/div>\n\t\t\t\t\t\t<\/div>\n\t\t\t\t<\/div>\n\t\t\t\t\t\t<\/div>\n\t\t\t\t\t<\/div>\n\t\t<\/div>\n\t\t\t\t\t\t\t\t<\/div>\n\t\t\t\t\t<\/div>\n\t\t<\/section>\n\t\t\t\t<section class=\"elementor-section elementor-top-section elementor-element elementor-element-1d3f203 elementor-section-height-min-height elementor-section-items-top elementor-section-boxed elementor-section-height-default\" data-id=\"1d3f203\" data-element_type=\"section\" data-settings=\"{&quot;background_background&quot;:&quot;gradient&quot;}\">\n\t\t\t\t\t\t<div class=\"elementor-container elementor-column-gap-no\">\n\t\t\t\t\t\t\t<div class=\"elementor-row\">\n\t\t\t\t\t<div class=\"elementor-column elementor-col-100 elementor-top-column elementor-element elementor-element-6394de8\" data-id=\"6394de8\" data-element_type=\"column\">\n\t\t\t<div class=\"elementor-column-wrap elementor-element-populated\">\n\t\t\t\t\t\t\t<div class=\"elementor-widget-wrap\">\n\t\t\t\t\t\t<section class=\"elementor-section elementor-inner-section elementor-element elementor-element-1658bcd elementor-section-boxed elementor-section-height-default elementor-section-height-default\" data-id=\"1658bcd\" data-element_type=\"section\">\n\t\t\t\t\t\t<div class=\"elementor-container elementor-column-gap-no\">\n\t\t\t\t\t\t\t<div class=\"elementor-row\">\n\t\t\t\t\t<div class=\"elementor-column elementor-col-25 elementor-inner-column elementor-element elementor-element-a2a0bda\" data-id=\"a2a0bda\" data-element_type=\"column\">\n\t\t\t<div class=\"elementor-column-wrap elementor-element-populated\">\n\t\t\t\t\t\t\t<div class=\"elementor-widget-wrap\">\n\t\t\t\t\t\t<div class=\"elementor-element elementor-element-9018de4 elementor-widget elementor-widget-spacer\" data-id=\"9018de4\" data-element_type=\"widget\" data-widget_type=\"spacer.default\">\n\t\t\t\t<div class=\"elementor-widget-container\">\n\t\t\t\t\t<div class=\"elementor-spacer\">\n\t\t\t<div class=\"elementor-spacer-inner\"><\/div>\n\t\t<\/div>\n\t\t\t\t<\/div>\n\t\t\t\t<\/div>\n\t\t\t\t<div class=\"elementor-element elementor-element-47a026e elementor-widget elementor-widget-raven-site-logo\" data-id=\"47a026e\" data-element_type=\"widget\" data-widget_type=\"raven-site-logo.default\">\n\t\t\t\t<div class=\"elementor-widget-container\">\n\t\t\t\t\t<div class=\"raven-widget-wrapper\">\n\t\t\t<div class=\"raven-site-logo\">\n\t\t\t\t\t\t\t\t\t<a class=\"raven-site-logo-link\" href=\"https:\/\/landes.cl\/reportesostenibilidad2019-2020\">\n\t\t\t\t\t\t\t\t<img decoding=\"async\" src=\"https:\/\/landes.cl\/reportesostenibilidad2019-2020\/wp-content\/uploads\/2020\/10\/LANDES-LOGO-B2-1.png\" alt=\"Reporte de Sostenibilidad\" class=\"raven-site-logo-desktop raven-site-logo-tablet raven-site-logo-mobile\" data-no-lazy=\"1\" \/>\t\t\t\t\t\t\t\t\t<\/a>\n\t\t\t\t\t\t\t<\/div>\n\t\t<\/div>\n\t\t\t\t<\/div>\n\t\t\t\t<\/div>\n\t\t\t\t<div class=\"elementor-element elementor-element-4f86553 elementor-widget elementor-widget-spacer\" data-id=\"4f86553\" data-element_type=\"widget\" data-widget_type=\"spacer.default\">\n\t\t\t\t<div class=\"elementor-widget-container\">\n\t\t\t\t\t<div class=\"elementor-spacer\">\n\t\t\t<div class=\"elementor-spacer-inner\"><\/div>\n\t\t<\/div>\n\t\t\t\t<\/div>\n\t\t\t\t<\/div>\n\t\t\t\t<div class=\"elementor-element elementor-element-f11cd1f elementor-shape-rounded elementor-grid-0 elementor-widget elementor-widget-social-icons\" data-id=\"f11cd1f\" data-element_type=\"widget\" data-widget_type=\"social-icons.default\">\n\t\t\t\t<div class=\"elementor-widget-container\">\n\t\t\t\t\t<div class=\"elementor-social-icons-wrapper elementor-grid\">\n\t\t\t\t\t\t\t<div class=\"elementor-grid-item\">\n\t\t\t\t\t<a class=\"elementor-icon elementor-social-icon elementor-social-icon-facebook elementor-repeater-item-39d85eb\" href=\"https:\/\/www.facebook.com\/pesqueralandes\" target=\"_blank\">\n\t\t\t\t\t\t<span class=\"elementor-screen-only\">Facebook<\/span>\n\t\t\t\t\t\t<i class=\"fab fa-facebook\"><\/i>\t\t\t\t\t<\/a>\n\t\t\t\t<\/div>\n\t\t\t\t\t\t\t<div class=\"elementor-grid-item\">\n\t\t\t\t\t<a class=\"elementor-icon elementor-social-icon elementor-social-icon-instagram elementor-repeater-item-6a9d408\" href=\"https:\/\/www.instagram.com\/landes_seafood\/\" target=\"_blank\">\n\t\t\t\t\t\t<span class=\"elementor-screen-only\">Instagram<\/span>\n\t\t\t\t\t\t<i class=\"fab fa-instagram\"><\/i>\t\t\t\t\t<\/a>\n\t\t\t\t<\/div>\n\t\t\t\t\t\t\t<div class=\"elementor-grid-item\">\n\t\t\t\t\t<a class=\"elementor-icon elementor-social-icon elementor-social-icon-youtube elementor-repeater-item-025134a\" href=\"https:\/\/www.youtube.com\/channel\/UCXOwSvg7ul8o9L6_EqP2JQw\" target=\"_blank\">\n\t\t\t\t\t\t<span class=\"elementor-screen-only\">Youtube<\/span>\n\t\t\t\t\t\t<i class=\"fab fa-youtube\"><\/i>\t\t\t\t\t<\/a>\n\t\t\t\t<\/div>\n\t\t\t\t\t<\/div>\n\t\t\t\t<\/div>\n\t\t\t\t<\/div>\n\t\t\t\t\t\t<\/div>\n\t\t\t\t\t<\/div>\n\t\t<\/div>\n\t\t\t\t<div class=\"elementor-column elementor-col-25 elementor-inner-column elementor-element elementor-element-270ecd3\" data-id=\"270ecd3\" data-element_type=\"column\">\n\t\t\t<div class=\"elementor-column-wrap elementor-element-populated\">\n\t\t\t\t\t\t\t<div class=\"elementor-widget-wrap\">\n\t\t\t\t\t\t<div class=\"elementor-element elementor-element-85202ea elementor-widget elementor-widget-spacer\" data-id=\"85202ea\" data-element_type=\"widget\" data-widget_type=\"spacer.default\">\n\t\t\t\t<div class=\"elementor-widget-container\">\n\t\t\t\t\t<div class=\"elementor-spacer\">\n\t\t\t<div class=\"elementor-spacer-inner\"><\/div>\n\t\t<\/div>\n\t\t\t\t<\/div>\n\t\t\t\t<\/div>\n\t\t\t\t<div class=\"elementor-element elementor-element-81bb504 elementor-widget elementor-widget-heading\" data-id=\"81bb504\" data-element_type=\"widget\" data-widget_type=\"heading.default\">\n\t\t\t\t<div class=\"elementor-widget-container\">\n\t\t\t<h2 class=\"elementor-heading-title elementor-size-default\">Datos de la empresa<\/h2>\t\t<\/div>\n\t\t\t\t<\/div>\n\t\t\t\t<div class=\"elementor-element elementor-element-14814e2 elementor-tablet-align-center elementor-mobile-align-center elementor-align-left elementor-widget elementor-widget-raven-heading\" data-id=\"14814e2\" data-element_type=\"widget\" data-widget_type=\"raven-heading.default\">\n\t\t\t\t<div class=\"elementor-widget-container\">\n\t\t\t\t\t<div class=\"raven-widget-wrapper\"><h2 class=\"raven-heading raven-heading-h2\"><span class=\"raven-heading-title\">Razo\u0301n Social: Sociedad Pesquera Landes S.A. <br>Rut: 92.387.000-8 <br>\nTipo de Sociedad: Sociedad Ano\u0301nima Cerrada.<\/span><\/h2><\/div>\n\t\t\t\t<\/div>\n\t\t\t\t<\/div>\n\t\t\t\t<div class=\"elementor-element elementor-element-ce6c92b elementor-icon-list--layout-inline elementor-align-left elementor-tablet-align-center elementor-list-item-link-full_width elementor-widget elementor-widget-icon-list\" data-id=\"ce6c92b\" data-element_type=\"widget\" data-widget_type=\"icon-list.default\">\n\t\t\t\t<div class=\"elementor-widget-container\">\n\t\t\t\t\t<ul class=\"elementor-icon-list-items elementor-inline-items\">\n\t\t\t\t\t\t\t<li class=\"elementor-icon-list-item elementor-inline-item\">\n\t\t\t\t\t\t\t\t\t\t\t<span class=\"elementor-icon-list-icon\">\n\t\t\t\t\t\t\t<i aria-hidden=\"true\" class=\"fas fa-phone\"><\/i>\t\t\t\t\t\t<\/span>\n\t\t\t\t\t\t\t\t\t\t<span class=\"elementor-icon-list-text\">(+56) 2223 37151 <\/span>\n\t\t\t\t\t\t\t\t\t<\/li>\n\t\t\t\t\t\t\t\t<li class=\"elementor-icon-list-item elementor-inline-item\">\n\t\t\t\t\t<a href=\"http:\/\/www.landes.cl\">\t\t\t\t\t\t<span class=\"elementor-icon-list-icon\">\n\t\t\t\t\t\t\t<i aria-hidden=\"true\" class=\"far fa-keyboard\"><\/i>\t\t\t\t\t\t<\/span>\n\t\t\t\t\t\t\t\t\t\t<span class=\"elementor-icon-list-text\">www.landes.cl<\/span>\n\t\t\t\t\t\t\t\t\t\t\t<\/a>\n\t\t\t\t\t\t\t\t\t<\/li>\n\t\t\t\t\t\t<\/ul>\n\t\t\t\t<\/div>\n\t\t\t\t<\/div>\n\t\t\t\t<div class=\"elementor-element elementor-element-11a7239 elementor-icon-list--layout-inline elementor-align-left elementor-tablet-align-center elementor-list-item-link-full_width elementor-widget elementor-widget-icon-list\" data-id=\"11a7239\" data-element_type=\"widget\" data-widget_type=\"icon-list.default\">\n\t\t\t\t<div class=\"elementor-widget-container\">\n\t\t\t\t\t<ul class=\"elementor-icon-list-items elementor-inline-items\">\n\t\t\t\t\t\t\t<li class=\"elementor-icon-list-item elementor-inline-item\">\n\t\t\t\t\t\t\t\t\t\t\t<span class=\"elementor-icon-list-icon\">\n\t\t\t\t\t\t\t<i aria-hidden=\"true\" class=\"fas fa-map-marker-alt\"><\/i>\t\t\t\t\t\t<\/span>\n\t\t\t\t\t\t\t\t\t\t<span class=\"elementor-icon-list-text\">Avda. Tajamar 183, oficina 702, Las Condes, Santiago, Chile<\/span>\n\t\t\t\t\t\t\t\t\t<\/li>\n\t\t\t\t\t\t<\/ul>\n\t\t\t\t<\/div>\n\t\t\t\t<\/div>\n\t\t\t\t\t\t<\/div>\n\t\t\t\t\t<\/div>\n\t\t<\/div>\n\t\t\t\t<div class=\"elementor-column elementor-col-25 elementor-inner-column elementor-element elementor-element-b7c61ed\" data-id=\"b7c61ed\" data-element_type=\"column\">\n\t\t\t<div class=\"elementor-column-wrap elementor-element-populated\">\n\t\t\t\t\t\t\t<div class=\"elementor-widget-wrap\">\n\t\t\t\t\t\t<div class=\"elementor-element elementor-element-35f0692 elementor-widget elementor-widget-spacer\" data-id=\"35f0692\" data-element_type=\"widget\" data-widget_type=\"spacer.default\">\n\t\t\t\t<div class=\"elementor-widget-container\">\n\t\t\t\t\t<div class=\"elementor-spacer\">\n\t\t\t<div class=\"elementor-spacer-inner\"><\/div>\n\t\t<\/div>\n\t\t\t\t<\/div>\n\t\t\t\t<\/div>\n\t\t\t\t<div class=\"elementor-element elementor-element-fd9004f elementor-tablet-align-center elementor-icon-list--layout-traditional elementor-list-item-link-full_width elementor-widget elementor-widget-icon-list\" data-id=\"fd9004f\" data-element_type=\"widget\" data-widget_type=\"icon-list.default\">\n\t\t\t\t<div class=\"elementor-widget-container\">\n\t\t\t\t\t<ul class=\"elementor-icon-list-items\">\n\t\t\t\t\t\t\t<li class=\"elementor-icon-list-item\">\n\t\t\t\t\t<a href=\"https:\/\/landes.cl\/reportesostenibilidad2019-2020\/somos-landes\/\">\t\t\t\t\t<span class=\"elementor-icon-list-text\">Somos Landes<\/span>\n\t\t\t\t\t\t\t\t\t\t\t<\/a>\n\t\t\t\t\t\t\t\t\t<\/li>\n\t\t\t\t\t\t\t\t<li class=\"elementor-icon-list-item\">\n\t\t\t\t\t<a href=\"https:\/\/landes.cl\/reportesostenibilidad2019-2020\/compromiso-con-la-sostenibilidad\/\">\t\t\t\t\t<span class=\"elementor-icon-list-text\">Compromiso con la Sostenibilidad<\/span>\n\t\t\t\t\t\t\t\t\t\t\t<\/a>\n\t\t\t\t\t\t\t\t\t<\/li>\n\t\t\t\t\t\t\t\t<li class=\"elementor-icon-list-item\">\n\t\t\t\t\t<a href=\"#\">\t\t\t\t\t<span class=\"elementor-icon-list-text\">Gobierno Corporativo<\/span>\n\t\t\t\t\t\t\t\t\t\t\t<\/a>\n\t\t\t\t\t\t\t\t\t<\/li>\n\t\t\t\t\t\t\t\t<li class=\"elementor-icon-list-item\">\n\t\t\t\t\t<a href=\"https:\/\/landes.cl\/reportesostenibilidad2019-2020\/medio-ambiente\/\">\t\t\t\t\t<span class=\"elementor-icon-list-text\">Medio Ambiente<\/span>\n\t\t\t\t\t\t\t\t\t\t\t<\/a>\n\t\t\t\t\t\t\t\t\t<\/li>\n\t\t\t\t\t\t\t\t<li class=\"elementor-icon-list-item\">\n\t\t\t\t\t<a href=\"https:\/\/landes.cl\/reportesostenibilidad2019-2020\/colaboradores\/\">\t\t\t\t\t<span class=\"elementor-icon-list-text\">Coloboradores y Proveedores<\/span>\n\t\t\t\t\t\t\t\t\t\t\t<\/a>\n\t\t\t\t\t\t\t\t\t<\/li>\n\t\t\t\t\t\t\t\t<li class=\"elementor-icon-list-item\">\n\t\t\t\t\t<a href=\"https:\/\/landes.cl\/reportesostenibilidad2019-2020\/comunidad\/\">\t\t\t\t\t<span class=\"elementor-icon-list-text\">Comunidad<\/span>\n\t\t\t\t\t\t\t\t\t\t\t<\/a>\n\t\t\t\t\t\t\t\t\t<\/li>\n\t\t\t\t\t\t\t\t<li class=\"elementor-icon-list-item\">\n\t\t\t\t\t<a href=\"https:\/\/landes.cl\/reportesostenibilidad2019-2020\/indice-gri\/\">\t\t\t\t\t<span class=\"elementor-icon-list-text\">Indice GRI\/ODS<\/span>\n\t\t\t\t\t\t\t\t\t\t\t<\/a>\n\t\t\t\t\t\t\t\t\t<\/li>\n\t\t\t\t\t\t<\/ul>\n\t\t\t\t<\/div>\n\t\t\t\t<\/div>\n\t\t\t\t\t\t<\/div>\n\t\t\t\t\t<\/div>\n\t\t<\/div>\n\t\t\t\t<div class=\"elementor-column elementor-col-25 elementor-inner-column elementor-element elementor-element-3cbfc9e\" data-id=\"3cbfc9e\" data-element_type=\"column\">\n\t\t\t<div class=\"elementor-column-wrap elementor-element-populated\">\n\t\t\t\t\t\t\t<div class=\"elementor-widget-wrap\">\n\t\t\t\t\t\t<div class=\"elementor-element elementor-element-49bac51 elementor-widget elementor-widget-spacer\" data-id=\"49bac51\" data-element_type=\"widget\" data-widget_type=\"spacer.default\">\n\t\t\t\t<div class=\"elementor-widget-container\">\n\t\t\t\t\t<div class=\"elementor-spacer\">\n\t\t\t<div class=\"elementor-spacer-inner\"><\/div>\n\t\t<\/div>\n\t\t\t\t<\/div>\n\t\t\t\t<\/div>\n\t\t\t\t\t\t<\/div>\n\t\t\t\t\t<\/div>\n\t\t<\/div>\n\t\t\t\t\t\t\t\t<\/div>\n\t\t\t\t\t<\/div>\n\t\t<\/section>\n\t\t\t\t<div class=\"elementor-element elementor-element-4cf5dc7 elementor-widget elementor-widget-spacer\" data-id=\"4cf5dc7\" data-element_type=\"widget\" data-widget_type=\"spacer.default\">\n\t\t\t\t<div class=\"elementor-widget-container\">\n\t\t\t\t\t<div class=\"elementor-spacer\">\n\t\t\t<div class=\"elementor-spacer-inner\"><\/div>\n\t\t<\/div>\n\t\t\t\t<\/div>\n\t\t\t\t<\/div>\n\t\t\t\t<div class=\"elementor-element elementor-element-a46f574 elementor-widget-divider--view-line elementor-widget elementor-widget-divider\" data-id=\"a46f574\" data-element_type=\"widget\" data-widget_type=\"divider.default\">\n\t\t\t\t<div class=\"elementor-widget-container\">\n\t\t\t\t\t<div class=\"elementor-divider\">\n\t\t\t<span class=\"elementor-divider-separator\">\n\t\t\t\t\t\t<\/span>\n\t\t<\/div>\n\t\t\t\t<\/div>\n\t\t\t\t<\/div>\n\t\t\t\t<div class=\"elementor-element elementor-element-022131b elementor-widget elementor-widget-spacer\" data-id=\"022131b\" data-element_type=\"widget\" data-widget_type=\"spacer.default\">\n\t\t\t\t<div class=\"elementor-widget-container\">\n\t\t\t\t\t<div class=\"elementor-spacer\">\n\t\t\t<div class=\"elementor-spacer-inner\"><\/div>\n\t\t<\/div>\n\t\t\t\t<\/div>\n\t\t\t\t<\/div>\n\t\t\t\t<div class=\"elementor-element elementor-element-c3fac6d elementor-widget elementor-widget-text-editor\" data-id=\"c3fac6d\" data-element_type=\"widget\" data-widget_type=\"text-editor.default\">\n\t\t\t\t<div class=\"elementor-widget-container\">\n\t\t\t\t\t\t\t\t<div class=\"elementor-text-editor elementor-clearfix\">\n\t\t\t\t\t<p>\u00a9 LANDES 2020. Elaboraci\u00f3n Reporte de Sostenibilidd Soul Consultores.<\/p>\t\t\t\t\t<\/div>\n\t\t\t\t\t\t<\/div>\n\t\t\t\t<\/div>\n\t\t\t\t\t\t<\/div>\n\t\t\t\t\t<\/div>\n\t\t<\/div>\n\t\t\t\t\t\t\t\t<\/div>\n\t\t\t\t\t<\/div>\n\t\t<\/section>\n\t\t\t\t\t\t<\/div>\n\t\t\t\t\t\t<\/div>\n\t\t\t\t\t<\/div>\n\t\t","protected":false},"excerpt":{"rendered":"<p>comunidad https:\/\/youtu.be\/nd6tjzbD324 La gesti\u00f3n de la relaci\u00f3n con la comunidad corresponde a las Gerencias locales y a la Subgerencia de Asuntos Corporativos, la que se ocupa de mantener un estrecho v\u00ednculo con los diversos p\u00fablicos en las localidades donde opera. Para ello cuenta con un Plan de Relacionamiento Comunitario que cada a\u00f1o refuerza para incorporar [&hellip;]<\/p>\n","protected":false},"author":1,"featured_media":0,"parent":0,"menu_order":0,"comment_status":"closed","ping_status":"closed","template":"elementor_canvas","meta":{"footnotes":""},"class_list":["post-937","page","type-page","status-publish","hentry"],"_links":{"self":[{"href":"https:\/\/landes.cl\/reportesostenibilidad2019-2020\/wp-json\/wp\/v2\/pages\/937","targetHints":{"allow":["GET"]}}],"collection":[{"href":"https:\/\/landes.cl\/reportesostenibilidad2019-2020\/wp-json\/wp\/v2\/pages"}],"about":[{"href":"https:\/\/landes.cl\/reportesostenibilidad2019-2020\/wp-json\/wp\/v2\/types\/page"}],"author":[{"embeddable":true,"href":"https:\/\/landes.cl\/reportesostenibilidad2019-2020\/wp-json\/wp\/v2\/users\/1"}],"replies":[{"embeddable":true,"href":"https:\/\/landes.cl\/reportesostenibilidad2019-2020\/wp-json\/wp\/v2\/comments?post=937"}],"version-history":[{"count":88,"href":"https:\/\/landes.cl\/reportesostenibilidad2019-2020\/wp-json\/wp\/v2\/pages\/937\/revisions"}],"predecessor-version":[{"id":1864,"href":"https:\/\/landes.cl\/reportesostenibilidad2019-2020\/wp-json\/wp\/v2\/pages\/937\/revisions\/1864"}],"wp:attachment":[{"href":"https:\/\/landes.cl\/reportesostenibilidad2019-2020\/wp-json\/wp\/v2\/media?parent=937"}],"curies":[{"name":"wp","href":"https:\/\/api.w.org\/{rel}","templated":true}]}}